{"id":9145,"date":"2021-03-12T17:24:16","date_gmt":"2021-03-12T17:24:16","guid":{"rendered":"https:\/\/artslibris.cat\/tienda\/uncategorized\/un-sereno-al-cementiri-de-lart-vicenc-altaio\/"},"modified":"2025-02-27T14:11:12","modified_gmt":"2025-02-27T14:11:12","slug":"un-sereno-al-cementiri-de-lart-vicenc-altaio","status":"publish","type":"product","link":"https:\/\/artslibris.cat\/en\/tienda\/teoria-del-arte-en\/un-sereno-al-cementiri-de-lart-vicenc-altaio\/","title":{"rendered":"Un sereno al cementiri de l&#8217;art &#8211; Vicen\u00e7 Altai\u00f3"},"content":{"rendered":"<p>&#8220;Un sereno al cementiri de l&#8217;art&#8221; is the first book of essays published by Edicions Poncianes. The author&#8217;s proposal approaches the theory of the art of literature with a philosophical, cryptic and at the same time reflective language. The volume gives voice to Vicen\u00e7&#8217;s dialogue with those who were some of the determining figures of the artistic revolution of the 20th century. From Noucentisme to post-structuralism, he stops at the first and second avant-gardes, he goes through them and sees how the baton was passed from one to the other. After &#8220;Dau al Set&#8221; Zush, Jaar and Gald\u00f3n take the vision. We find the greats of the plastic arts, Dal\u00ed, Mir\u00f3, Caldero, among others, accompanied by the masters of the poetic revolt of the word, Eugeni de Ors, J.V. Foix and Joan Brossa. Interviews with Antoni T\u00e0pies, Arnau Puig, Pere Portabella, Alber R\u00e0fols-Casamada, Alfredo Jaar, Hannah Collins, Jordi Colomer and Jaume Josa close the volume.<\/p>\n","protected":false},"excerpt":{"rendered":"<p>Title: Un sereno al cementiri de l&#8217;art &#8211; Vicen\u00e7 Altai\u00f3.<br \/>\nPublisher: Edicions Poncianes.<br \/>\nAuthor: Vicen\u00e7 Altai\u00f3.<br \/>\nISBN: 978-84-615-2494-5.<br \/>\nLanguage: Catalan.<br \/>\nPages: 354.<br \/>\nYear: 2011.<\/p>\n","protected":false},"featured_media":28280,"template":"","meta":{"_acf_changed":false,"site-sidebar-layout":"default","site-content-layout":"default","ast-site-content-layout":"default","site-content-style":"default","site-sidebar-style":"default","ast-global-header-display":"","ast-banner-title-visibility":"","ast-main-header-display":"","ast-hfb-above-header-display":"","ast-hfb-below-header-display":"","ast-hfb-mobile-header-display":"","site-post-title":"","ast-breadcrumbs-content":"","ast-featured-img":"","footer-sml-layout":"","ast-disable-related-posts":"","theme-transparent-header-meta":"default","adv-header-id-meta":"","stick-header-meta":"","header-above-stick-meta":"","header-main-stick-meta":"","header-below-stick-meta":"","astra-migrate-meta-layouts":"default","ast-page-background-enabled":"default","ast-page-background-meta":{"desktop":{"background-color":"","background-image":"","background-repeat":"repeat","background-position":"center center","background-size":"auto","background-attachment":"scroll","background-type":"","background-media":"","overlay-type":"","overlay-color":"","overlay-opacity":"","overlay-gradient":""},"tablet":{"background-color":"","background-image":"","background-repeat":"repeat","background-position":"center center","background-size":"auto","background-attachment":"scroll","background-type":"","background-media":"","overlay-type":"","overlay-color":"","overlay-opacity":"","overlay-gradient":""},"mobile":{"background-color":"","background-image":"","background-repeat":"repeat","background-position":"center center","background-size":"auto","background-attachment":"scroll","background-type":"","background-media":"","overlay-type":"","overlay-color":"","overlay-opacity":"","overlay-gradient":""}},"ast-content-background-meta":{"desktop":{"background-color":"var(--ast-global-color-5)","background-image":"","background-repeat":"repeat","background-position":"center center","background-size":"auto","background-attachment":"scroll","background-type":"","background-media":"","overlay-type":"","overlay-color":"","overlay-opacity":"","overlay-gradient":""},"tablet":{"background-color":"var(--ast-global-color-5)","background-image":"","background-repeat":"repeat","background-position":"center center","background-size":"auto","background-attachment":"scroll","background-type":"","background-media":"","overlay-type":"","overlay-color":"","overlay-opacity":"","overlay-gradient":""},"mobile":{"background-color":"var(--ast-global-color-5)","background-image":"","background-repeat":"repeat","background-position":"center center","background-size":"auto","background-attachment":"scroll","background-type":"","background-media":"","overlay-type":"","overlay-color":"","overlay-opacity":"","overlay-gradient":""}}},"product_brand":[],"product_cat":[110,102,92],"product_tag":[114],"class_list":{"0":"post-9145","1":"product","2":"type-product","3":"status-publish","4":"has-post-thumbnail","6":"product_cat-historia-del-arte-en","7":"product_cat-feature","8":"product_cat-teoria-del-arte-en","9":"product_tag-cendeac-en","10":"desktop-align-left","11":"tablet-align-left","12":"mobile-align-left","14":"first","15":"instock","16":"shipping-taxable","17":"purchasable","18":"product-type-simple"},"acf":[],"yoast_head":"<!-- This site is optimized with the Yoast SEO plugin v27.3 - https:\/\/yoast.com\/product\/yoast-seo-wordpress\/ -->\n<title>Un sereno al cementiri de l&#039;art - Vicen\u00e7 Altai\u00f3 - ArtsLibris<\/title>\n<meta name=\"description\" content=\"Bookshop ArtsLibris - Un sereno al cementiri de l&#039;art - Vicen\u00e7 Altai\u00f3 - Edicions Poncianes\" \/>\n<meta name=\"robots\" content=\"index, follow, max-snippet:-1, max-image-preview:large, max-video-preview:-1\" \/>\n<link rel=\"canonical\" href=\"https:\/\/artslibris.cat\/en\/tienda\/teoria-del-arte-en\/un-sereno-al-cementiri-de-lart-vicenc-altaio\/\" \/>\n<meta property=\"og:locale\" content=\"en_US\" \/>\n<meta property=\"og:type\" content=\"article\" \/>\n<meta property=\"og:title\" content=\"Un sereno al cementiri de l&#039;art - Vicen\u00e7 Altai\u00f3 - ArtsLibris\" \/>\n<meta property=\"og:description\" content=\"Bookshop ArtsLibris - Un sereno al cementiri de l&#039;art - Vicen\u00e7 Altai\u00f3 - Edicions Poncianes\" \/>\n<meta property=\"og:url\" content=\"https:\/\/artslibris.cat\/en\/tienda\/teoria-del-arte-en\/un-sereno-al-cementiri-de-lart-vicenc-altaio\/\" \/>\n<meta property=\"og:site_name\" content=\"ArtsLibris\" \/>\n<meta property=\"article:publisher\" content=\"https:\/\/www.facebook.com\/artslibris\/\" \/>\n<meta property=\"article:modified_time\" content=\"2025-02-27T14:11:12+00:00\" \/>\n<meta property=\"og:image\" content=\"https:\/\/artslibris.cat\/wp-content\/uploads\/2021\/03\/ArtsLibris_Edicions_Poncianes_Unserenoenelcementiridelart-1.jpeg\" \/>\n\t<meta property=\"og:image:width\" content=\"705\" \/>\n\t<meta property=\"og:image:height\" content=\"1080\" \/>\n\t<meta property=\"og:image:type\" content=\"image\/jpeg\" \/>\n<meta name=\"twitter:card\" content=\"summary_large_image\" \/>\n<meta name=\"twitter:site\" content=\"@ArtsLibris\" \/>\n<meta name=\"twitter:label1\" content=\"Est. reading time\" \/>\n\t<meta name=\"twitter:data1\" content=\"1 minute\" \/>\n<script type=\"application\/ld+json\" class=\"yoast-schema-graph\">{\"@context\":\"https:\\\/\\\/schema.org\",\"@graph\":[{\"@type\":\"WebPage\",\"@id\":\"https:\\\/\\\/artslibris.cat\\\/en\\\/tienda\\\/teoria-del-arte-en\\\/un-sereno-al-cementiri-de-lart-vicenc-altaio\\\/\",\"url\":\"https:\\\/\\\/artslibris.cat\\\/en\\\/tienda\\\/teoria-del-arte-en\\\/un-sereno-al-cementiri-de-lart-vicenc-altaio\\\/\",\"name\":\"Un sereno al cementiri de l'art - Vicen\u00e7 Altai\u00f3 - ArtsLibris\",\"isPartOf\":{\"@id\":\"https:\\\/\\\/artslibris.cat\\\/en\\\/#website\"},\"primaryImageOfPage\":{\"@id\":\"https:\\\/\\\/artslibris.cat\\\/en\\\/tienda\\\/teoria-del-arte-en\\\/un-sereno-al-cementiri-de-lart-vicenc-altaio\\\/#primaryimage\"},\"image\":{\"@id\":\"https:\\\/\\\/artslibris.cat\\\/en\\\/tienda\\\/teoria-del-arte-en\\\/un-sereno-al-cementiri-de-lart-vicenc-altaio\\\/#primaryimage\"},\"thumbnailUrl\":\"https:\\\/\\\/artslibris.cat\\\/wp-content\\\/uploads\\\/2021\\\/03\\\/Un-sereno-al-cementiri-de-lart-\u2013-Vicenc-Altaio-.jpg\",\"datePublished\":\"2021-03-12T17:24:16+00:00\",\"dateModified\":\"2025-02-27T14:11:12+00:00\",\"description\":\"Bookshop ArtsLibris - Un sereno al cementiri de l'art - Vicen\u00e7 Altai\u00f3 - Edicions Poncianes\",\"breadcrumb\":{\"@id\":\"https:\\\/\\\/artslibris.cat\\\/en\\\/tienda\\\/teoria-del-arte-en\\\/un-sereno-al-cementiri-de-lart-vicenc-altaio\\\/#breadcrumb\"},\"inLanguage\":\"en-US\",\"potentialAction\":[{\"@type\":\"ReadAction\",\"target\":[\"https:\\\/\\\/artslibris.cat\\\/en\\\/tienda\\\/teoria-del-arte-en\\\/un-sereno-al-cementiri-de-lart-vicenc-altaio\\\/\"]}]},{\"@type\":\"ImageObject\",\"inLanguage\":\"en-US\",\"@id\":\"https:\\\/\\\/artslibris.cat\\\/en\\\/tienda\\\/teoria-del-arte-en\\\/un-sereno-al-cementiri-de-lart-vicenc-altaio\\\/#primaryimage\",\"url\":\"https:\\\/\\\/artslibris.cat\\\/wp-content\\\/uploads\\\/2021\\\/03\\\/Un-sereno-al-cementiri-de-lart-\u2013-Vicenc-Altaio-.jpg\",\"contentUrl\":\"https:\\\/\\\/artslibris.cat\\\/wp-content\\\/uploads\\\/2021\\\/03\\\/Un-sereno-al-cementiri-de-lart-\u2013-Vicenc-Altaio-.jpg\",\"width\":229,\"height\":324},{\"@type\":\"BreadcrumbList\",\"@id\":\"https:\\\/\\\/artslibris.cat\\\/en\\\/tienda\\\/teoria-del-arte-en\\\/un-sereno-al-cementiri-de-lart-vicenc-altaio\\\/#breadcrumb\",\"itemListElement\":[{\"@type\":\"ListItem\",\"position\":1,\"name\":\"Portada\",\"item\":\"https:\\\/\\\/artslibris.cat\\\/en\\\/\"},{\"@type\":\"ListItem\",\"position\":2,\"name\":\"Shop\",\"item\":\"https:\\\/\\\/artslibris.cat\\\/en\\\/shop\\\/\"},{\"@type\":\"ListItem\",\"position\":3,\"name\":\"Un sereno al cementiri de l&#8217;art &#8211; Vicen\u00e7 Altai\u00f3\"}]},{\"@type\":\"WebSite\",\"@id\":\"https:\\\/\\\/artslibris.cat\\\/en\\\/#website\",\"url\":\"https:\\\/\\\/artslibris.cat\\\/en\\\/\",\"name\":\"ArtsLibris\",\"description\":\"\",\"publisher\":{\"@id\":\"https:\\\/\\\/artslibris.cat\\\/en\\\/#organization\"},\"potentialAction\":[{\"@type\":\"SearchAction\",\"target\":{\"@type\":\"EntryPoint\",\"urlTemplate\":\"https:\\\/\\\/artslibris.cat\\\/en\\\/?s={search_term_string}\"},\"query-input\":{\"@type\":\"PropertyValueSpecification\",\"valueRequired\":true,\"valueName\":\"search_term_string\"}}],\"inLanguage\":\"en-US\"},{\"@type\":\"Organization\",\"@id\":\"https:\\\/\\\/artslibris.cat\\\/en\\\/#organization\",\"name\":\"ArtsLibris\",\"url\":\"https:\\\/\\\/artslibris.cat\\\/en\\\/\",\"logo\":{\"@type\":\"ImageObject\",\"inLanguage\":\"en-US\",\"@id\":\"https:\\\/\\\/artslibris.cat\\\/en\\\/#\\\/schema\\\/logo\\\/image\\\/\",\"url\":\"https:\\\/\\\/artslibris.cat\\\/wp-content\\\/uploads\\\/2020\\\/05\\\/ArtsLibris-logo-black.svg\",\"contentUrl\":\"https:\\\/\\\/artslibris.cat\\\/wp-content\\\/uploads\\\/2020\\\/05\\\/ArtsLibris-logo-black.svg\",\"width\":521,\"height\":85,\"caption\":\"ArtsLibris\"},\"image\":{\"@id\":\"https:\\\/\\\/artslibris.cat\\\/en\\\/#\\\/schema\\\/logo\\\/image\\\/\"},\"sameAs\":[\"https:\\\/\\\/www.facebook.com\\\/artslibris\\\/\",\"https:\\\/\\\/x.com\\\/ArtsLibris\",\"https:\\\/\\\/www.instagram.com\\\/artslibris\\\/\"]}]}<\/script>\n<!-- \/ Yoast SEO plugin. -->","yoast_head_json":{"title":"Un sereno al cementiri de l'art - Vicen\u00e7 Altai\u00f3 - ArtsLibris","description":"Bookshop ArtsLibris - Un sereno al cementiri de l'art - Vicen\u00e7 Altai\u00f3 - Edicions Poncianes","robots":{"index":"index","follow":"follow","max-snippet":"max-snippet:-1","max-image-preview":"max-image-preview:large","max-video-preview":"max-video-preview:-1"},"canonical":"https:\/\/artslibris.cat\/en\/tienda\/teoria-del-arte-en\/un-sereno-al-cementiri-de-lart-vicenc-altaio\/","og_locale":"en_US","og_type":"article","og_title":"Un sereno al cementiri de l'art - Vicen\u00e7 Altai\u00f3 - ArtsLibris","og_description":"Bookshop ArtsLibris - Un sereno al cementiri de l'art - Vicen\u00e7 Altai\u00f3 - Edicions Poncianes","og_url":"https:\/\/artslibris.cat\/en\/tienda\/teoria-del-arte-en\/un-sereno-al-cementiri-de-lart-vicenc-altaio\/","og_site_name":"ArtsLibris","article_publisher":"https:\/\/www.facebook.com\/artslibris\/","article_modified_time":"2025-02-27T14:11:12+00:00","og_image":[{"width":705,"height":1080,"url":"https:\/\/artslibris.cat\/wp-content\/uploads\/2021\/03\/ArtsLibris_Edicions_Poncianes_Unserenoenelcementiridelart-1.jpeg","type":"image\/jpeg"}],"twitter_card":"summary_large_image","twitter_site":"@ArtsLibris","twitter_misc":{"Est. reading time":"1 minute"},"schema":{"@context":"https:\/\/schema.org","@graph":[{"@type":"WebPage","@id":"https:\/\/artslibris.cat\/en\/tienda\/teoria-del-arte-en\/un-sereno-al-cementiri-de-lart-vicenc-altaio\/","url":"https:\/\/artslibris.cat\/en\/tienda\/teoria-del-arte-en\/un-sereno-al-cementiri-de-lart-vicenc-altaio\/","name":"Un sereno al cementiri de l'art - Vicen\u00e7 Altai\u00f3 - ArtsLibris","isPartOf":{"@id":"https:\/\/artslibris.cat\/en\/#website"},"primaryImageOfPage":{"@id":"https:\/\/artslibris.cat\/en\/tienda\/teoria-del-arte-en\/un-sereno-al-cementiri-de-lart-vicenc-altaio\/#primaryimage"},"image":{"@id":"https:\/\/artslibris.cat\/en\/tienda\/teoria-del-arte-en\/un-sereno-al-cementiri-de-lart-vicenc-altaio\/#primaryimage"},"thumbnailUrl":"https:\/\/artslibris.cat\/wp-content\/uploads\/2021\/03\/Un-sereno-al-cementiri-de-lart-\u2013-Vicenc-Altaio-.jpg","datePublished":"2021-03-12T17:24:16+00:00","dateModified":"2025-02-27T14:11:12+00:00","description":"Bookshop ArtsLibris - Un sereno al cementiri de l'art - Vicen\u00e7 Altai\u00f3 - Edicions Poncianes","breadcrumb":{"@id":"https:\/\/artslibris.cat\/en\/tienda\/teoria-del-arte-en\/un-sereno-al-cementiri-de-lart-vicenc-altaio\/#breadcrumb"},"inLanguage":"en-US","potentialAction":[{"@type":"ReadAction","target":["https:\/\/artslibris.cat\/en\/tienda\/teoria-del-arte-en\/un-sereno-al-cementiri-de-lart-vicenc-altaio\/"]}]},{"@type":"ImageObject","inLanguage":"en-US","@id":"https:\/\/artslibris.cat\/en\/tienda\/teoria-del-arte-en\/un-sereno-al-cementiri-de-lart-vicenc-altaio\/#primaryimage","url":"https:\/\/artslibris.cat\/wp-content\/uploads\/2021\/03\/Un-sereno-al-cementiri-de-lart-\u2013-Vicenc-Altaio-.jpg","contentUrl":"https:\/\/artslibris.cat\/wp-content\/uploads\/2021\/03\/Un-sereno-al-cementiri-de-lart-\u2013-Vicenc-Altaio-.jpg","width":229,"height":324},{"@type":"BreadcrumbList","@id":"https:\/\/artslibris.cat\/en\/tienda\/teoria-del-arte-en\/un-sereno-al-cementiri-de-lart-vicenc-altaio\/#breadcrumb","itemListElement":[{"@type":"ListItem","position":1,"name":"Portada","item":"https:\/\/artslibris.cat\/en\/"},{"@type":"ListItem","position":2,"name":"Shop","item":"https:\/\/artslibris.cat\/en\/shop\/"},{"@type":"ListItem","position":3,"name":"Un sereno al cementiri de l&#8217;art &#8211; Vicen\u00e7 Altai\u00f3"}]},{"@type":"WebSite","@id":"https:\/\/artslibris.cat\/en\/#website","url":"https:\/\/artslibris.cat\/en\/","name":"ArtsLibris","description":"","publisher":{"@id":"https:\/\/artslibris.cat\/en\/#organization"},"potentialAction":[{"@type":"SearchAction","target":{"@type":"EntryPoint","urlTemplate":"https:\/\/artslibris.cat\/en\/?s={search_term_string}"},"query-input":{"@type":"PropertyValueSpecification","valueRequired":true,"valueName":"search_term_string"}}],"inLanguage":"en-US"},{"@type":"Organization","@id":"https:\/\/artslibris.cat\/en\/#organization","name":"ArtsLibris","url":"https:\/\/artslibris.cat\/en\/","logo":{"@type":"ImageObject","inLanguage":"en-US","@id":"https:\/\/artslibris.cat\/en\/#\/schema\/logo\/image\/","url":"https:\/\/artslibris.cat\/wp-content\/uploads\/2020\/05\/ArtsLibris-logo-black.svg","contentUrl":"https:\/\/artslibris.cat\/wp-content\/uploads\/2020\/05\/ArtsLibris-logo-black.svg","width":521,"height":85,"caption":"ArtsLibris"},"image":{"@id":"https:\/\/artslibris.cat\/en\/#\/schema\/logo\/image\/"},"sameAs":["https:\/\/www.facebook.com\/artslibris\/","https:\/\/x.com\/ArtsLibris","https:\/\/www.instagram.com\/artslibris\/"]}]}},"_links":{"self":[{"href":"https:\/\/artslibris.cat\/en\/wp-json\/wp\/v2\/product\/9145","targetHints":{"allow":["GET"]}}],"collection":[{"href":"https:\/\/artslibris.cat\/en\/wp-json\/wp\/v2\/product"}],"about":[{"href":"https:\/\/artslibris.cat\/en\/wp-json\/wp\/v2\/types\/product"}],"wp:featuredmedia":[{"embeddable":true,"href":"https:\/\/artslibris.cat\/en\/wp-json\/wp\/v2\/media\/28280"}],"wp:attachment":[{"href":"https:\/\/artslibris.cat\/en\/wp-json\/wp\/v2\/media?parent=9145"}],"wp:term":[{"taxonomy":"product_brand","embeddable":true,"href":"https:\/\/artslibris.cat\/en\/wp-json\/wp\/v2\/product_brand?post=9145"},{"taxonomy":"product_cat","embeddable":true,"href":"https:\/\/artslibris.cat\/en\/wp-json\/wp\/v2\/product_cat?post=9145"},{"taxonomy":"product_tag","embeddable":true,"href":"https:\/\/artslibris.cat\/en\/wp-json\/wp\/v2\/product_tag?post=9145"}],"curies":[{"name":"wp","href":"https:\/\/api.w.org\/{rel}","templated":true}]}}