{"id":19708,"date":"2022-09-13T13:01:48","date_gmt":"2022-09-13T13:01:48","guid":{"rendered":"https:\/\/artslibris.cat\/tienda\/uncategorized\/evame-2\/"},"modified":"2025-12-16T17:28:00","modified_gmt":"2025-12-16T17:28:00","slug":"evame-2","status":"publish","type":"product","link":"https:\/\/artslibris.cat\/en\/tienda\/feature\/evame-2\/","title":{"rendered":"\u00c9vame"},"content":{"rendered":"<p>Carlos Oroza sab\u00eda sus versos de memoria. Nunca necesit\u00f3 escribirlos para recordar. Los sab\u00eda todos, cientos de ellos, de memoria, incluso manifest\u00f3 en m\u00faltiples ocasiones que le parec\u00eda innecesario escribirlos. Cuando en 1974 public\u00f3 el Elencar en la vanguardista editorial Tres.Catorce.Diecisiete, su pr\u00e1ctica po\u00e9tica no se transform\u00f3, su dedicaci\u00f3n esencial fue siempre recitar, ya que el espacio esc\u00e9nico es el lugar donde reside la incontestable oralidad de su poes\u00eda.<\/p>\n<p>Oroza practic\u00f3 la poes\u00eda larga de los que no escriben sentados, de los que escriben caminando. En su esencia el fondo l\u00edquido de la experiencia, la revelaci\u00f3n por los sentidos, la iluminaci\u00f3n pose\u00edda durante la b\u00fasqueda irrenunciable del camino\u2026 Todo se abre en su inmensidad y me atraviesa.<\/p>\n<p>En \u00c9vame, su poes\u00eda completa, descubrimos el destino de los signos y, en las premoniciones, el poeta nos avisa, confidente, de una liturgia construida sobre m\u00faltiples asociaciones luminosas.<\/p>\n<p>De la vida de Carlos Oroza (Viveiro, 1923 \u2013 Vigo, 2015) sabemos poco, \u00e9l mismo diluy\u00f3 cualquier dato cotidiano de su biograf\u00eda. Vivi\u00f3 entre los a\u00f1os cuarenta y los setenta en Madrid donde construy\u00f3 el n\u00facleo de su obra: un extenso poema oral. La elaboraci\u00f3n, el ajuste de su poes\u00eda dependi\u00f3 siempre de su oralidad radical.<\/p>\n<p>El primer n\u00famero de la revista Tropos abre con una extensa entrevista acompa\u00f1ada de sus versos. Fue Premio Beat y Premio Internacional de Poes\u00eda UnderGround. Viaj\u00f3 recitando dentro y fuera de Espa\u00f1a y vivi\u00f3 una temporada en Ibiza. Durante los a\u00f1os setenta residi\u00f3 en el Caurel (Lugo) y en los anos ochenta se instal\u00f3 definitivamente en Vigo, muy cerca del mar, el elemento que ha guiado su \u00faltima poes\u00eda.<\/p>\n<p>Poeta raro, figura y personaje de la bohemia madrile\u00f1a, voz \u00fanica de la poes\u00eda espa\u00f1ola, con seguidores y sin disc\u00edpulos. En \u00c9vame escuchamos todos sus versos que, como r\u00edos autom\u00e1ticos, nos arrastran lejos y muy dentro de lo real.<\/p>\n","protected":false},"excerpt":{"rendered":"<p><strong>Autor<\/strong>: Carlos Oroza<\/p>\n<p><strong>Editorial<\/strong>: Editorial Elvira<\/p>\n<p><strong>Encuadernaci\u00f3n:<\/strong> Tapa dura<\/p>\n<p><strong>Idioma:<\/strong> Castellano<\/p>\n","protected":false},"featured_media":19963,"template":"","meta":{"_acf_changed":false,"site-sidebar-layout":"default","site-content-layout":"default","ast-site-content-layout":"default","site-content-style":"default","site-sidebar-style":"default","ast-global-header-display":"","ast-banner-title-visibility":"","ast-main-header-display":"","ast-hfb-above-header-display":"","ast-hfb-below-header-display":"","ast-hfb-mobile-header-display":"","site-post-title":"","ast-breadcrumbs-content":"","ast-featured-img":"","footer-sml-layout":"","ast-disable-related-posts":"","theme-transparent-header-meta":"","adv-header-id-meta":"","stick-header-meta":"","header-above-stick-meta":"","header-main-stick-meta":"","header-below-stick-meta":"","astra-migrate-meta-layouts":"default","ast-page-background-enabled":"default","ast-page-background-meta":{"desktop":{"background-color":"","background-image":"","background-repeat":"repeat","background-position":"center center","background-size":"auto","background-attachment":"scroll","background-type":"","background-media":"","overlay-type":"","overlay-color":"","overlay-opacity":"","overlay-gradient":""},"tablet":{"background-color":"","background-image":"","background-repeat":"repeat","background-position":"center center","background-size":"auto","background-attachment":"scroll","background-type":"","background-media":"","overlay-type":"","overlay-color":"","overlay-opacity":"","overlay-gradient":""},"mobile":{"background-color":"","background-image":"","background-repeat":"repeat","background-position":"center center","background-size":"auto","background-attachment":"scroll","background-type":"","background-media":"","overlay-type":"","overlay-color":"","overlay-opacity":"","overlay-gradient":""}},"ast-content-background-meta":{"desktop":{"background-color":"var(--ast-global-color-5)","background-image":"","background-repeat":"repeat","background-position":"center center","background-size":"auto","background-attachment":"scroll","background-type":"","background-media":"","overlay-type":"","overlay-color":"","overlay-opacity":"","overlay-gradient":""},"tablet":{"background-color":"var(--ast-global-color-5)","background-image":"","background-repeat":"repeat","background-position":"center center","background-size":"auto","background-attachment":"scroll","background-type":"","background-media":"","overlay-type":"","overlay-color":"","overlay-opacity":"","overlay-gradient":""},"mobile":{"background-color":"var(--ast-global-color-5)","background-image":"","background-repeat":"repeat","background-position":"center center","background-size":"auto","background-attachment":"scroll","background-type":"","background-media":"","overlay-type":"","overlay-color":"","overlay-opacity":"","overlay-gradient":""}}},"product_brand":[],"product_cat":[232,102],"product_tag":[390],"class_list":{"0":"post-19708","1":"product","2":"type-product","3":"status-publish","4":"has-post-thumbnail","6":"product_cat-poetry","7":"product_cat-feature","8":"product_tag-editorial-elvira-en","9":"desktop-align-left","10":"tablet-align-left","11":"mobile-align-left","13":"first","14":"instock","15":"shipping-taxable","16":"purchasable","17":"product-type-simple"},"acf":[],"yoast_head":"<!-- This site is optimized with the Yoast SEO plugin v27.3 - https:\/\/yoast.com\/product\/yoast-seo-wordpress\/ -->\n<title>\u00c9vame - ArtsLibris<\/title>\n<meta name=\"robots\" content=\"index, follow, max-snippet:-1, max-image-preview:large, max-video-preview:-1\" \/>\n<link rel=\"canonical\" href=\"https:\/\/artslibris.cat\/en\/tienda\/feature\/evame-2\/\" \/>\n<meta property=\"og:locale\" content=\"en_US\" \/>\n<meta property=\"og:type\" content=\"article\" \/>\n<meta property=\"og:title\" content=\"\u00c9vame - ArtsLibris\" \/>\n<meta property=\"og:description\" content=\"Autor: Carlos Oroza Editorial: Editorial Elvira Encuadernaci\u00f3n: Tapa dura Idioma: Castellano\" \/>\n<meta property=\"og:url\" content=\"https:\/\/artslibris.cat\/en\/tienda\/feature\/evame-2\/\" \/>\n<meta property=\"og:site_name\" content=\"ArtsLibris\" \/>\n<meta property=\"article:publisher\" content=\"https:\/\/www.facebook.com\/artslibris\/\" \/>\n<meta property=\"article:modified_time\" content=\"2025-12-16T17:28:00+00:00\" \/>\n<meta property=\"og:image\" content=\"https:\/\/artslibris.cat\/wp-content\/uploads\/2022\/09\/E\u0301vame-tapa-dura-600x900-1.png\" \/>\n\t<meta property=\"og:image:width\" content=\"600\" \/>\n\t<meta property=\"og:image:height\" content=\"900\" \/>\n\t<meta property=\"og:image:type\" content=\"image\/png\" \/>\n<meta name=\"twitter:card\" content=\"summary_large_image\" \/>\n<meta name=\"twitter:site\" content=\"@ArtsLibris\" \/>\n<meta name=\"twitter:label1\" content=\"Est. reading time\" \/>\n\t<meta name=\"twitter:data1\" content=\"2 minutes\" \/>\n<script type=\"application\/ld+json\" class=\"yoast-schema-graph\">{\"@context\":\"https:\\\/\\\/schema.org\",\"@graph\":[{\"@type\":\"WebPage\",\"@id\":\"https:\\\/\\\/artslibris.cat\\\/en\\\/tienda\\\/feature\\\/evame-2\\\/\",\"url\":\"https:\\\/\\\/artslibris.cat\\\/en\\\/tienda\\\/feature\\\/evame-2\\\/\",\"name\":\"\u00c9vame - ArtsLibris\",\"isPartOf\":{\"@id\":\"https:\\\/\\\/artslibris.cat\\\/en\\\/#website\"},\"primaryImageOfPage\":{\"@id\":\"https:\\\/\\\/artslibris.cat\\\/en\\\/tienda\\\/feature\\\/evame-2\\\/#primaryimage\"},\"image\":{\"@id\":\"https:\\\/\\\/artslibris.cat\\\/en\\\/tienda\\\/feature\\\/evame-2\\\/#primaryimage\"},\"thumbnailUrl\":\"https:\\\/\\\/artslibris.cat\\\/wp-content\\\/uploads\\\/2022\\\/09\\\/E\u0301vame-tapa-dura-600x900-1.png\",\"datePublished\":\"2022-09-13T13:01:48+00:00\",\"dateModified\":\"2025-12-16T17:28:00+00:00\",\"breadcrumb\":{\"@id\":\"https:\\\/\\\/artslibris.cat\\\/en\\\/tienda\\\/feature\\\/evame-2\\\/#breadcrumb\"},\"inLanguage\":\"en-US\",\"potentialAction\":[{\"@type\":\"ReadAction\",\"target\":[\"https:\\\/\\\/artslibris.cat\\\/en\\\/tienda\\\/feature\\\/evame-2\\\/\"]}]},{\"@type\":\"ImageObject\",\"inLanguage\":\"en-US\",\"@id\":\"https:\\\/\\\/artslibris.cat\\\/en\\\/tienda\\\/feature\\\/evame-2\\\/#primaryimage\",\"url\":\"https:\\\/\\\/artslibris.cat\\\/wp-content\\\/uploads\\\/2022\\\/09\\\/E\u0301vame-tapa-dura-600x900-1.png\",\"contentUrl\":\"https:\\\/\\\/artslibris.cat\\\/wp-content\\\/uploads\\\/2022\\\/09\\\/E\u0301vame-tapa-dura-600x900-1.png\",\"width\":600,\"height\":900},{\"@type\":\"BreadcrumbList\",\"@id\":\"https:\\\/\\\/artslibris.cat\\\/en\\\/tienda\\\/feature\\\/evame-2\\\/#breadcrumb\",\"itemListElement\":[{\"@type\":\"ListItem\",\"position\":1,\"name\":\"Portada\",\"item\":\"https:\\\/\\\/artslibris.cat\\\/en\\\/\"},{\"@type\":\"ListItem\",\"position\":2,\"name\":\"Shop\",\"item\":\"https:\\\/\\\/artslibris.cat\\\/en\\\/shop\\\/\"},{\"@type\":\"ListItem\",\"position\":3,\"name\":\"\u00c9vame\"}]},{\"@type\":\"WebSite\",\"@id\":\"https:\\\/\\\/artslibris.cat\\\/en\\\/#website\",\"url\":\"https:\\\/\\\/artslibris.cat\\\/en\\\/\",\"name\":\"ArtsLibris\",\"description\":\"\",\"publisher\":{\"@id\":\"https:\\\/\\\/artslibris.cat\\\/en\\\/#organization\"},\"potentialAction\":[{\"@type\":\"SearchAction\",\"target\":{\"@type\":\"EntryPoint\",\"urlTemplate\":\"https:\\\/\\\/artslibris.cat\\\/en\\\/?s={search_term_string}\"},\"query-input\":{\"@type\":\"PropertyValueSpecification\",\"valueRequired\":true,\"valueName\":\"search_term_string\"}}],\"inLanguage\":\"en-US\"},{\"@type\":\"Organization\",\"@id\":\"https:\\\/\\\/artslibris.cat\\\/en\\\/#organization\",\"name\":\"ArtsLibris\",\"url\":\"https:\\\/\\\/artslibris.cat\\\/en\\\/\",\"logo\":{\"@type\":\"ImageObject\",\"inLanguage\":\"en-US\",\"@id\":\"https:\\\/\\\/artslibris.cat\\\/en\\\/#\\\/schema\\\/logo\\\/image\\\/\",\"url\":\"https:\\\/\\\/artslibris.cat\\\/wp-content\\\/uploads\\\/2020\\\/05\\\/ArtsLibris-logo-black.svg\",\"contentUrl\":\"https:\\\/\\\/artslibris.cat\\\/wp-content\\\/uploads\\\/2020\\\/05\\\/ArtsLibris-logo-black.svg\",\"width\":521,\"height\":85,\"caption\":\"ArtsLibris\"},\"image\":{\"@id\":\"https:\\\/\\\/artslibris.cat\\\/en\\\/#\\\/schema\\\/logo\\\/image\\\/\"},\"sameAs\":[\"https:\\\/\\\/www.facebook.com\\\/artslibris\\\/\",\"https:\\\/\\\/x.com\\\/ArtsLibris\",\"https:\\\/\\\/www.instagram.com\\\/artslibris\\\/\"]}]}<\/script>\n<!-- \/ Yoast SEO plugin. -->","yoast_head_json":{"title":"\u00c9vame - ArtsLibris","robots":{"index":"index","follow":"follow","max-snippet":"max-snippet:-1","max-image-preview":"max-image-preview:large","max-video-preview":"max-video-preview:-1"},"canonical":"https:\/\/artslibris.cat\/en\/tienda\/feature\/evame-2\/","og_locale":"en_US","og_type":"article","og_title":"\u00c9vame - ArtsLibris","og_description":"Autor: Carlos Oroza Editorial: Editorial Elvira Encuadernaci\u00f3n: Tapa dura Idioma: Castellano","og_url":"https:\/\/artslibris.cat\/en\/tienda\/feature\/evame-2\/","og_site_name":"ArtsLibris","article_publisher":"https:\/\/www.facebook.com\/artslibris\/","article_modified_time":"2025-12-16T17:28:00+00:00","og_image":[{"width":600,"height":900,"url":"https:\/\/artslibris.cat\/wp-content\/uploads\/2022\/09\/E\u0301vame-tapa-dura-600x900-1.png","type":"image\/png"}],"twitter_card":"summary_large_image","twitter_site":"@ArtsLibris","twitter_misc":{"Est. reading time":"2 minutes"},"schema":{"@context":"https:\/\/schema.org","@graph":[{"@type":"WebPage","@id":"https:\/\/artslibris.cat\/en\/tienda\/feature\/evame-2\/","url":"https:\/\/artslibris.cat\/en\/tienda\/feature\/evame-2\/","name":"\u00c9vame - ArtsLibris","isPartOf":{"@id":"https:\/\/artslibris.cat\/en\/#website"},"primaryImageOfPage":{"@id":"https:\/\/artslibris.cat\/en\/tienda\/feature\/evame-2\/#primaryimage"},"image":{"@id":"https:\/\/artslibris.cat\/en\/tienda\/feature\/evame-2\/#primaryimage"},"thumbnailUrl":"https:\/\/artslibris.cat\/wp-content\/uploads\/2022\/09\/E\u0301vame-tapa-dura-600x900-1.png","datePublished":"2022-09-13T13:01:48+00:00","dateModified":"2025-12-16T17:28:00+00:00","breadcrumb":{"@id":"https:\/\/artslibris.cat\/en\/tienda\/feature\/evame-2\/#breadcrumb"},"inLanguage":"en-US","potentialAction":[{"@type":"ReadAction","target":["https:\/\/artslibris.cat\/en\/tienda\/feature\/evame-2\/"]}]},{"@type":"ImageObject","inLanguage":"en-US","@id":"https:\/\/artslibris.cat\/en\/tienda\/feature\/evame-2\/#primaryimage","url":"https:\/\/artslibris.cat\/wp-content\/uploads\/2022\/09\/E\u0301vame-tapa-dura-600x900-1.png","contentUrl":"https:\/\/artslibris.cat\/wp-content\/uploads\/2022\/09\/E\u0301vame-tapa-dura-600x900-1.png","width":600,"height":900},{"@type":"BreadcrumbList","@id":"https:\/\/artslibris.cat\/en\/tienda\/feature\/evame-2\/#breadcrumb","itemListElement":[{"@type":"ListItem","position":1,"name":"Portada","item":"https:\/\/artslibris.cat\/en\/"},{"@type":"ListItem","position":2,"name":"Shop","item":"https:\/\/artslibris.cat\/en\/shop\/"},{"@type":"ListItem","position":3,"name":"\u00c9vame"}]},{"@type":"WebSite","@id":"https:\/\/artslibris.cat\/en\/#website","url":"https:\/\/artslibris.cat\/en\/","name":"ArtsLibris","description":"","publisher":{"@id":"https:\/\/artslibris.cat\/en\/#organization"},"potentialAction":[{"@type":"SearchAction","target":{"@type":"EntryPoint","urlTemplate":"https:\/\/artslibris.cat\/en\/?s={search_term_string}"},"query-input":{"@type":"PropertyValueSpecification","valueRequired":true,"valueName":"search_term_string"}}],"inLanguage":"en-US"},{"@type":"Organization","@id":"https:\/\/artslibris.cat\/en\/#organization","name":"ArtsLibris","url":"https:\/\/artslibris.cat\/en\/","logo":{"@type":"ImageObject","inLanguage":"en-US","@id":"https:\/\/artslibris.cat\/en\/#\/schema\/logo\/image\/","url":"https:\/\/artslibris.cat\/wp-content\/uploads\/2020\/05\/ArtsLibris-logo-black.svg","contentUrl":"https:\/\/artslibris.cat\/wp-content\/uploads\/2020\/05\/ArtsLibris-logo-black.svg","width":521,"height":85,"caption":"ArtsLibris"},"image":{"@id":"https:\/\/artslibris.cat\/en\/#\/schema\/logo\/image\/"},"sameAs":["https:\/\/www.facebook.com\/artslibris\/","https:\/\/x.com\/ArtsLibris","https:\/\/www.instagram.com\/artslibris\/"]}]}},"_links":{"self":[{"href":"https:\/\/artslibris.cat\/en\/wp-json\/wp\/v2\/product\/19708","targetHints":{"allow":["GET"]}}],"collection":[{"href":"https:\/\/artslibris.cat\/en\/wp-json\/wp\/v2\/product"}],"about":[{"href":"https:\/\/artslibris.cat\/en\/wp-json\/wp\/v2\/types\/product"}],"wp:featuredmedia":[{"embeddable":true,"href":"https:\/\/artslibris.cat\/en\/wp-json\/wp\/v2\/media\/19963"}],"wp:attachment":[{"href":"https:\/\/artslibris.cat\/en\/wp-json\/wp\/v2\/media?parent=19708"}],"wp:term":[{"taxonomy":"product_brand","embeddable":true,"href":"https:\/\/artslibris.cat\/en\/wp-json\/wp\/v2\/product_brand?post=19708"},{"taxonomy":"product_cat","embeddable":true,"href":"https:\/\/artslibris.cat\/en\/wp-json\/wp\/v2\/product_cat?post=19708"},{"taxonomy":"product_tag","embeddable":true,"href":"https:\/\/artslibris.cat\/en\/wp-json\/wp\/v2\/product_tag?post=19708"}],"curies":[{"name":"wp","href":"https:\/\/api.w.org\/{rel}","templated":true}]}}