{"id":10516,"date":"2021-05-07T17:45:18","date_gmt":"2021-05-07T17:45:18","guid":{"rendered":"https:\/\/artslibris.cat\/tienda\/uncategorized\/teoria-de-la-retaguardia\/"},"modified":"2021-05-10T15:31:51","modified_gmt":"2021-05-10T15:31:51","slug":"teoria-de-la-retaguardia","status":"publish","type":"product","link":"https:\/\/artslibris.cat\/en\/tienda\/pensamiento-en\/teoria-de-la-retaguardia\/","title":{"rendered":"Teor\u00eda de la retaguardia"},"content":{"rendered":"<p>Four decades ago, Peter B\u00fcrger published his <em>Theory of the Avant-Garde<\/em>, a cult book, concentrating on the two most important tasks that art demanded at the time: to break with representation and to dissolve the frontier that separated it from life. Failure in this twofold enterprise would have certified, according to B\u00fcrger, the defeat of the avant-garde and perhaps worse: its impossibility.<\/p>\n<p>Forty years later, <em>Teor\u00eda de la retaguardia<\/em> is an ironic manifesto born out of that fiasco, though it wastes no time in lamenting it or making up for it. Especially because it is understood here that our time is not marked by the distance between art and life, but by a tension between art and survival, which is the continuation of life by whatever means.<\/p>\n<p>In the malaise that springs from this survival, Teor\u00eda de la retaguardia is suspicious of an art that is leaving its splinters in politics, iconography or literature, spheres from which it returns ever more battered to its Ithaca of always: the museum. From this round trip, this scathing and austere essay &#8211; in which Duchamp meets La Lupe, the revolution meets the museum, Paul Virilio meets Joan Fontcuberta or Fukuyama meets Michael Jackson &#8211; wonders if Contemporary Art never comes to an end. Because if it were mortal, then an end would have to be written for it.<\/p>\n","protected":false},"excerpt":{"rendered":"<p>Title: Teor\u00eda de la retaguardia<br \/>\nAuthor: Iv\u00e1n de la Nuez<br \/>\nPublisher: Consonni<br \/>\nSize: 130 x 200 mm<br \/>\n136 pages<br \/>\nEdition: 2018<br \/>\nDesign: Maite Zabaleta<br \/>\nMock up: Zuri\u00f1e de Langarika Samaniego<br \/>\nISBN:\u00a0978-84-16205-37-0<\/p>\n","protected":false},"featured_media":10513,"template":"","meta":{"_acf_changed":false,"site-sidebar-layout":"default","site-content-layout":"default","ast-site-content-layout":"default","site-content-style":"default","site-sidebar-style":"default","ast-global-header-display":"","ast-banner-title-visibility":"","ast-main-header-display":"","ast-hfb-above-header-display":"","ast-hfb-below-header-display":"","ast-hfb-mobile-header-display":"","site-post-title":"","ast-breadcrumbs-content":"","ast-featured-img":"","footer-sml-layout":"","ast-disable-related-posts":"","theme-transparent-header-meta":"default","adv-header-id-meta":"","stick-header-meta":"","header-above-stick-meta":"","header-main-stick-meta":"","header-below-stick-meta":"","astra-migrate-meta-layouts":"default","ast-page-background-enabled":"default","ast-page-background-meta":{"desktop":{"background-color":"","background-image":"","background-repeat":"repeat","background-position":"center center","background-size":"auto","background-attachment":"scroll","background-type":"","background-media":"","overlay-type":"","overlay-color":"","overlay-opacity":"","overlay-gradient":""},"tablet":{"background-color":"","background-image":"","background-repeat":"repeat","background-position":"center center","background-size":"auto","background-attachment":"scroll","background-type":"","background-media":"","overlay-type":"","overlay-color":"","overlay-opacity":"","overlay-gradient":""},"mobile":{"background-color":"","background-image":"","background-repeat":"repeat","background-position":"center center","background-size":"auto","background-attachment":"scroll","background-type":"","background-media":"","overlay-type":"","overlay-color":"","overlay-opacity":"","overlay-gradient":""}},"ast-content-background-meta":{"desktop":{"background-color":"var(--ast-global-color-5)","background-image":"","background-repeat":"repeat","background-position":"center center","background-size":"auto","background-attachment":"scroll","background-type":"","background-media":"","overlay-type":"","overlay-color":"","overlay-opacity":"","overlay-gradient":""},"tablet":{"background-color":"var(--ast-global-color-5)","background-image":"","background-repeat":"repeat","background-position":"center center","background-size":"auto","background-attachment":"scroll","background-type":"","background-media":"","overlay-type":"","overlay-color":"","overlay-opacity":"","overlay-gradient":""},"mobile":{"background-color":"var(--ast-global-color-5)","background-image":"","background-repeat":"repeat","background-position":"center center","background-size":"auto","background-attachment":"scroll","background-type":"","background-media":"","overlay-type":"","overlay-color":"","overlay-opacity":"","overlay-gradient":""}}},"product_brand":[],"product_cat":[89],"product_tag":[263],"class_list":{"0":"post-10516","1":"product","2":"type-product","3":"status-publish","4":"has-post-thumbnail","6":"product_cat-pensamiento-en","7":"product_tag-consonni-en","8":"desktop-align-left","9":"tablet-align-left","10":"mobile-align-left","12":"first","13":"instock","14":"shipping-taxable","15":"purchasable","16":"product-type-simple"},"acf":[],"yoast_head":"<!-- This site is optimized with the Yoast SEO plugin v27.3 - https:\/\/yoast.com\/product\/yoast-seo-wordpress\/ -->\n<title>Teor\u00eda de la retaguardia - ArtsLibris<\/title>\n<meta name=\"description\" content=\"Bookshop-Arts-Libris-Teor\u00eda-de-la-retaguardia-Consonni-Iv\u00e1n-de-la-nuez\" \/>\n<meta name=\"robots\" content=\"index, follow, max-snippet:-1, max-image-preview:large, max-video-preview:-1\" \/>\n<link rel=\"canonical\" href=\"https:\/\/artslibris.cat\/en\/tienda\/pensamiento-en\/teoria-de-la-retaguardia\/\" \/>\n<meta property=\"og:locale\" content=\"en_US\" \/>\n<meta property=\"og:type\" content=\"article\" \/>\n<meta property=\"og:title\" content=\"Teor\u00eda de la retaguardia - ArtsLibris\" \/>\n<meta property=\"og:description\" content=\"Bookshop-Arts-Libris-Teor\u00eda-de-la-retaguardia-Consonni-Iv\u00e1n-de-la-nuez\" \/>\n<meta property=\"og:url\" content=\"https:\/\/artslibris.cat\/en\/tienda\/pensamiento-en\/teoria-de-la-retaguardia\/\" \/>\n<meta property=\"og:site_name\" content=\"ArtsLibris\" \/>\n<meta property=\"article:publisher\" content=\"https:\/\/www.facebook.com\/artslibris\/\" \/>\n<meta property=\"article:modified_time\" content=\"2021-05-10T15:31:51+00:00\" \/>\n<meta property=\"og:image\" content=\"https:\/\/artslibris.cat\/wp-content\/uploads\/2021\/05\/9788416205370.jpg\" \/>\n\t<meta property=\"og:image:width\" content=\"1080\" \/>\n\t<meta property=\"og:image:height\" content=\"1662\" \/>\n\t<meta property=\"og:image:type\" content=\"image\/jpeg\" \/>\n<meta name=\"twitter:card\" content=\"summary_large_image\" \/>\n<meta name=\"twitter:site\" content=\"@ArtsLibris\" \/>\n<meta name=\"twitter:label1\" content=\"Est. reading time\" \/>\n\t<meta name=\"twitter:data1\" content=\"1 minute\" \/>\n<script type=\"application\/ld+json\" class=\"yoast-schema-graph\">{\"@context\":\"https:\\\/\\\/schema.org\",\"@graph\":[{\"@type\":\"WebPage\",\"@id\":\"https:\\\/\\\/artslibris.cat\\\/en\\\/tienda\\\/pensamiento-en\\\/teoria-de-la-retaguardia\\\/\",\"url\":\"https:\\\/\\\/artslibris.cat\\\/en\\\/tienda\\\/pensamiento-en\\\/teoria-de-la-retaguardia\\\/\",\"name\":\"Teor\u00eda de la retaguardia - ArtsLibris\",\"isPartOf\":{\"@id\":\"https:\\\/\\\/artslibris.cat\\\/en\\\/#website\"},\"primaryImageOfPage\":{\"@id\":\"https:\\\/\\\/artslibris.cat\\\/en\\\/tienda\\\/pensamiento-en\\\/teoria-de-la-retaguardia\\\/#primaryimage\"},\"image\":{\"@id\":\"https:\\\/\\\/artslibris.cat\\\/en\\\/tienda\\\/pensamiento-en\\\/teoria-de-la-retaguardia\\\/#primaryimage\"},\"thumbnailUrl\":\"https:\\\/\\\/artslibris.cat\\\/wp-content\\\/uploads\\\/2021\\\/05\\\/9788416205370.jpg\",\"datePublished\":\"2021-05-07T17:45:18+00:00\",\"dateModified\":\"2021-05-10T15:31:51+00:00\",\"description\":\"Bookshop-Arts-Libris-Teor\u00eda-de-la-retaguardia-Consonni-Iv\u00e1n-de-la-nuez\",\"breadcrumb\":{\"@id\":\"https:\\\/\\\/artslibris.cat\\\/en\\\/tienda\\\/pensamiento-en\\\/teoria-de-la-retaguardia\\\/#breadcrumb\"},\"inLanguage\":\"en-US\",\"potentialAction\":[{\"@type\":\"ReadAction\",\"target\":[\"https:\\\/\\\/artslibris.cat\\\/en\\\/tienda\\\/pensamiento-en\\\/teoria-de-la-retaguardia\\\/\"]}]},{\"@type\":\"ImageObject\",\"inLanguage\":\"en-US\",\"@id\":\"https:\\\/\\\/artslibris.cat\\\/en\\\/tienda\\\/pensamiento-en\\\/teoria-de-la-retaguardia\\\/#primaryimage\",\"url\":\"https:\\\/\\\/artslibris.cat\\\/wp-content\\\/uploads\\\/2021\\\/05\\\/9788416205370.jpg\",\"contentUrl\":\"https:\\\/\\\/artslibris.cat\\\/wp-content\\\/uploads\\\/2021\\\/05\\\/9788416205370.jpg\",\"width\":1080,\"height\":1662},{\"@type\":\"BreadcrumbList\",\"@id\":\"https:\\\/\\\/artslibris.cat\\\/en\\\/tienda\\\/pensamiento-en\\\/teoria-de-la-retaguardia\\\/#breadcrumb\",\"itemListElement\":[{\"@type\":\"ListItem\",\"position\":1,\"name\":\"Portada\",\"item\":\"https:\\\/\\\/artslibris.cat\\\/en\\\/\"},{\"@type\":\"ListItem\",\"position\":2,\"name\":\"Shop\",\"item\":\"https:\\\/\\\/artslibris.cat\\\/en\\\/shop\\\/\"},{\"@type\":\"ListItem\",\"position\":3,\"name\":\"Teor\u00eda de la retaguardia\"}]},{\"@type\":\"WebSite\",\"@id\":\"https:\\\/\\\/artslibris.cat\\\/en\\\/#website\",\"url\":\"https:\\\/\\\/artslibris.cat\\\/en\\\/\",\"name\":\"ArtsLibris\",\"description\":\"\",\"publisher\":{\"@id\":\"https:\\\/\\\/artslibris.cat\\\/en\\\/#organization\"},\"potentialAction\":[{\"@type\":\"SearchAction\",\"target\":{\"@type\":\"EntryPoint\",\"urlTemplate\":\"https:\\\/\\\/artslibris.cat\\\/en\\\/?s={search_term_string}\"},\"query-input\":{\"@type\":\"PropertyValueSpecification\",\"valueRequired\":true,\"valueName\":\"search_term_string\"}}],\"inLanguage\":\"en-US\"},{\"@type\":\"Organization\",\"@id\":\"https:\\\/\\\/artslibris.cat\\\/en\\\/#organization\",\"name\":\"ArtsLibris\",\"url\":\"https:\\\/\\\/artslibris.cat\\\/en\\\/\",\"logo\":{\"@type\":\"ImageObject\",\"inLanguage\":\"en-US\",\"@id\":\"https:\\\/\\\/artslibris.cat\\\/en\\\/#\\\/schema\\\/logo\\\/image\\\/\",\"url\":\"https:\\\/\\\/artslibris.cat\\\/wp-content\\\/uploads\\\/2020\\\/05\\\/ArtsLibris-logo-black.svg\",\"contentUrl\":\"https:\\\/\\\/artslibris.cat\\\/wp-content\\\/uploads\\\/2020\\\/05\\\/ArtsLibris-logo-black.svg\",\"width\":521,\"height\":85,\"caption\":\"ArtsLibris\"},\"image\":{\"@id\":\"https:\\\/\\\/artslibris.cat\\\/en\\\/#\\\/schema\\\/logo\\\/image\\\/\"},\"sameAs\":[\"https:\\\/\\\/www.facebook.com\\\/artslibris\\\/\",\"https:\\\/\\\/x.com\\\/ArtsLibris\",\"https:\\\/\\\/www.instagram.com\\\/artslibris\\\/\"]}]}<\/script>\n<!-- \/ Yoast SEO plugin. -->","yoast_head_json":{"title":"Teor\u00eda de la retaguardia - ArtsLibris","description":"Bookshop-Arts-Libris-Teor\u00eda-de-la-retaguardia-Consonni-Iv\u00e1n-de-la-nuez","robots":{"index":"index","follow":"follow","max-snippet":"max-snippet:-1","max-image-preview":"max-image-preview:large","max-video-preview":"max-video-preview:-1"},"canonical":"https:\/\/artslibris.cat\/en\/tienda\/pensamiento-en\/teoria-de-la-retaguardia\/","og_locale":"en_US","og_type":"article","og_title":"Teor\u00eda de la retaguardia - ArtsLibris","og_description":"Bookshop-Arts-Libris-Teor\u00eda-de-la-retaguardia-Consonni-Iv\u00e1n-de-la-nuez","og_url":"https:\/\/artslibris.cat\/en\/tienda\/pensamiento-en\/teoria-de-la-retaguardia\/","og_site_name":"ArtsLibris","article_publisher":"https:\/\/www.facebook.com\/artslibris\/","article_modified_time":"2021-05-10T15:31:51+00:00","og_image":[{"width":1080,"height":1662,"url":"https:\/\/artslibris.cat\/wp-content\/uploads\/2021\/05\/9788416205370.jpg","type":"image\/jpeg"}],"twitter_card":"summary_large_image","twitter_site":"@ArtsLibris","twitter_misc":{"Est. reading time":"1 minute"},"schema":{"@context":"https:\/\/schema.org","@graph":[{"@type":"WebPage","@id":"https:\/\/artslibris.cat\/en\/tienda\/pensamiento-en\/teoria-de-la-retaguardia\/","url":"https:\/\/artslibris.cat\/en\/tienda\/pensamiento-en\/teoria-de-la-retaguardia\/","name":"Teor\u00eda de la retaguardia - ArtsLibris","isPartOf":{"@id":"https:\/\/artslibris.cat\/en\/#website"},"primaryImageOfPage":{"@id":"https:\/\/artslibris.cat\/en\/tienda\/pensamiento-en\/teoria-de-la-retaguardia\/#primaryimage"},"image":{"@id":"https:\/\/artslibris.cat\/en\/tienda\/pensamiento-en\/teoria-de-la-retaguardia\/#primaryimage"},"thumbnailUrl":"https:\/\/artslibris.cat\/wp-content\/uploads\/2021\/05\/9788416205370.jpg","datePublished":"2021-05-07T17:45:18+00:00","dateModified":"2021-05-10T15:31:51+00:00","description":"Bookshop-Arts-Libris-Teor\u00eda-de-la-retaguardia-Consonni-Iv\u00e1n-de-la-nuez","breadcrumb":{"@id":"https:\/\/artslibris.cat\/en\/tienda\/pensamiento-en\/teoria-de-la-retaguardia\/#breadcrumb"},"inLanguage":"en-US","potentialAction":[{"@type":"ReadAction","target":["https:\/\/artslibris.cat\/en\/tienda\/pensamiento-en\/teoria-de-la-retaguardia\/"]}]},{"@type":"ImageObject","inLanguage":"en-US","@id":"https:\/\/artslibris.cat\/en\/tienda\/pensamiento-en\/teoria-de-la-retaguardia\/#primaryimage","url":"https:\/\/artslibris.cat\/wp-content\/uploads\/2021\/05\/9788416205370.jpg","contentUrl":"https:\/\/artslibris.cat\/wp-content\/uploads\/2021\/05\/9788416205370.jpg","width":1080,"height":1662},{"@type":"BreadcrumbList","@id":"https:\/\/artslibris.cat\/en\/tienda\/pensamiento-en\/teoria-de-la-retaguardia\/#breadcrumb","itemListElement":[{"@type":"ListItem","position":1,"name":"Portada","item":"https:\/\/artslibris.cat\/en\/"},{"@type":"ListItem","position":2,"name":"Shop","item":"https:\/\/artslibris.cat\/en\/shop\/"},{"@type":"ListItem","position":3,"name":"Teor\u00eda de la retaguardia"}]},{"@type":"WebSite","@id":"https:\/\/artslibris.cat\/en\/#website","url":"https:\/\/artslibris.cat\/en\/","name":"ArtsLibris","description":"","publisher":{"@id":"https:\/\/artslibris.cat\/en\/#organization"},"potentialAction":[{"@type":"SearchAction","target":{"@type":"EntryPoint","urlTemplate":"https:\/\/artslibris.cat\/en\/?s={search_term_string}"},"query-input":{"@type":"PropertyValueSpecification","valueRequired":true,"valueName":"search_term_string"}}],"inLanguage":"en-US"},{"@type":"Organization","@id":"https:\/\/artslibris.cat\/en\/#organization","name":"ArtsLibris","url":"https:\/\/artslibris.cat\/en\/","logo":{"@type":"ImageObject","inLanguage":"en-US","@id":"https:\/\/artslibris.cat\/en\/#\/schema\/logo\/image\/","url":"https:\/\/artslibris.cat\/wp-content\/uploads\/2020\/05\/ArtsLibris-logo-black.svg","contentUrl":"https:\/\/artslibris.cat\/wp-content\/uploads\/2020\/05\/ArtsLibris-logo-black.svg","width":521,"height":85,"caption":"ArtsLibris"},"image":{"@id":"https:\/\/artslibris.cat\/en\/#\/schema\/logo\/image\/"},"sameAs":["https:\/\/www.facebook.com\/artslibris\/","https:\/\/x.com\/ArtsLibris","https:\/\/www.instagram.com\/artslibris\/"]}]}},"_links":{"self":[{"href":"https:\/\/artslibris.cat\/en\/wp-json\/wp\/v2\/product\/10516","targetHints":{"allow":["GET"]}}],"collection":[{"href":"https:\/\/artslibris.cat\/en\/wp-json\/wp\/v2\/product"}],"about":[{"href":"https:\/\/artslibris.cat\/en\/wp-json\/wp\/v2\/types\/product"}],"wp:featuredmedia":[{"embeddable":true,"href":"https:\/\/artslibris.cat\/en\/wp-json\/wp\/v2\/media\/10513"}],"wp:attachment":[{"href":"https:\/\/artslibris.cat\/en\/wp-json\/wp\/v2\/media?parent=10516"}],"wp:term":[{"taxonomy":"product_brand","embeddable":true,"href":"https:\/\/artslibris.cat\/en\/wp-json\/wp\/v2\/product_brand?post=10516"},{"taxonomy":"product_cat","embeddable":true,"href":"https:\/\/artslibris.cat\/en\/wp-json\/wp\/v2\/product_cat?post=10516"},{"taxonomy":"product_tag","embeddable":true,"href":"https:\/\/artslibris.cat\/en\/wp-json\/wp\/v2\/product_tag?post=10516"}],"curies":[{"name":"wp","href":"https:\/\/api.w.org\/{rel}","templated":true}]}}