{"id":6744,"date":"2021-02-08T16:10:10","date_gmt":"2021-02-15T18:17:21","guid":{"rendered":"https:\/\/artslibris.cat\/?post_type=product&#038;p=6744"},"modified":"2025-02-27T14:10:06","modified_gmt":"2025-02-27T14:10:06","slug":"tuetano","status":"publish","type":"product","link":"https:\/\/artslibris.cat\/ca\/tienda\/fotolibro-ca\/tuetano\/","title":{"rendered":"Tu\u00e9tano &#8211; Juan Diego Valera"},"content":{"rendered":"<p>El 2017, Juan Diego Valera va voler desprendre&#8217;s d&#8217;uns rodets fotogr\u00e0fics no revelats -disparats entre 2005 i 2016- i oferir-los sota el t\u00edtol de \u201cMedul\u00b7la&#8221;. L&#8217;obra consistia en una caixa dissenyada especialment per a l&#8217;ocasi\u00f3 que contenia un rodet sense revelar i un text escrit per la comiss\u00e0ria Joana Hurtado. Com que hi havia vint-i-quatre rodets sense revelar, es van editar vint-i-quatre caixes.<br \/>\nVa ser una decisi\u00f3 compromesa en un doble sentit: Juan Diego Valera realitzava un acte gener\u00f3s i arriscat, perqu\u00e8 oferia el que normalment s&#8217;oculta, \u00e9s a dir, un material latent en un rodet disparat en una data incerta i, coneixent l&#8217;obra de l&#8217;autor, amb la possibilitat d&#8217;unes imatges de contingut prometedor; i alhora, qui rebia l&#8217;obra s&#8217;enfrontava a la disjuntiva -que \u00e9s en realitat l&#8217;\u00e0nima de l&#8217;obra- de revelar o no el rodet en q\u00fcesti\u00f3.<br \/>\nEn 2019, Aleix Plademunt i Roger Guaus, d&#8217;acord amb Juan Diego Valera, van revelar deu dels rodets, triats a l&#8217;atzar, dels quals encara quedaven disponibles. Amb les imatges revelades van editar un llibre del qual el propi fot\u00f2graf no va tenir absolutament cap informaci\u00f3 fins al mateix dia de la seva presentaci\u00f3 en p\u00fablic. Fins a aquest moment, Juan no havia conegut ni el concepte del llibre ni tampoc el contingut de cap imatge. La presentaci\u00f3 va ser un \u00e8xit d&#8217;assist\u00e8ncia i d&#8217;emoci\u00f3.<br \/>\nA partir del material revelat, el llibre va ser concebut sobre la base de dues idees principals: posar de manifest el m\u00f3n de relacions afectives de l&#8217;autor, \u00e9s a dir, centrar-se en el que \u00e9s essencial per a ell, i alhora donar testimoniatge de l&#8217;escissi\u00f3 evident que existeix entre el seu arrelament a l&#8217;Argentina i la seva superviv\u00e8ncia a Barcelona.<br \/>\nEl resultat va ser un llibre que m\u00e9s que un llibre \u00e9s un \u00e0lbum familiar, un regal que Aleix i Roger van fer com a homenatge al seu amic, un compendi d&#8217;imatges de sers estimats pel fot\u00f2graf en diferents moments, llocs i situacions, tot al m\u00e9s pur estil Juan Diego Valera, i en qu\u00e8 la dist\u00e0ncia incommensurable que hi ha entre els seus dos mons \u2013com el \u201cdel costat d&#8217;aqu\u00ed\u201d i el \u201cdel costat d&#8217;all\u00e0\u201d de Cort\u00e1zar\u2013 es manifesta per una edici\u00f3 disjuntiva en la qual, segons es llegeixi el llibre, o oposa un m\u00f3n a l&#8217;altre o, per contrari, els fundi en una sola l\u00ednia de narraci\u00f3.<\/p>\n","protected":false},"excerpt":{"rendered":"<p>T\u00edtol: Tu\u00e9tano.<br \/>\nEditorial: Ca l&#8217;Isidret.<br \/>\nAutor: Juan Diego Valera.<br \/>\nP\u00e0gines: 64.<br \/>\nMides: 33,0 x 22,0 cm.<br \/>\nIdea, edici\u00f3 i disseny del llibre: Aleix Plademunt i Roger Guaus.<br \/>\nIdea i disseny del sobre: Estudi Bicot\u00e9.<br \/>\nFotografies: Juan Diego Valera.<br \/>\nPublicat a l&#8217;octubre de 2019.<br \/>\nISBN 978-84-121090-2-3.<\/p>\n","protected":false},"featured_media":28290,"template":"","meta":{"_acf_changed":false,"site-sidebar-layout":"default","site-content-layout":"default","ast-site-content-layout":"default","site-content-style":"default","site-sidebar-style":"default","ast-global-header-display":"","ast-banner-title-visibility":"","ast-main-header-display":"","ast-hfb-above-header-display":"","ast-hfb-below-header-display":"","ast-hfb-mobile-header-display":"","site-post-title":"","ast-breadcrumbs-content":"","ast-featured-img":"","footer-sml-layout":"","ast-disable-related-posts":"","theme-transparent-header-meta":"default","adv-header-id-meta":"","stick-header-meta":"","header-above-stick-meta":"","header-main-stick-meta":"","header-below-stick-meta":"","astra-migrate-meta-layouts":"default","ast-page-background-enabled":"default","ast-page-background-meta":{"desktop":{"background-color":"","background-image":"","background-repeat":"repeat","background-position":"center center","background-size":"auto","background-attachment":"scroll","background-type":"","background-media":"","overlay-type":"","overlay-color":"","overlay-opacity":"","overlay-gradient":""},"tablet":{"background-color":"","background-image":"","background-repeat":"repeat","background-position":"center center","background-size":"auto","background-attachment":"scroll","background-type":"","background-media":"","overlay-type":"","overlay-color":"","overlay-opacity":"","overlay-gradient":""},"mobile":{"background-color":"","background-image":"","background-repeat":"repeat","background-position":"center center","background-size":"auto","background-attachment":"scroll","background-type":"","background-media":"","overlay-type":"","overlay-color":"","overlay-opacity":"","overlay-gradient":""}},"ast-content-background-meta":{"desktop":{"background-color":"var(--ast-global-color-5)","background-image":"","background-repeat":"repeat","background-position":"center center","background-size":"auto","background-attachment":"scroll","background-type":"","background-media":"","overlay-type":"","overlay-color":"","overlay-opacity":"","overlay-gradient":""},"tablet":{"background-color":"var(--ast-global-color-5)","background-image":"","background-repeat":"repeat","background-position":"center center","background-size":"auto","background-attachment":"scroll","background-type":"","background-media":"","overlay-type":"","overlay-color":"","overlay-opacity":"","overlay-gradient":""},"mobile":{"background-color":"var(--ast-global-color-5)","background-image":"","background-repeat":"repeat","background-position":"center center","background-size":"auto","background-attachment":"scroll","background-type":"","background-media":"","overlay-type":"","overlay-color":"","overlay-opacity":"","overlay-gradient":""}}},"product_brand":[],"product_cat":[88],"product_tag":[268],"class_list":{"0":"post-6744","1":"product","2":"type-product","3":"status-publish","4":"has-post-thumbnail","6":"product_cat-fotolibro-ca","7":"product_tag-la-oficina-ca","8":"desktop-align-left","9":"tablet-align-left","10":"mobile-align-left","12":"first","13":"instock","14":"shipping-taxable","15":"purchasable","16":"product-type-simple"},"acf":[],"yoast_head":"<!-- This site is optimized with the Yoast SEO plugin v27.3 - https:\/\/yoast.com\/product\/yoast-seo-wordpress\/ -->\n<title>Tu\u00e9tano - Juan Diego Valera - ArtsLibris<\/title>\n<meta name=\"description\" content=\"&quot;botiga-artslibris-tu\u00e9tano-Juan-Diego-Valera&quot;\" \/>\n<meta name=\"robots\" content=\"index, follow, max-snippet:-1, max-image-preview:large, max-video-preview:-1\" \/>\n<link rel=\"canonical\" href=\"https:\/\/artslibris.cat\/ca\/tienda\/fotolibro-ca\/tuetano\/\" \/>\n<meta property=\"og:locale\" content=\"ca_ES\" \/>\n<meta property=\"og:type\" content=\"article\" \/>\n<meta property=\"og:title\" content=\"Tu\u00e9tano - Juan Diego Valera - ArtsLibris\" \/>\n<meta property=\"og:description\" content=\"&quot;botiga-artslibris-tu\u00e9tano-Juan-Diego-Valera&quot;\" \/>\n<meta property=\"og:url\" content=\"https:\/\/artslibris.cat\/ca\/tienda\/fotolibro-ca\/tuetano\/\" \/>\n<meta property=\"og:site_name\" content=\"ArtsLibris\" \/>\n<meta property=\"article:publisher\" content=\"https:\/\/www.facebook.com\/artslibris\/\" \/>\n<meta property=\"article:modified_time\" content=\"2025-02-27T14:10:06+00:00\" \/>\n<meta property=\"og:image\" content=\"https:\/\/artslibris.cat\/wp-content\/uploads\/2021\/02\/ArtsLibris_calisidret_tuetano2_002.jpg\" \/>\n\t<meta property=\"og:image:width\" content=\"1000\" \/>\n\t<meta property=\"og:image:height\" content=\"750\" \/>\n\t<meta property=\"og:image:type\" content=\"image\/jpeg\" \/>\n<meta name=\"twitter:card\" content=\"summary_large_image\" \/>\n<meta name=\"twitter:site\" content=\"@ArtsLibris\" \/>\n<meta name=\"twitter:label1\" content=\"Temps estimat de lectura\" \/>\n\t<meta name=\"twitter:data1\" content=\"2 minuts\" \/>\n<script type=\"application\/ld+json\" class=\"yoast-schema-graph\">{\"@context\":\"https:\\\/\\\/schema.org\",\"@graph\":[{\"@type\":\"WebPage\",\"@id\":\"https:\\\/\\\/artslibris.cat\\\/ca\\\/tienda\\\/fotolibro-ca\\\/tuetano\\\/\",\"url\":\"https:\\\/\\\/artslibris.cat\\\/ca\\\/tienda\\\/fotolibro-ca\\\/tuetano\\\/\",\"name\":\"Tu\u00e9tano - Juan Diego Valera - ArtsLibris\",\"isPartOf\":{\"@id\":\"https:\\\/\\\/artslibris.cat\\\/ca\\\/#website\"},\"primaryImageOfPage\":{\"@id\":\"https:\\\/\\\/artslibris.cat\\\/ca\\\/tienda\\\/fotolibro-ca\\\/tuetano\\\/#primaryimage\"},\"image\":{\"@id\":\"https:\\\/\\\/artslibris.cat\\\/ca\\\/tienda\\\/fotolibro-ca\\\/tuetano\\\/#primaryimage\"},\"thumbnailUrl\":\"https:\\\/\\\/artslibris.cat\\\/wp-content\\\/uploads\\\/2021\\\/02\\\/Tuetano-\u2013-Juan-Diego-Valera2.jpg\",\"datePublished\":\"2021-02-15T18:17:21+00:00\",\"dateModified\":\"2025-02-27T14:10:06+00:00\",\"description\":\"\\\"botiga-artslibris-tu\u00e9tano-Juan-Diego-Valera\\\"\",\"breadcrumb\":{\"@id\":\"https:\\\/\\\/artslibris.cat\\\/ca\\\/tienda\\\/fotolibro-ca\\\/tuetano\\\/#breadcrumb\"},\"inLanguage\":\"ca\",\"potentialAction\":[{\"@type\":\"ReadAction\",\"target\":[\"https:\\\/\\\/artslibris.cat\\\/ca\\\/tienda\\\/fotolibro-ca\\\/tuetano\\\/\"]}]},{\"@type\":\"ImageObject\",\"inLanguage\":\"ca\",\"@id\":\"https:\\\/\\\/artslibris.cat\\\/ca\\\/tienda\\\/fotolibro-ca\\\/tuetano\\\/#primaryimage\",\"url\":\"https:\\\/\\\/artslibris.cat\\\/wp-content\\\/uploads\\\/2021\\\/02\\\/Tuetano-\u2013-Juan-Diego-Valera2.jpg\",\"contentUrl\":\"https:\\\/\\\/artslibris.cat\\\/wp-content\\\/uploads\\\/2021\\\/02\\\/Tuetano-\u2013-Juan-Diego-Valera2.jpg\",\"width\":1000,\"height\":750},{\"@type\":\"BreadcrumbList\",\"@id\":\"https:\\\/\\\/artslibris.cat\\\/ca\\\/tienda\\\/fotolibro-ca\\\/tuetano\\\/#breadcrumb\",\"itemListElement\":[{\"@type\":\"ListItem\",\"position\":1,\"name\":\"Portada\",\"item\":\"https:\\\/\\\/artslibris.cat\\\/ca\\\/\"},{\"@type\":\"ListItem\",\"position\":2,\"name\":\"Tenda\",\"item\":\"https:\\\/\\\/artslibris.cat\\\/ca\\\/tenda\\\/\"},{\"@type\":\"ListItem\",\"position\":3,\"name\":\"Tu\u00e9tano &#8211; Juan Diego Valera\"}]},{\"@type\":\"WebSite\",\"@id\":\"https:\\\/\\\/artslibris.cat\\\/ca\\\/#website\",\"url\":\"https:\\\/\\\/artslibris.cat\\\/ca\\\/\",\"name\":\"ArtsLibris\",\"description\":\"\",\"publisher\":{\"@id\":\"https:\\\/\\\/artslibris.cat\\\/ca\\\/#organization\"},\"potentialAction\":[{\"@type\":\"SearchAction\",\"target\":{\"@type\":\"EntryPoint\",\"urlTemplate\":\"https:\\\/\\\/artslibris.cat\\\/ca\\\/?s={search_term_string}\"},\"query-input\":{\"@type\":\"PropertyValueSpecification\",\"valueRequired\":true,\"valueName\":\"search_term_string\"}}],\"inLanguage\":\"ca\"},{\"@type\":\"Organization\",\"@id\":\"https:\\\/\\\/artslibris.cat\\\/ca\\\/#organization\",\"name\":\"ArtsLibris\",\"url\":\"https:\\\/\\\/artslibris.cat\\\/ca\\\/\",\"logo\":{\"@type\":\"ImageObject\",\"inLanguage\":\"ca\",\"@id\":\"https:\\\/\\\/artslibris.cat\\\/ca\\\/#\\\/schema\\\/logo\\\/image\\\/\",\"url\":\"https:\\\/\\\/artslibris.cat\\\/wp-content\\\/uploads\\\/2020\\\/05\\\/ArtsLibris-logo-black.svg\",\"contentUrl\":\"https:\\\/\\\/artslibris.cat\\\/wp-content\\\/uploads\\\/2020\\\/05\\\/ArtsLibris-logo-black.svg\",\"width\":521,\"height\":85,\"caption\":\"ArtsLibris\"},\"image\":{\"@id\":\"https:\\\/\\\/artslibris.cat\\\/ca\\\/#\\\/schema\\\/logo\\\/image\\\/\"},\"sameAs\":[\"https:\\\/\\\/www.facebook.com\\\/artslibris\\\/\",\"https:\\\/\\\/x.com\\\/ArtsLibris\",\"https:\\\/\\\/www.instagram.com\\\/artslibris\\\/\"]}]}<\/script>\n<!-- \/ Yoast SEO plugin. -->","yoast_head_json":{"title":"Tu\u00e9tano - Juan Diego Valera - ArtsLibris","description":"\"botiga-artslibris-tu\u00e9tano-Juan-Diego-Valera\"","robots":{"index":"index","follow":"follow","max-snippet":"max-snippet:-1","max-image-preview":"max-image-preview:large","max-video-preview":"max-video-preview:-1"},"canonical":"https:\/\/artslibris.cat\/ca\/tienda\/fotolibro-ca\/tuetano\/","og_locale":"ca_ES","og_type":"article","og_title":"Tu\u00e9tano - Juan Diego Valera - ArtsLibris","og_description":"\"botiga-artslibris-tu\u00e9tano-Juan-Diego-Valera\"","og_url":"https:\/\/artslibris.cat\/ca\/tienda\/fotolibro-ca\/tuetano\/","og_site_name":"ArtsLibris","article_publisher":"https:\/\/www.facebook.com\/artslibris\/","article_modified_time":"2025-02-27T14:10:06+00:00","og_image":[{"width":1000,"height":750,"url":"https:\/\/artslibris.cat\/wp-content\/uploads\/2021\/02\/ArtsLibris_calisidret_tuetano2_002.jpg","type":"image\/jpeg"}],"twitter_card":"summary_large_image","twitter_site":"@ArtsLibris","twitter_misc":{"Temps estimat de lectura":"2 minuts"},"schema":{"@context":"https:\/\/schema.org","@graph":[{"@type":"WebPage","@id":"https:\/\/artslibris.cat\/ca\/tienda\/fotolibro-ca\/tuetano\/","url":"https:\/\/artslibris.cat\/ca\/tienda\/fotolibro-ca\/tuetano\/","name":"Tu\u00e9tano - Juan Diego Valera - ArtsLibris","isPartOf":{"@id":"https:\/\/artslibris.cat\/ca\/#website"},"primaryImageOfPage":{"@id":"https:\/\/artslibris.cat\/ca\/tienda\/fotolibro-ca\/tuetano\/#primaryimage"},"image":{"@id":"https:\/\/artslibris.cat\/ca\/tienda\/fotolibro-ca\/tuetano\/#primaryimage"},"thumbnailUrl":"https:\/\/artslibris.cat\/wp-content\/uploads\/2021\/02\/Tuetano-\u2013-Juan-Diego-Valera2.jpg","datePublished":"2021-02-15T18:17:21+00:00","dateModified":"2025-02-27T14:10:06+00:00","description":"\"botiga-artslibris-tu\u00e9tano-Juan-Diego-Valera\"","breadcrumb":{"@id":"https:\/\/artslibris.cat\/ca\/tienda\/fotolibro-ca\/tuetano\/#breadcrumb"},"inLanguage":"ca","potentialAction":[{"@type":"ReadAction","target":["https:\/\/artslibris.cat\/ca\/tienda\/fotolibro-ca\/tuetano\/"]}]},{"@type":"ImageObject","inLanguage":"ca","@id":"https:\/\/artslibris.cat\/ca\/tienda\/fotolibro-ca\/tuetano\/#primaryimage","url":"https:\/\/artslibris.cat\/wp-content\/uploads\/2021\/02\/Tuetano-\u2013-Juan-Diego-Valera2.jpg","contentUrl":"https:\/\/artslibris.cat\/wp-content\/uploads\/2021\/02\/Tuetano-\u2013-Juan-Diego-Valera2.jpg","width":1000,"height":750},{"@type":"BreadcrumbList","@id":"https:\/\/artslibris.cat\/ca\/tienda\/fotolibro-ca\/tuetano\/#breadcrumb","itemListElement":[{"@type":"ListItem","position":1,"name":"Portada","item":"https:\/\/artslibris.cat\/ca\/"},{"@type":"ListItem","position":2,"name":"Tenda","item":"https:\/\/artslibris.cat\/ca\/tenda\/"},{"@type":"ListItem","position":3,"name":"Tu\u00e9tano &#8211; Juan Diego Valera"}]},{"@type":"WebSite","@id":"https:\/\/artslibris.cat\/ca\/#website","url":"https:\/\/artslibris.cat\/ca\/","name":"ArtsLibris","description":"","publisher":{"@id":"https:\/\/artslibris.cat\/ca\/#organization"},"potentialAction":[{"@type":"SearchAction","target":{"@type":"EntryPoint","urlTemplate":"https:\/\/artslibris.cat\/ca\/?s={search_term_string}"},"query-input":{"@type":"PropertyValueSpecification","valueRequired":true,"valueName":"search_term_string"}}],"inLanguage":"ca"},{"@type":"Organization","@id":"https:\/\/artslibris.cat\/ca\/#organization","name":"ArtsLibris","url":"https:\/\/artslibris.cat\/ca\/","logo":{"@type":"ImageObject","inLanguage":"ca","@id":"https:\/\/artslibris.cat\/ca\/#\/schema\/logo\/image\/","url":"https:\/\/artslibris.cat\/wp-content\/uploads\/2020\/05\/ArtsLibris-logo-black.svg","contentUrl":"https:\/\/artslibris.cat\/wp-content\/uploads\/2020\/05\/ArtsLibris-logo-black.svg","width":521,"height":85,"caption":"ArtsLibris"},"image":{"@id":"https:\/\/artslibris.cat\/ca\/#\/schema\/logo\/image\/"},"sameAs":["https:\/\/www.facebook.com\/artslibris\/","https:\/\/x.com\/ArtsLibris","https:\/\/www.instagram.com\/artslibris\/"]}]}},"_links":{"self":[{"href":"https:\/\/artslibris.cat\/ca\/wp-json\/wp\/v2\/product\/6744","targetHints":{"allow":["GET"]}}],"collection":[{"href":"https:\/\/artslibris.cat\/ca\/wp-json\/wp\/v2\/product"}],"about":[{"href":"https:\/\/artslibris.cat\/ca\/wp-json\/wp\/v2\/types\/product"}],"wp:featuredmedia":[{"embeddable":true,"href":"https:\/\/artslibris.cat\/ca\/wp-json\/wp\/v2\/media\/28290"}],"wp:attachment":[{"href":"https:\/\/artslibris.cat\/ca\/wp-json\/wp\/v2\/media?parent=6744"}],"wp:term":[{"taxonomy":"product_brand","embeddable":true,"href":"https:\/\/artslibris.cat\/ca\/wp-json\/wp\/v2\/product_brand?post=6744"},{"taxonomy":"product_cat","embeddable":true,"href":"https:\/\/artslibris.cat\/ca\/wp-json\/wp\/v2\/product_cat?post=6744"},{"taxonomy":"product_tag","embeddable":true,"href":"https:\/\/artslibris.cat\/ca\/wp-json\/wp\/v2\/product_tag?post=6744"}],"curies":[{"name":"wp","href":"https:\/\/api.w.org\/{rel}","templated":true}]}}