{"id":5207,"date":"2021-01-05T17:25:23","date_gmt":"2021-01-07T15:49:30","guid":{"rendered":"https:\/\/artslibris.cat\/?post_type=product&#038;p=5207"},"modified":"2021-02-11T15:13:17","modified_gmt":"2021-02-11T15:13:17","slug":"cristos-y-anticristos","status":"publish","type":"product","link":"https:\/\/artslibris.cat\/ca\/tienda\/fotolibro-ca\/cristos-y-anticristos\/","title":{"rendered":"Cristos y anticristos"},"content":{"rendered":"<p><span style=\"font-weight: 400\">Sobre un exemplar de butxaca de l&#8217;Evangeli segons Sant Mateu, editat en 1930, Javier Viver incorpora fotografies de la Guerra Civil espanyola i de la profanaci\u00f3 d&#8217;imatges religioses, en forma de b\u00edblia il\u00b7lustrada. Per\u00f2, m\u00e9s enll\u00e0 de la il\u00b7lustraci\u00f3 del text, Viver compon un sorprenent relat visual a partir de la seq\u00fcenciaci\u00f3 d&#8217;imatges d&#8217;arxiu com ja va fer en el seu anterior fotollibre <\/span><i><span style=\"font-weight: 400\">R\u00e9v\u00e9lations: Iconographie de la Salp\u00eatri\u00e8re, <\/span><\/i><span style=\"font-weight: 400\">que va aconseguir el Premi Nacional al millor llibre d&#8217;art de 2015.<\/span><\/p>\n<p><span style=\"font-weight: 400\">En aquesta particular contribuci\u00f3 a la mem\u00f2ria hist\u00f2rica, Viver pret\u00e9n superar les lectures simplistes que la ideologia va imposar en els dos b\u00e0ndols, per a descobrir en els gestos i actituds humanes als Cristos y Anticristos a trav\u00e9s de les imatges m\u00e9s belles de la Guerra Civil i els seus protagonistes. Un llibre que proposa la superaci\u00f3 del conflicte mitjan\u00e7ant la mem\u00f2ria i la comprensi\u00f3 del fons hum\u00e0 que el recorre.<\/span><\/p>\n<p><span style=\"font-weight: 400\">Particular inter\u00e8s tenen les fotografies de les imatges profanades, en les quals es mostren documentalment les petjades de la passi\u00f3 que representen les imatges, aconseguint unes cotes de realisme insuperables.<\/span><\/p>\n<p><span style=\"font-weight: 400\">El volum ve acompanyat d&#8217;una col\u00b7lecci\u00f3 d&#8217;estampes microperforades, similars a les cartilles de racionament d&#8217;aquells anys, per a retallar i introduir en els diferents passatges del llibre. S\u00f3n imatges dels cartells de la Guerra que semblen reproduir literalment algunes de les fotografies mostrades. Un joc en el qual l&#8217;autor convida a participar al lector per a completar la hist\u00f2ria i en el qual el document i la ficci\u00f3, la realitat i la representaci\u00f3 conviuen i q\u00fcestionen els seus l\u00edmits.<\/span><\/p>\n","protected":false},"excerpt":{"rendered":"<p>T\u00edtol: Cristos y anticristos.<br \/>\nEditorial: RM.<br \/>\nAutor:\u00a0<span style=\"font-weight: 400\">Javier Viver.<br \/>\nP\u00e0gines: <\/span><span style=\"font-weight: 400\">192 + 5 desplegable.<br \/>\n<\/span><span style=\"font-weight: 400\">Mida: 9 x 13 cm.<br \/>\n<\/span><span style=\"font-weight: 400\">Idioma: espanyol.<br \/>\n<\/span><span style=\"font-weight: 400\">ISBN: 978-84-17975-42-5.<br \/>\n<\/span><span style=\"font-weight: 400\">Any de publicaci\u00f3: 2020.<\/span><\/p>\n","protected":false},"featured_media":5152,"template":"","meta":{"_acf_changed":false,"site-sidebar-layout":"default","site-content-layout":"default","ast-site-content-layout":"default","site-content-style":"default","site-sidebar-style":"default","ast-global-header-display":"","ast-banner-title-visibility":"","ast-main-header-display":"","ast-hfb-above-header-display":"","ast-hfb-below-header-display":"","ast-hfb-mobile-header-display":"","site-post-title":"","ast-breadcrumbs-content":"","ast-featured-img":"","footer-sml-layout":"","ast-disable-related-posts":"","theme-transparent-header-meta":"default","adv-header-id-meta":"","stick-header-meta":"","header-above-stick-meta":"","header-main-stick-meta":"","header-below-stick-meta":"","astra-migrate-meta-layouts":"default","ast-page-background-enabled":"default","ast-page-background-meta":{"desktop":{"background-color":"","background-image":"","background-repeat":"repeat","background-position":"center center","background-size":"auto","background-attachment":"scroll","background-type":"","background-media":"","overlay-type":"","overlay-color":"","overlay-opacity":"","overlay-gradient":""},"tablet":{"background-color":"","background-image":"","background-repeat":"repeat","background-position":"center center","background-size":"auto","background-attachment":"scroll","background-type":"","background-media":"","overlay-type":"","overlay-color":"","overlay-opacity":"","overlay-gradient":""},"mobile":{"background-color":"","background-image":"","background-repeat":"repeat","background-position":"center center","background-size":"auto","background-attachment":"scroll","background-type":"","background-media":"","overlay-type":"","overlay-color":"","overlay-opacity":"","overlay-gradient":""}},"ast-content-background-meta":{"desktop":{"background-color":"var(--ast-global-color-5)","background-image":"","background-repeat":"repeat","background-position":"center center","background-size":"auto","background-attachment":"scroll","background-type":"","background-media":"","overlay-type":"","overlay-color":"","overlay-opacity":"","overlay-gradient":""},"tablet":{"background-color":"var(--ast-global-color-5)","background-image":"","background-repeat":"repeat","background-position":"center center","background-size":"auto","background-attachment":"scroll","background-type":"","background-media":"","overlay-type":"","overlay-color":"","overlay-opacity":"","overlay-gradient":""},"mobile":{"background-color":"var(--ast-global-color-5)","background-image":"","background-repeat":"repeat","background-position":"center center","background-size":"auto","background-attachment":"scroll","background-type":"","background-media":"","overlay-type":"","overlay-color":"","overlay-opacity":"","overlay-gradient":""}}},"product_brand":[],"product_cat":[88],"product_tag":[172],"class_list":{"0":"post-5207","1":"product","2":"type-product","3":"status-publish","4":"has-post-thumbnail","6":"product_cat-fotolibro-ca","7":"product_tag-editorial-rm-ca","8":"desktop-align-left","9":"tablet-align-left","10":"mobile-align-left","12":"first","13":"instock","14":"shipping-taxable","15":"purchasable","16":"product-type-simple"},"acf":[],"yoast_head":"<!-- This site is optimized with the Yoast SEO plugin v27.3 - https:\/\/yoast.com\/product\/yoast-seo-wordpress\/ -->\n<title>Cristos y anticristos - ArtsLibris<\/title>\n<meta name=\"robots\" content=\"index, follow, max-snippet:-1, max-image-preview:large, max-video-preview:-1\" \/>\n<link rel=\"canonical\" href=\"https:\/\/artslibris.cat\/ca\/tienda\/fotolibro-ca\/cristos-y-anticristos\/\" \/>\n<meta property=\"og:locale\" content=\"ca_ES\" \/>\n<meta property=\"og:type\" content=\"article\" \/>\n<meta property=\"og:title\" content=\"Cristos y anticristos - ArtsLibris\" \/>\n<meta property=\"og:description\" content=\"T\u00edtol: Cristos y anticristos. Editorial: RM. Autor:\u00a0Javier Viver. P\u00e0gines: 192 + 5 desplegable. Mida: 9 x 13 cm. Idioma: espanyol. ISBN: 978-84-17975-42-5. Any de publicaci\u00f3: 2020.\" \/>\n<meta property=\"og:url\" content=\"https:\/\/artslibris.cat\/ca\/tienda\/fotolibro-ca\/cristos-y-anticristos\/\" \/>\n<meta property=\"og:site_name\" content=\"ArtsLibris\" \/>\n<meta property=\"article:publisher\" content=\"https:\/\/www.facebook.com\/artslibris\/\" \/>\n<meta property=\"article:modified_time\" content=\"2021-02-11T15:13:17+00:00\" \/>\n<meta property=\"og:image\" content=\"https:\/\/artslibris.cat\/wp-content\/uploads\/2021\/01\/ArtsLibris_cristosyanticristos_RM.jpg\" \/>\n\t<meta property=\"og:image:width\" content=\"534\" \/>\n\t<meta property=\"og:image:height\" content=\"764\" \/>\n\t<meta property=\"og:image:type\" content=\"image\/jpeg\" \/>\n<meta name=\"twitter:card\" content=\"summary_large_image\" \/>\n<meta name=\"twitter:site\" content=\"@ArtsLibris\" \/>\n<meta name=\"twitter:label1\" content=\"Temps estimat de lectura\" \/>\n\t<meta name=\"twitter:data1\" content=\"1 minut\" \/>\n<script type=\"application\/ld+json\" class=\"yoast-schema-graph\">{\"@context\":\"https:\\\/\\\/schema.org\",\"@graph\":[{\"@type\":\"WebPage\",\"@id\":\"https:\\\/\\\/artslibris.cat\\\/ca\\\/tienda\\\/fotolibro-ca\\\/cristos-y-anticristos\\\/\",\"url\":\"https:\\\/\\\/artslibris.cat\\\/ca\\\/tienda\\\/fotolibro-ca\\\/cristos-y-anticristos\\\/\",\"name\":\"Cristos y anticristos - ArtsLibris\",\"isPartOf\":{\"@id\":\"https:\\\/\\\/artslibris.cat\\\/ca\\\/#website\"},\"primaryImageOfPage\":{\"@id\":\"https:\\\/\\\/artslibris.cat\\\/ca\\\/tienda\\\/fotolibro-ca\\\/cristos-y-anticristos\\\/#primaryimage\"},\"image\":{\"@id\":\"https:\\\/\\\/artslibris.cat\\\/ca\\\/tienda\\\/fotolibro-ca\\\/cristos-y-anticristos\\\/#primaryimage\"},\"thumbnailUrl\":\"https:\\\/\\\/artslibris.cat\\\/wp-content\\\/uploads\\\/2021\\\/01\\\/ArtsLibris_cristosyanticristos_RM.jpg\",\"datePublished\":\"2021-01-07T15:49:30+00:00\",\"dateModified\":\"2021-02-11T15:13:17+00:00\",\"breadcrumb\":{\"@id\":\"https:\\\/\\\/artslibris.cat\\\/ca\\\/tienda\\\/fotolibro-ca\\\/cristos-y-anticristos\\\/#breadcrumb\"},\"inLanguage\":\"ca\",\"potentialAction\":[{\"@type\":\"ReadAction\",\"target\":[\"https:\\\/\\\/artslibris.cat\\\/ca\\\/tienda\\\/fotolibro-ca\\\/cristos-y-anticristos\\\/\"]}]},{\"@type\":\"ImageObject\",\"inLanguage\":\"ca\",\"@id\":\"https:\\\/\\\/artslibris.cat\\\/ca\\\/tienda\\\/fotolibro-ca\\\/cristos-y-anticristos\\\/#primaryimage\",\"url\":\"https:\\\/\\\/artslibris.cat\\\/wp-content\\\/uploads\\\/2021\\\/01\\\/ArtsLibris_cristosyanticristos_RM.jpg\",\"contentUrl\":\"https:\\\/\\\/artslibris.cat\\\/wp-content\\\/uploads\\\/2021\\\/01\\\/ArtsLibris_cristosyanticristos_RM.jpg\",\"width\":534,\"height\":764},{\"@type\":\"BreadcrumbList\",\"@id\":\"https:\\\/\\\/artslibris.cat\\\/ca\\\/tienda\\\/fotolibro-ca\\\/cristos-y-anticristos\\\/#breadcrumb\",\"itemListElement\":[{\"@type\":\"ListItem\",\"position\":1,\"name\":\"Portada\",\"item\":\"https:\\\/\\\/artslibris.cat\\\/ca\\\/\"},{\"@type\":\"ListItem\",\"position\":2,\"name\":\"Tenda\",\"item\":\"https:\\\/\\\/artslibris.cat\\\/ca\\\/tenda\\\/\"},{\"@type\":\"ListItem\",\"position\":3,\"name\":\"Cristos y anticristos\"}]},{\"@type\":\"WebSite\",\"@id\":\"https:\\\/\\\/artslibris.cat\\\/ca\\\/#website\",\"url\":\"https:\\\/\\\/artslibris.cat\\\/ca\\\/\",\"name\":\"ArtsLibris\",\"description\":\"\",\"publisher\":{\"@id\":\"https:\\\/\\\/artslibris.cat\\\/ca\\\/#organization\"},\"potentialAction\":[{\"@type\":\"SearchAction\",\"target\":{\"@type\":\"EntryPoint\",\"urlTemplate\":\"https:\\\/\\\/artslibris.cat\\\/ca\\\/?s={search_term_string}\"},\"query-input\":{\"@type\":\"PropertyValueSpecification\",\"valueRequired\":true,\"valueName\":\"search_term_string\"}}],\"inLanguage\":\"ca\"},{\"@type\":\"Organization\",\"@id\":\"https:\\\/\\\/artslibris.cat\\\/ca\\\/#organization\",\"name\":\"ArtsLibris\",\"url\":\"https:\\\/\\\/artslibris.cat\\\/ca\\\/\",\"logo\":{\"@type\":\"ImageObject\",\"inLanguage\":\"ca\",\"@id\":\"https:\\\/\\\/artslibris.cat\\\/ca\\\/#\\\/schema\\\/logo\\\/image\\\/\",\"url\":\"https:\\\/\\\/artslibris.cat\\\/wp-content\\\/uploads\\\/2020\\\/05\\\/ArtsLibris-logo-black.svg\",\"contentUrl\":\"https:\\\/\\\/artslibris.cat\\\/wp-content\\\/uploads\\\/2020\\\/05\\\/ArtsLibris-logo-black.svg\",\"width\":521,\"height\":85,\"caption\":\"ArtsLibris\"},\"image\":{\"@id\":\"https:\\\/\\\/artslibris.cat\\\/ca\\\/#\\\/schema\\\/logo\\\/image\\\/\"},\"sameAs\":[\"https:\\\/\\\/www.facebook.com\\\/artslibris\\\/\",\"https:\\\/\\\/x.com\\\/ArtsLibris\",\"https:\\\/\\\/www.instagram.com\\\/artslibris\\\/\"]}]}<\/script>\n<!-- \/ Yoast SEO plugin. -->","yoast_head_json":{"title":"Cristos y anticristos - ArtsLibris","robots":{"index":"index","follow":"follow","max-snippet":"max-snippet:-1","max-image-preview":"max-image-preview:large","max-video-preview":"max-video-preview:-1"},"canonical":"https:\/\/artslibris.cat\/ca\/tienda\/fotolibro-ca\/cristos-y-anticristos\/","og_locale":"ca_ES","og_type":"article","og_title":"Cristos y anticristos - ArtsLibris","og_description":"T\u00edtol: Cristos y anticristos. Editorial: RM. Autor:\u00a0Javier Viver. P\u00e0gines: 192 + 5 desplegable. Mida: 9 x 13 cm. Idioma: espanyol. ISBN: 978-84-17975-42-5. Any de publicaci\u00f3: 2020.","og_url":"https:\/\/artslibris.cat\/ca\/tienda\/fotolibro-ca\/cristos-y-anticristos\/","og_site_name":"ArtsLibris","article_publisher":"https:\/\/www.facebook.com\/artslibris\/","article_modified_time":"2021-02-11T15:13:17+00:00","og_image":[{"width":534,"height":764,"url":"https:\/\/artslibris.cat\/wp-content\/uploads\/2021\/01\/ArtsLibris_cristosyanticristos_RM.jpg","type":"image\/jpeg"}],"twitter_card":"summary_large_image","twitter_site":"@ArtsLibris","twitter_misc":{"Temps estimat de lectura":"1 minut"},"schema":{"@context":"https:\/\/schema.org","@graph":[{"@type":"WebPage","@id":"https:\/\/artslibris.cat\/ca\/tienda\/fotolibro-ca\/cristos-y-anticristos\/","url":"https:\/\/artslibris.cat\/ca\/tienda\/fotolibro-ca\/cristos-y-anticristos\/","name":"Cristos y anticristos - ArtsLibris","isPartOf":{"@id":"https:\/\/artslibris.cat\/ca\/#website"},"primaryImageOfPage":{"@id":"https:\/\/artslibris.cat\/ca\/tienda\/fotolibro-ca\/cristos-y-anticristos\/#primaryimage"},"image":{"@id":"https:\/\/artslibris.cat\/ca\/tienda\/fotolibro-ca\/cristos-y-anticristos\/#primaryimage"},"thumbnailUrl":"https:\/\/artslibris.cat\/wp-content\/uploads\/2021\/01\/ArtsLibris_cristosyanticristos_RM.jpg","datePublished":"2021-01-07T15:49:30+00:00","dateModified":"2021-02-11T15:13:17+00:00","breadcrumb":{"@id":"https:\/\/artslibris.cat\/ca\/tienda\/fotolibro-ca\/cristos-y-anticristos\/#breadcrumb"},"inLanguage":"ca","potentialAction":[{"@type":"ReadAction","target":["https:\/\/artslibris.cat\/ca\/tienda\/fotolibro-ca\/cristos-y-anticristos\/"]}]},{"@type":"ImageObject","inLanguage":"ca","@id":"https:\/\/artslibris.cat\/ca\/tienda\/fotolibro-ca\/cristos-y-anticristos\/#primaryimage","url":"https:\/\/artslibris.cat\/wp-content\/uploads\/2021\/01\/ArtsLibris_cristosyanticristos_RM.jpg","contentUrl":"https:\/\/artslibris.cat\/wp-content\/uploads\/2021\/01\/ArtsLibris_cristosyanticristos_RM.jpg","width":534,"height":764},{"@type":"BreadcrumbList","@id":"https:\/\/artslibris.cat\/ca\/tienda\/fotolibro-ca\/cristos-y-anticristos\/#breadcrumb","itemListElement":[{"@type":"ListItem","position":1,"name":"Portada","item":"https:\/\/artslibris.cat\/ca\/"},{"@type":"ListItem","position":2,"name":"Tenda","item":"https:\/\/artslibris.cat\/ca\/tenda\/"},{"@type":"ListItem","position":3,"name":"Cristos y anticristos"}]},{"@type":"WebSite","@id":"https:\/\/artslibris.cat\/ca\/#website","url":"https:\/\/artslibris.cat\/ca\/","name":"ArtsLibris","description":"","publisher":{"@id":"https:\/\/artslibris.cat\/ca\/#organization"},"potentialAction":[{"@type":"SearchAction","target":{"@type":"EntryPoint","urlTemplate":"https:\/\/artslibris.cat\/ca\/?s={search_term_string}"},"query-input":{"@type":"PropertyValueSpecification","valueRequired":true,"valueName":"search_term_string"}}],"inLanguage":"ca"},{"@type":"Organization","@id":"https:\/\/artslibris.cat\/ca\/#organization","name":"ArtsLibris","url":"https:\/\/artslibris.cat\/ca\/","logo":{"@type":"ImageObject","inLanguage":"ca","@id":"https:\/\/artslibris.cat\/ca\/#\/schema\/logo\/image\/","url":"https:\/\/artslibris.cat\/wp-content\/uploads\/2020\/05\/ArtsLibris-logo-black.svg","contentUrl":"https:\/\/artslibris.cat\/wp-content\/uploads\/2020\/05\/ArtsLibris-logo-black.svg","width":521,"height":85,"caption":"ArtsLibris"},"image":{"@id":"https:\/\/artslibris.cat\/ca\/#\/schema\/logo\/image\/"},"sameAs":["https:\/\/www.facebook.com\/artslibris\/","https:\/\/x.com\/ArtsLibris","https:\/\/www.instagram.com\/artslibris\/"]}]}},"_links":{"self":[{"href":"https:\/\/artslibris.cat\/ca\/wp-json\/wp\/v2\/product\/5207","targetHints":{"allow":["GET"]}}],"collection":[{"href":"https:\/\/artslibris.cat\/ca\/wp-json\/wp\/v2\/product"}],"about":[{"href":"https:\/\/artslibris.cat\/ca\/wp-json\/wp\/v2\/types\/product"}],"wp:featuredmedia":[{"embeddable":true,"href":"https:\/\/artslibris.cat\/ca\/wp-json\/wp\/v2\/media\/5152"}],"wp:attachment":[{"href":"https:\/\/artslibris.cat\/ca\/wp-json\/wp\/v2\/media?parent=5207"}],"wp:term":[{"taxonomy":"product_brand","embeddable":true,"href":"https:\/\/artslibris.cat\/ca\/wp-json\/wp\/v2\/product_brand?post=5207"},{"taxonomy":"product_cat","embeddable":true,"href":"https:\/\/artslibris.cat\/ca\/wp-json\/wp\/v2\/product_cat?post=5207"},{"taxonomy":"product_tag","embeddable":true,"href":"https:\/\/artslibris.cat\/ca\/wp-json\/wp\/v2\/product_tag?post=5207"}],"curies":[{"name":"wp","href":"https:\/\/api.w.org\/{rel}","templated":true}]}}