{"id":4436,"date":"2020-12-11T16:40:31","date_gmt":"2020-12-11T16:40:31","guid":{"rendered":"https:\/\/artslibris.cat\/?post_type=product&#038;p=4436"},"modified":"2025-02-27T14:12:13","modified_gmt":"2025-02-27T14:12:13","slug":"teoria-da-cor","status":"publish","type":"product","link":"https:\/\/artslibris.cat\/ca\/tienda\/fotolibro-ca\/teoria-da-cor\/","title":{"rendered":"Teoria da cor &#8211; Miguel Rio Branco"},"content":{"rendered":"<p><em>Teoria da Cor<\/em> \u00e9s un extens cat\u00e0leg publicat amb motiu de l&#8217;exposici\u00f3 del mateix nom presentada en la Esta\u00e7\u00e3o Pinacoteca, S\u00e3o Paulo, el Brasil, entre abril i juliol de 2014. Dissenyat per Miguel Rio Branco, abasta obres des de l&#8217;inici de la seva carrera en la d\u00e8cada de 1960, fins a 2012. El cat\u00e0leg, que es presenta en un estoig, inclou un fullet de 31 p\u00e0gines amb una llarga entrevista amb l&#8217;artista. La selecci\u00f3 inclou fotografies, instal\u00b7lacions, objectes i pintures amb collages que demostren la varietat de solucions i t\u00e8cniques utilitzades per l&#8217;artista en la construcci\u00f3 de les seves obres. Tota l&#8217;obra de Rio Branco est\u00e0 contaminada per una atmosfera de plaer i dolor, de dramatisme i lirisme. Entre el m\u00e9s destacat de l&#8217;exposici\u00f3 es troben les primeres obres realitzades per Miguel Rio Branco, &#8220;<em>Di\u00e1logos com Ama\u00fa<\/em>&#8220;, una instal\u00b7laci\u00f3 de 1983, i &#8220;<em>Entre us Olhos o Deserto<\/em>&#8220;, realitzada a la frontera dels Estats Units i M\u00e8xic en 1998.<\/p>\n","protected":false},"excerpt":{"rendered":"<p>T\u00edtol: Teoria da cor.<br \/>\nEditor: Editora Madalena.<br \/>\nAutor: Miguel Rio Branco.<br \/>\nCiutat de publicaci\u00f3: S\u00e3o Paulo.<br \/>\nAny de publicaci\u00f3: 2014.<br \/>\nISBN: 9788582560327.<\/p>\n","protected":false},"featured_media":6448,"template":"","meta":{"_acf_changed":false,"site-sidebar-layout":"default","site-content-layout":"default","ast-site-content-layout":"default","site-content-style":"default","site-sidebar-style":"default","ast-global-header-display":"","ast-banner-title-visibility":"","ast-main-header-display":"","ast-hfb-above-header-display":"","ast-hfb-below-header-display":"","ast-hfb-mobile-header-display":"","site-post-title":"","ast-breadcrumbs-content":"","ast-featured-img":"","footer-sml-layout":"","ast-disable-related-posts":"","theme-transparent-header-meta":"default","adv-header-id-meta":"","stick-header-meta":"","header-above-stick-meta":"","header-main-stick-meta":"","header-below-stick-meta":"","astra-migrate-meta-layouts":"default","ast-page-background-enabled":"default","ast-page-background-meta":{"desktop":{"background-color":"","background-image":"","background-repeat":"repeat","background-position":"center center","background-size":"auto","background-attachment":"scroll","background-type":"","background-media":"","overlay-type":"","overlay-color":"","overlay-opacity":"","overlay-gradient":""},"tablet":{"background-color":"","background-image":"","background-repeat":"repeat","background-position":"center center","background-size":"auto","background-attachment":"scroll","background-type":"","background-media":"","overlay-type":"","overlay-color":"","overlay-opacity":"","overlay-gradient":""},"mobile":{"background-color":"","background-image":"","background-repeat":"repeat","background-position":"center center","background-size":"auto","background-attachment":"scroll","background-type":"","background-media":"","overlay-type":"","overlay-color":"","overlay-opacity":"","overlay-gradient":""}},"ast-content-background-meta":{"desktop":{"background-color":"var(--ast-global-color-5)","background-image":"","background-repeat":"repeat","background-position":"center center","background-size":"auto","background-attachment":"scroll","background-type":"","background-media":"","overlay-type":"","overlay-color":"","overlay-opacity":"","overlay-gradient":""},"tablet":{"background-color":"var(--ast-global-color-5)","background-image":"","background-repeat":"repeat","background-position":"center center","background-size":"auto","background-attachment":"scroll","background-type":"","background-media":"","overlay-type":"","overlay-color":"","overlay-opacity":"","overlay-gradient":""},"mobile":{"background-color":"var(--ast-global-color-5)","background-image":"","background-repeat":"repeat","background-position":"center center","background-size":"auto","background-attachment":"scroll","background-type":"","background-media":"","overlay-type":"","overlay-color":"","overlay-opacity":"","overlay-gradient":""}}},"product_brand":[],"product_cat":[88],"product_tag":[187],"class_list":{"0":"post-4436","1":"product","2":"type-product","3":"status-publish","4":"has-post-thumbnail","6":"product_cat-fotolibro-ca","7":"product_tag-rv-cultura-e-arte-ca","8":"desktop-align-left","9":"tablet-align-left","10":"mobile-align-left","12":"first","13":"outofstock","14":"shipping-taxable","15":"purchasable","16":"product-type-simple"},"acf":[],"yoast_head":"<!-- This site is optimized with the Yoast SEO plugin v27.3 - https:\/\/yoast.com\/product\/yoast-seo-wordpress\/ -->\n<title>Teoria da cor - Miguel Rio Branco - ArtsLibris<\/title>\n<meta name=\"description\" content=\"&quot;Botiga ArtsLibris - Teoria da cor - Miguel Rio Branco&quot;\" \/>\n<meta name=\"robots\" content=\"index, follow, max-snippet:-1, max-image-preview:large, max-video-preview:-1\" \/>\n<link rel=\"canonical\" href=\"https:\/\/artslibris.cat\/ca\/tienda\/fotolibro-ca\/teoria-da-cor\/\" \/>\n<meta property=\"og:locale\" content=\"ca_ES\" \/>\n<meta property=\"og:type\" content=\"article\" \/>\n<meta property=\"og:title\" content=\"Teoria da cor - Miguel Rio Branco - ArtsLibris\" \/>\n<meta property=\"og:description\" content=\"&quot;Botiga ArtsLibris - Teoria da cor - Miguel Rio Branco&quot;\" \/>\n<meta property=\"og:url\" content=\"https:\/\/artslibris.cat\/ca\/tienda\/fotolibro-ca\/teoria-da-cor\/\" \/>\n<meta property=\"og:site_name\" content=\"ArtsLibris\" \/>\n<meta property=\"article:publisher\" content=\"https:\/\/www.facebook.com\/artslibris\/\" \/>\n<meta property=\"article:modified_time\" content=\"2025-02-27T14:12:13+00:00\" \/>\n<meta property=\"og:image\" content=\"https:\/\/artslibris.cat\/wp-content\/uploads\/2020\/12\/ArtsLibris_Libreria_madalena_teoria-da-cor1-OK.jpg\" \/>\n\t<meta property=\"og:image:width\" content=\"1080\" \/>\n\t<meta property=\"og:image:height\" content=\"668\" \/>\n\t<meta property=\"og:image:type\" content=\"image\/jpeg\" \/>\n<meta name=\"twitter:card\" content=\"summary_large_image\" \/>\n<meta name=\"twitter:site\" content=\"@ArtsLibris\" \/>\n<meta name=\"twitter:label1\" content=\"Temps estimat de lectura\" \/>\n\t<meta name=\"twitter:data1\" content=\"1 minut\" \/>\n<script type=\"application\/ld+json\" class=\"yoast-schema-graph\">{\"@context\":\"https:\\\/\\\/schema.org\",\"@graph\":[{\"@type\":\"WebPage\",\"@id\":\"https:\\\/\\\/artslibris.cat\\\/ca\\\/tienda\\\/fotolibro-ca\\\/teoria-da-cor\\\/\",\"url\":\"https:\\\/\\\/artslibris.cat\\\/ca\\\/tienda\\\/fotolibro-ca\\\/teoria-da-cor\\\/\",\"name\":\"Teoria da cor - Miguel Rio Branco - ArtsLibris\",\"isPartOf\":{\"@id\":\"https:\\\/\\\/artslibris.cat\\\/ca\\\/#website\"},\"primaryImageOfPage\":{\"@id\":\"https:\\\/\\\/artslibris.cat\\\/ca\\\/tienda\\\/fotolibro-ca\\\/teoria-da-cor\\\/#primaryimage\"},\"image\":{\"@id\":\"https:\\\/\\\/artslibris.cat\\\/ca\\\/tienda\\\/fotolibro-ca\\\/teoria-da-cor\\\/#primaryimage\"},\"thumbnailUrl\":\"https:\\\/\\\/artslibris.cat\\\/wp-content\\\/uploads\\\/2021\\\/02\\\/ArtsLibris_RV-cultura-e-arte-cadernodecampo.jpg\",\"datePublished\":\"2020-12-11T16:40:31+00:00\",\"dateModified\":\"2025-02-27T14:12:13+00:00\",\"description\":\"\\\"Botiga ArtsLibris - Teoria da cor - Miguel Rio Branco\\\"\",\"breadcrumb\":{\"@id\":\"https:\\\/\\\/artslibris.cat\\\/ca\\\/tienda\\\/fotolibro-ca\\\/teoria-da-cor\\\/#breadcrumb\"},\"inLanguage\":\"ca\",\"potentialAction\":[{\"@type\":\"ReadAction\",\"target\":[\"https:\\\/\\\/artslibris.cat\\\/ca\\\/tienda\\\/fotolibro-ca\\\/teoria-da-cor\\\/\"]}]},{\"@type\":\"ImageObject\",\"inLanguage\":\"ca\",\"@id\":\"https:\\\/\\\/artslibris.cat\\\/ca\\\/tienda\\\/fotolibro-ca\\\/teoria-da-cor\\\/#primaryimage\",\"url\":\"https:\\\/\\\/artslibris.cat\\\/wp-content\\\/uploads\\\/2021\\\/02\\\/ArtsLibris_RV-cultura-e-arte-cadernodecampo.jpg\",\"contentUrl\":\"https:\\\/\\\/artslibris.cat\\\/wp-content\\\/uploads\\\/2021\\\/02\\\/ArtsLibris_RV-cultura-e-arte-cadernodecampo.jpg\",\"width\":1280,\"height\":853},{\"@type\":\"BreadcrumbList\",\"@id\":\"https:\\\/\\\/artslibris.cat\\\/ca\\\/tienda\\\/fotolibro-ca\\\/teoria-da-cor\\\/#breadcrumb\",\"itemListElement\":[{\"@type\":\"ListItem\",\"position\":1,\"name\":\"Portada\",\"item\":\"https:\\\/\\\/artslibris.cat\\\/ca\\\/\"},{\"@type\":\"ListItem\",\"position\":2,\"name\":\"Tenda\",\"item\":\"https:\\\/\\\/artslibris.cat\\\/ca\\\/tenda\\\/\"},{\"@type\":\"ListItem\",\"position\":3,\"name\":\"Teoria da cor &#8211; Miguel Rio Branco\"}]},{\"@type\":\"WebSite\",\"@id\":\"https:\\\/\\\/artslibris.cat\\\/ca\\\/#website\",\"url\":\"https:\\\/\\\/artslibris.cat\\\/ca\\\/\",\"name\":\"ArtsLibris\",\"description\":\"\",\"publisher\":{\"@id\":\"https:\\\/\\\/artslibris.cat\\\/ca\\\/#organization\"},\"potentialAction\":[{\"@type\":\"SearchAction\",\"target\":{\"@type\":\"EntryPoint\",\"urlTemplate\":\"https:\\\/\\\/artslibris.cat\\\/ca\\\/?s={search_term_string}\"},\"query-input\":{\"@type\":\"PropertyValueSpecification\",\"valueRequired\":true,\"valueName\":\"search_term_string\"}}],\"inLanguage\":\"ca\"},{\"@type\":\"Organization\",\"@id\":\"https:\\\/\\\/artslibris.cat\\\/ca\\\/#organization\",\"name\":\"ArtsLibris\",\"url\":\"https:\\\/\\\/artslibris.cat\\\/ca\\\/\",\"logo\":{\"@type\":\"ImageObject\",\"inLanguage\":\"ca\",\"@id\":\"https:\\\/\\\/artslibris.cat\\\/ca\\\/#\\\/schema\\\/logo\\\/image\\\/\",\"url\":\"https:\\\/\\\/artslibris.cat\\\/wp-content\\\/uploads\\\/2020\\\/05\\\/ArtsLibris-logo-black.svg\",\"contentUrl\":\"https:\\\/\\\/artslibris.cat\\\/wp-content\\\/uploads\\\/2020\\\/05\\\/ArtsLibris-logo-black.svg\",\"width\":521,\"height\":85,\"caption\":\"ArtsLibris\"},\"image\":{\"@id\":\"https:\\\/\\\/artslibris.cat\\\/ca\\\/#\\\/schema\\\/logo\\\/image\\\/\"},\"sameAs\":[\"https:\\\/\\\/www.facebook.com\\\/artslibris\\\/\",\"https:\\\/\\\/x.com\\\/ArtsLibris\",\"https:\\\/\\\/www.instagram.com\\\/artslibris\\\/\"]}]}<\/script>\n<!-- \/ Yoast SEO plugin. -->","yoast_head_json":{"title":"Teoria da cor - Miguel Rio Branco - ArtsLibris","description":"\"Botiga ArtsLibris - Teoria da cor - Miguel Rio Branco\"","robots":{"index":"index","follow":"follow","max-snippet":"max-snippet:-1","max-image-preview":"max-image-preview:large","max-video-preview":"max-video-preview:-1"},"canonical":"https:\/\/artslibris.cat\/ca\/tienda\/fotolibro-ca\/teoria-da-cor\/","og_locale":"ca_ES","og_type":"article","og_title":"Teoria da cor - Miguel Rio Branco - ArtsLibris","og_description":"\"Botiga ArtsLibris - Teoria da cor - Miguel Rio Branco\"","og_url":"https:\/\/artslibris.cat\/ca\/tienda\/fotolibro-ca\/teoria-da-cor\/","og_site_name":"ArtsLibris","article_publisher":"https:\/\/www.facebook.com\/artslibris\/","article_modified_time":"2025-02-27T14:12:13+00:00","og_image":[{"width":1080,"height":668,"url":"https:\/\/artslibris.cat\/wp-content\/uploads\/2020\/12\/ArtsLibris_Libreria_madalena_teoria-da-cor1-OK.jpg","type":"image\/jpeg"}],"twitter_card":"summary_large_image","twitter_site":"@ArtsLibris","twitter_misc":{"Temps estimat de lectura":"1 minut"},"schema":{"@context":"https:\/\/schema.org","@graph":[{"@type":"WebPage","@id":"https:\/\/artslibris.cat\/ca\/tienda\/fotolibro-ca\/teoria-da-cor\/","url":"https:\/\/artslibris.cat\/ca\/tienda\/fotolibro-ca\/teoria-da-cor\/","name":"Teoria da cor - Miguel Rio Branco - ArtsLibris","isPartOf":{"@id":"https:\/\/artslibris.cat\/ca\/#website"},"primaryImageOfPage":{"@id":"https:\/\/artslibris.cat\/ca\/tienda\/fotolibro-ca\/teoria-da-cor\/#primaryimage"},"image":{"@id":"https:\/\/artslibris.cat\/ca\/tienda\/fotolibro-ca\/teoria-da-cor\/#primaryimage"},"thumbnailUrl":"https:\/\/artslibris.cat\/wp-content\/uploads\/2021\/02\/ArtsLibris_RV-cultura-e-arte-cadernodecampo.jpg","datePublished":"2020-12-11T16:40:31+00:00","dateModified":"2025-02-27T14:12:13+00:00","description":"\"Botiga ArtsLibris - Teoria da cor - Miguel Rio Branco\"","breadcrumb":{"@id":"https:\/\/artslibris.cat\/ca\/tienda\/fotolibro-ca\/teoria-da-cor\/#breadcrumb"},"inLanguage":"ca","potentialAction":[{"@type":"ReadAction","target":["https:\/\/artslibris.cat\/ca\/tienda\/fotolibro-ca\/teoria-da-cor\/"]}]},{"@type":"ImageObject","inLanguage":"ca","@id":"https:\/\/artslibris.cat\/ca\/tienda\/fotolibro-ca\/teoria-da-cor\/#primaryimage","url":"https:\/\/artslibris.cat\/wp-content\/uploads\/2021\/02\/ArtsLibris_RV-cultura-e-arte-cadernodecampo.jpg","contentUrl":"https:\/\/artslibris.cat\/wp-content\/uploads\/2021\/02\/ArtsLibris_RV-cultura-e-arte-cadernodecampo.jpg","width":1280,"height":853},{"@type":"BreadcrumbList","@id":"https:\/\/artslibris.cat\/ca\/tienda\/fotolibro-ca\/teoria-da-cor\/#breadcrumb","itemListElement":[{"@type":"ListItem","position":1,"name":"Portada","item":"https:\/\/artslibris.cat\/ca\/"},{"@type":"ListItem","position":2,"name":"Tenda","item":"https:\/\/artslibris.cat\/ca\/tenda\/"},{"@type":"ListItem","position":3,"name":"Teoria da cor &#8211; Miguel Rio Branco"}]},{"@type":"WebSite","@id":"https:\/\/artslibris.cat\/ca\/#website","url":"https:\/\/artslibris.cat\/ca\/","name":"ArtsLibris","description":"","publisher":{"@id":"https:\/\/artslibris.cat\/ca\/#organization"},"potentialAction":[{"@type":"SearchAction","target":{"@type":"EntryPoint","urlTemplate":"https:\/\/artslibris.cat\/ca\/?s={search_term_string}"},"query-input":{"@type":"PropertyValueSpecification","valueRequired":true,"valueName":"search_term_string"}}],"inLanguage":"ca"},{"@type":"Organization","@id":"https:\/\/artslibris.cat\/ca\/#organization","name":"ArtsLibris","url":"https:\/\/artslibris.cat\/ca\/","logo":{"@type":"ImageObject","inLanguage":"ca","@id":"https:\/\/artslibris.cat\/ca\/#\/schema\/logo\/image\/","url":"https:\/\/artslibris.cat\/wp-content\/uploads\/2020\/05\/ArtsLibris-logo-black.svg","contentUrl":"https:\/\/artslibris.cat\/wp-content\/uploads\/2020\/05\/ArtsLibris-logo-black.svg","width":521,"height":85,"caption":"ArtsLibris"},"image":{"@id":"https:\/\/artslibris.cat\/ca\/#\/schema\/logo\/image\/"},"sameAs":["https:\/\/www.facebook.com\/artslibris\/","https:\/\/x.com\/ArtsLibris","https:\/\/www.instagram.com\/artslibris\/"]}]}},"_links":{"self":[{"href":"https:\/\/artslibris.cat\/ca\/wp-json\/wp\/v2\/product\/4436","targetHints":{"allow":["GET"]}}],"collection":[{"href":"https:\/\/artslibris.cat\/ca\/wp-json\/wp\/v2\/product"}],"about":[{"href":"https:\/\/artslibris.cat\/ca\/wp-json\/wp\/v2\/types\/product"}],"wp:featuredmedia":[{"embeddable":true,"href":"https:\/\/artslibris.cat\/ca\/wp-json\/wp\/v2\/media\/6448"}],"wp:attachment":[{"href":"https:\/\/artslibris.cat\/ca\/wp-json\/wp\/v2\/media?parent=4436"}],"wp:term":[{"taxonomy":"product_brand","embeddable":true,"href":"https:\/\/artslibris.cat\/ca\/wp-json\/wp\/v2\/product_brand?post=4436"},{"taxonomy":"product_cat","embeddable":true,"href":"https:\/\/artslibris.cat\/ca\/wp-json\/wp\/v2\/product_cat?post=4436"},{"taxonomy":"product_tag","embeddable":true,"href":"https:\/\/artslibris.cat\/ca\/wp-json\/wp\/v2\/product_tag?post=4436"}],"curies":[{"name":"wp","href":"https:\/\/api.w.org\/{rel}","templated":true}]}}