{"id":3929,"date":"2020-11-28T12:53:05","date_gmt":"2020-11-28T14:20:43","guid":{"rendered":"https:\/\/artslibris.cat\/?post_type=product&#038;p=3929"},"modified":"2021-09-16T17:10:40","modified_gmt":"2021-09-16T17:10:40","slug":"relat-cartografic-carles-fontsere","status":"publish","type":"product","link":"https:\/\/artslibris.cat\/ca\/tienda\/fotolibro-ca\/relat-cartografic-carles-fontsere\/","title":{"rendered":"Relat cartogr\u00e0fic &#8211; Carles Fontser\u00e8"},"content":{"rendered":"<p>Aquest cat\u00e0leg inclou imatges de les fotografies que formen part de l\u2019exposici\u00f3 \u201cRelat cartogr\u00e0fic\u201d de l\u2019artista Carles\u00a0<span class=\"hiddenSpellError\">Fontser\u00e8<\/span>\u00a0celebrada al Museu Palau\u00a0<span class=\"hiddenSpellError\">Solterra<\/span> l\u2019any 2018. Es tracta, doncs, d\u2019un cat\u00e0leg d\u2019art contemporani que recorda l\u2019exposici\u00f3 esmentada i que permet gaudir-la de nou des de casa.<\/p>\n<p>Com a acte de cloenda del centenari del naixement de Carles\u00a0<span class=\"hiddenSpellError\">Fontser\u00e8<\/span>\u00a0(Barcelona, 1916 \u2013 Porqueres, 2007) la Fundaci\u00f3 Vila\u00a0<span class=\"hiddenSpellError\">Casas<\/span>\u00a0acull la mostra fotogr\u00e0fica \u201cRelat cartogr\u00e0fic\u201d per posar punt final a la celebraci\u00f3 d\u2019un centenari que ha tingut com a objectiu principal destacar la import\u00e0ncia del Carles\u00a0<span class=\"hiddenSpellError\">Fontser\u00e8<\/span>\u00a0fotoperiodista. Amb una dilatada traject\u00f2ria en diferents disciplines com la fotografia, la pintura, el cartell, l\u2019escenografia, el dibuix o l\u2019escriptura,\u00a0<span class=\"hiddenSpellError\">Fontser\u00e8<\/span>\u00a0fou reconegut, des de ben jove, com a il\u00b7lustrador de cartells durant la\u00a0Guerra Civil Espanyola. L\u2019any 1963, despr\u00e9s del seu pas per Fran\u00e7a, M\u00e8xic o Nova York,\u00a0<span class=\"hiddenSpellError\">Fontser\u00e8<\/span>\u00a0viatj\u00e0 a Europa i, m\u00e9s concretament, a ciutats de gran tradici\u00f3 documentalista com Roma, Par\u00eds i Londres amb l\u2019objectiu de publicar, com s\u2019estava fent aleshores arreu,\u00a0<span class=\"hiddenSpellError\">fotollibres<\/span>. Aquest ambici\u00f3s projecte, per\u00f2, va esdevenir\u00a0frustrat, ja que\u00a0la no pertinen\u00e7a de\u00a0<span class=\"hiddenSpellError\">Fontser\u00e8<\/span> al nucli central on s\u2019establien les relacions entre escriptors, editors i fot\u00f2grafs a Espanya, el van mantenir sempre en un marge perif\u00e8ric.<\/p>\n<p>La mostra \u201cRelat cartogr\u00e0fic\u201d, comissariada per Nat\u00e0lia\u00a0<span class=\"hiddenSpellError\">Chocarro<\/span>\u00a0i Merc\u00e8 Vila, presenta una selecci\u00f3 de fotografies que documenten la ciutat de Londres en un moment d\u2019efervesc\u00e8ncia social. Les fotografies de\u00a0<span class=\"hiddenSpellError\">Fontser\u00e8<\/span>\u00a0combinen el que ell denomina \u201cgeografia humana\u201d amb l\u2019arquitectura ic\u00f2nica de la ciutat, amb un resultat que testimonia un Londres convertit en centre cultural de joventut, moda i modernitat. \u201cRelat cartogr\u00e0fic\u201d ens permet trepitjar els carrers de Londres mentre observem el Palau de\u00a0<span class=\"hiddenSpellError\">Westmister<\/span>, el Soho o el\u00a0<span class=\"hiddenSpellError\">Piccadilly<\/span>\u00a0<span class=\"hiddenSpellError\">Circus<\/span>\u00a0com a escenari, real, d\u2019una generaci\u00f3 marcada pel\u00a0<span class=\"hiddenSpellError\">Swinging<\/span>\u00a0London, The Beatles i\u00a0<span class=\"hiddenSpellError\">The<\/span>\u00a0Rolling Stones.<\/p>\n","protected":false},"excerpt":{"rendered":"<p>T\u00edtol: Relat cartogr\u00e0fic.<br \/>\nEditorial: Fundaci\u00f3 Vila Casas.<br \/>\nArtistes: Carles Fontser\u00e8.<br \/>\nAny de publicaci\u00f3: 2018.<br \/>\nAutores:\u00a0Nat\u00e0lia Chocarro, N\u00faria Fern\u00e1ndez Rius, Merc\u00e8 Vila.<br \/>\nP\u00e0gines: 94.<br \/>\nDimensions: 16 cm x 16 cm.<br \/>\nIdioma: catal\u00e0\u00a0amb traduccions en castell\u00e0\u00a0i angl\u00e8s incloses dins el mateix cat\u00e0leg.<br \/>\nTapa: tova.<\/p>\n","protected":false},"featured_media":3926,"template":"","meta":{"_acf_changed":false,"site-sidebar-layout":"default","site-content-layout":"default","ast-site-content-layout":"default","site-content-style":"default","site-sidebar-style":"default","ast-global-header-display":"","ast-banner-title-visibility":"","ast-main-header-display":"","ast-hfb-above-header-display":"","ast-hfb-below-header-display":"","ast-hfb-mobile-header-display":"","site-post-title":"","ast-breadcrumbs-content":"","ast-featured-img":"","footer-sml-layout":"","ast-disable-related-posts":"","theme-transparent-header-meta":"default","adv-header-id-meta":"","stick-header-meta":"","header-above-stick-meta":"","header-main-stick-meta":"","header-below-stick-meta":"","astra-migrate-meta-layouts":"default","ast-page-background-enabled":"default","ast-page-background-meta":{"desktop":{"background-color":"","background-image":"","background-repeat":"repeat","background-position":"center center","background-size":"auto","background-attachment":"scroll","background-type":"","background-media":"","overlay-type":"","overlay-color":"","overlay-opacity":"","overlay-gradient":""},"tablet":{"background-color":"","background-image":"","background-repeat":"repeat","background-position":"center center","background-size":"auto","background-attachment":"scroll","background-type":"","background-media":"","overlay-type":"","overlay-color":"","overlay-opacity":"","overlay-gradient":""},"mobile":{"background-color":"","background-image":"","background-repeat":"repeat","background-position":"center center","background-size":"auto","background-attachment":"scroll","background-type":"","background-media":"","overlay-type":"","overlay-color":"","overlay-opacity":"","overlay-gradient":""}},"ast-content-background-meta":{"desktop":{"background-color":"var(--ast-global-color-5)","background-image":"","background-repeat":"repeat","background-position":"center center","background-size":"auto","background-attachment":"scroll","background-type":"","background-media":"","overlay-type":"","overlay-color":"","overlay-opacity":"","overlay-gradient":""},"tablet":{"background-color":"var(--ast-global-color-5)","background-image":"","background-repeat":"repeat","background-position":"center center","background-size":"auto","background-attachment":"scroll","background-type":"","background-media":"","overlay-type":"","overlay-color":"","overlay-opacity":"","overlay-gradient":""},"mobile":{"background-color":"var(--ast-global-color-5)","background-image":"","background-repeat":"repeat","background-position":"center center","background-size":"auto","background-attachment":"scroll","background-type":"","background-media":"","overlay-type":"","overlay-color":"","overlay-opacity":"","overlay-gradient":""}}},"product_brand":[],"product_cat":[100,88],"product_tag":[146],"class_list":{"0":"post-3929","1":"product","2":"type-product","3":"status-publish","4":"has-post-thumbnail","6":"product_cat-catalogo-ca","7":"product_cat-fotolibro-ca","8":"product_tag-fundacio-vila-casas-ca","9":"desktop-align-left","10":"tablet-align-left","11":"mobile-align-left","13":"first","14":"instock","15":"shipping-taxable","16":"purchasable","17":"product-type-simple"},"acf":[],"yoast_head":"<!-- This site is optimized with the Yoast SEO plugin v27.3 - https:\/\/yoast.com\/product\/yoast-seo-wordpress\/ -->\n<title>Relat cartogr\u00e0fic - Carles Fontser\u00e8 - ArtsLibris<\/title>\n<meta name=\"description\" content=\"&quot;Botiga ArtsLibris - Carles Fontsere - Relat cartografic&quot;\" \/>\n<meta name=\"robots\" content=\"index, follow, max-snippet:-1, max-image-preview:large, max-video-preview:-1\" \/>\n<link rel=\"canonical\" href=\"https:\/\/artslibris.cat\/ca\/tienda\/fotolibro-ca\/relat-cartografic-carles-fontsere\/\" \/>\n<meta property=\"og:locale\" content=\"ca_ES\" \/>\n<meta property=\"og:type\" content=\"article\" \/>\n<meta property=\"og:title\" content=\"Relat cartogr\u00e0fic - Carles Fontser\u00e8 - ArtsLibris\" \/>\n<meta property=\"og:description\" content=\"&quot;Botiga ArtsLibris - Carles Fontsere - Relat cartografic&quot;\" \/>\n<meta property=\"og:url\" content=\"https:\/\/artslibris.cat\/ca\/tienda\/fotolibro-ca\/relat-cartografic-carles-fontsere\/\" \/>\n<meta property=\"og:site_name\" content=\"ArtsLibris\" \/>\n<meta property=\"article:publisher\" content=\"https:\/\/www.facebook.com\/artslibris\/\" \/>\n<meta property=\"article:modified_time\" content=\"2021-09-16T17:10:40+00:00\" \/>\n<meta property=\"og:image\" content=\"https:\/\/artslibris.cat\/wp-content\/uploads\/2020\/11\/ArtsLibris_VilaCasas_Relato-cartografico.jpg\" \/>\n\t<meta property=\"og:image:width\" content=\"800\" \/>\n\t<meta property=\"og:image:height\" content=\"790\" \/>\n\t<meta property=\"og:image:type\" content=\"image\/jpeg\" \/>\n<meta name=\"twitter:card\" content=\"summary_large_image\" \/>\n<meta name=\"twitter:site\" content=\"@ArtsLibris\" \/>\n<meta name=\"twitter:label1\" content=\"Temps estimat de lectura\" \/>\n\t<meta name=\"twitter:data1\" content=\"2 minuts\" \/>\n<script type=\"application\/ld+json\" class=\"yoast-schema-graph\">{\"@context\":\"https:\\\/\\\/schema.org\",\"@graph\":[{\"@type\":\"WebPage\",\"@id\":\"https:\\\/\\\/artslibris.cat\\\/ca\\\/tienda\\\/fotolibro-ca\\\/relat-cartografic-carles-fontsere\\\/\",\"url\":\"https:\\\/\\\/artslibris.cat\\\/ca\\\/tienda\\\/fotolibro-ca\\\/relat-cartografic-carles-fontsere\\\/\",\"name\":\"Relat cartogr\u00e0fic - Carles Fontser\u00e8 - ArtsLibris\",\"isPartOf\":{\"@id\":\"https:\\\/\\\/artslibris.cat\\\/ca\\\/#website\"},\"primaryImageOfPage\":{\"@id\":\"https:\\\/\\\/artslibris.cat\\\/ca\\\/tienda\\\/fotolibro-ca\\\/relat-cartografic-carles-fontsere\\\/#primaryimage\"},\"image\":{\"@id\":\"https:\\\/\\\/artslibris.cat\\\/ca\\\/tienda\\\/fotolibro-ca\\\/relat-cartografic-carles-fontsere\\\/#primaryimage\"},\"thumbnailUrl\":\"https:\\\/\\\/artslibris.cat\\\/wp-content\\\/uploads\\\/2020\\\/11\\\/ArtsLibris_VilaCasas_Relato-cartografico.jpg\",\"datePublished\":\"2020-11-28T14:20:43+00:00\",\"dateModified\":\"2021-09-16T17:10:40+00:00\",\"description\":\"\\\"Botiga ArtsLibris - Carles Fontsere - Relat cartografic\\\"\",\"breadcrumb\":{\"@id\":\"https:\\\/\\\/artslibris.cat\\\/ca\\\/tienda\\\/fotolibro-ca\\\/relat-cartografic-carles-fontsere\\\/#breadcrumb\"},\"inLanguage\":\"ca\",\"potentialAction\":[{\"@type\":\"ReadAction\",\"target\":[\"https:\\\/\\\/artslibris.cat\\\/ca\\\/tienda\\\/fotolibro-ca\\\/relat-cartografic-carles-fontsere\\\/\"]}]},{\"@type\":\"ImageObject\",\"inLanguage\":\"ca\",\"@id\":\"https:\\\/\\\/artslibris.cat\\\/ca\\\/tienda\\\/fotolibro-ca\\\/relat-cartografic-carles-fontsere\\\/#primaryimage\",\"url\":\"https:\\\/\\\/artslibris.cat\\\/wp-content\\\/uploads\\\/2020\\\/11\\\/ArtsLibris_VilaCasas_Relato-cartografico.jpg\",\"contentUrl\":\"https:\\\/\\\/artslibris.cat\\\/wp-content\\\/uploads\\\/2020\\\/11\\\/ArtsLibris_VilaCasas_Relato-cartografico.jpg\",\"width\":800,\"height\":790},{\"@type\":\"BreadcrumbList\",\"@id\":\"https:\\\/\\\/artslibris.cat\\\/ca\\\/tienda\\\/fotolibro-ca\\\/relat-cartografic-carles-fontsere\\\/#breadcrumb\",\"itemListElement\":[{\"@type\":\"ListItem\",\"position\":1,\"name\":\"Portada\",\"item\":\"https:\\\/\\\/artslibris.cat\\\/ca\\\/\"},{\"@type\":\"ListItem\",\"position\":2,\"name\":\"Tenda\",\"item\":\"https:\\\/\\\/artslibris.cat\\\/ca\\\/tenda\\\/\"},{\"@type\":\"ListItem\",\"position\":3,\"name\":\"Relat cartogr\u00e0fic &#8211; Carles Fontser\u00e8\"}]},{\"@type\":\"WebSite\",\"@id\":\"https:\\\/\\\/artslibris.cat\\\/ca\\\/#website\",\"url\":\"https:\\\/\\\/artslibris.cat\\\/ca\\\/\",\"name\":\"ArtsLibris\",\"description\":\"\",\"publisher\":{\"@id\":\"https:\\\/\\\/artslibris.cat\\\/ca\\\/#organization\"},\"potentialAction\":[{\"@type\":\"SearchAction\",\"target\":{\"@type\":\"EntryPoint\",\"urlTemplate\":\"https:\\\/\\\/artslibris.cat\\\/ca\\\/?s={search_term_string}\"},\"query-input\":{\"@type\":\"PropertyValueSpecification\",\"valueRequired\":true,\"valueName\":\"search_term_string\"}}],\"inLanguage\":\"ca\"},{\"@type\":\"Organization\",\"@id\":\"https:\\\/\\\/artslibris.cat\\\/ca\\\/#organization\",\"name\":\"ArtsLibris\",\"url\":\"https:\\\/\\\/artslibris.cat\\\/ca\\\/\",\"logo\":{\"@type\":\"ImageObject\",\"inLanguage\":\"ca\",\"@id\":\"https:\\\/\\\/artslibris.cat\\\/ca\\\/#\\\/schema\\\/logo\\\/image\\\/\",\"url\":\"https:\\\/\\\/artslibris.cat\\\/wp-content\\\/uploads\\\/2020\\\/05\\\/ArtsLibris-logo-black.svg\",\"contentUrl\":\"https:\\\/\\\/artslibris.cat\\\/wp-content\\\/uploads\\\/2020\\\/05\\\/ArtsLibris-logo-black.svg\",\"width\":521,\"height\":85,\"caption\":\"ArtsLibris\"},\"image\":{\"@id\":\"https:\\\/\\\/artslibris.cat\\\/ca\\\/#\\\/schema\\\/logo\\\/image\\\/\"},\"sameAs\":[\"https:\\\/\\\/www.facebook.com\\\/artslibris\\\/\",\"https:\\\/\\\/x.com\\\/ArtsLibris\",\"https:\\\/\\\/www.instagram.com\\\/artslibris\\\/\"]}]}<\/script>\n<!-- \/ Yoast SEO plugin. -->","yoast_head_json":{"title":"Relat cartogr\u00e0fic - Carles Fontser\u00e8 - ArtsLibris","description":"\"Botiga ArtsLibris - Carles Fontsere - Relat cartografic\"","robots":{"index":"index","follow":"follow","max-snippet":"max-snippet:-1","max-image-preview":"max-image-preview:large","max-video-preview":"max-video-preview:-1"},"canonical":"https:\/\/artslibris.cat\/ca\/tienda\/fotolibro-ca\/relat-cartografic-carles-fontsere\/","og_locale":"ca_ES","og_type":"article","og_title":"Relat cartogr\u00e0fic - Carles Fontser\u00e8 - ArtsLibris","og_description":"\"Botiga ArtsLibris - Carles Fontsere - Relat cartografic\"","og_url":"https:\/\/artslibris.cat\/ca\/tienda\/fotolibro-ca\/relat-cartografic-carles-fontsere\/","og_site_name":"ArtsLibris","article_publisher":"https:\/\/www.facebook.com\/artslibris\/","article_modified_time":"2021-09-16T17:10:40+00:00","og_image":[{"width":800,"height":790,"url":"https:\/\/artslibris.cat\/wp-content\/uploads\/2020\/11\/ArtsLibris_VilaCasas_Relato-cartografico.jpg","type":"image\/jpeg"}],"twitter_card":"summary_large_image","twitter_site":"@ArtsLibris","twitter_misc":{"Temps estimat de lectura":"2 minuts"},"schema":{"@context":"https:\/\/schema.org","@graph":[{"@type":"WebPage","@id":"https:\/\/artslibris.cat\/ca\/tienda\/fotolibro-ca\/relat-cartografic-carles-fontsere\/","url":"https:\/\/artslibris.cat\/ca\/tienda\/fotolibro-ca\/relat-cartografic-carles-fontsere\/","name":"Relat cartogr\u00e0fic - Carles Fontser\u00e8 - ArtsLibris","isPartOf":{"@id":"https:\/\/artslibris.cat\/ca\/#website"},"primaryImageOfPage":{"@id":"https:\/\/artslibris.cat\/ca\/tienda\/fotolibro-ca\/relat-cartografic-carles-fontsere\/#primaryimage"},"image":{"@id":"https:\/\/artslibris.cat\/ca\/tienda\/fotolibro-ca\/relat-cartografic-carles-fontsere\/#primaryimage"},"thumbnailUrl":"https:\/\/artslibris.cat\/wp-content\/uploads\/2020\/11\/ArtsLibris_VilaCasas_Relato-cartografico.jpg","datePublished":"2020-11-28T14:20:43+00:00","dateModified":"2021-09-16T17:10:40+00:00","description":"\"Botiga ArtsLibris - Carles Fontsere - Relat cartografic\"","breadcrumb":{"@id":"https:\/\/artslibris.cat\/ca\/tienda\/fotolibro-ca\/relat-cartografic-carles-fontsere\/#breadcrumb"},"inLanguage":"ca","potentialAction":[{"@type":"ReadAction","target":["https:\/\/artslibris.cat\/ca\/tienda\/fotolibro-ca\/relat-cartografic-carles-fontsere\/"]}]},{"@type":"ImageObject","inLanguage":"ca","@id":"https:\/\/artslibris.cat\/ca\/tienda\/fotolibro-ca\/relat-cartografic-carles-fontsere\/#primaryimage","url":"https:\/\/artslibris.cat\/wp-content\/uploads\/2020\/11\/ArtsLibris_VilaCasas_Relato-cartografico.jpg","contentUrl":"https:\/\/artslibris.cat\/wp-content\/uploads\/2020\/11\/ArtsLibris_VilaCasas_Relato-cartografico.jpg","width":800,"height":790},{"@type":"BreadcrumbList","@id":"https:\/\/artslibris.cat\/ca\/tienda\/fotolibro-ca\/relat-cartografic-carles-fontsere\/#breadcrumb","itemListElement":[{"@type":"ListItem","position":1,"name":"Portada","item":"https:\/\/artslibris.cat\/ca\/"},{"@type":"ListItem","position":2,"name":"Tenda","item":"https:\/\/artslibris.cat\/ca\/tenda\/"},{"@type":"ListItem","position":3,"name":"Relat cartogr\u00e0fic &#8211; Carles Fontser\u00e8"}]},{"@type":"WebSite","@id":"https:\/\/artslibris.cat\/ca\/#website","url":"https:\/\/artslibris.cat\/ca\/","name":"ArtsLibris","description":"","publisher":{"@id":"https:\/\/artslibris.cat\/ca\/#organization"},"potentialAction":[{"@type":"SearchAction","target":{"@type":"EntryPoint","urlTemplate":"https:\/\/artslibris.cat\/ca\/?s={search_term_string}"},"query-input":{"@type":"PropertyValueSpecification","valueRequired":true,"valueName":"search_term_string"}}],"inLanguage":"ca"},{"@type":"Organization","@id":"https:\/\/artslibris.cat\/ca\/#organization","name":"ArtsLibris","url":"https:\/\/artslibris.cat\/ca\/","logo":{"@type":"ImageObject","inLanguage":"ca","@id":"https:\/\/artslibris.cat\/ca\/#\/schema\/logo\/image\/","url":"https:\/\/artslibris.cat\/wp-content\/uploads\/2020\/05\/ArtsLibris-logo-black.svg","contentUrl":"https:\/\/artslibris.cat\/wp-content\/uploads\/2020\/05\/ArtsLibris-logo-black.svg","width":521,"height":85,"caption":"ArtsLibris"},"image":{"@id":"https:\/\/artslibris.cat\/ca\/#\/schema\/logo\/image\/"},"sameAs":["https:\/\/www.facebook.com\/artslibris\/","https:\/\/x.com\/ArtsLibris","https:\/\/www.instagram.com\/artslibris\/"]}]}},"_links":{"self":[{"href":"https:\/\/artslibris.cat\/ca\/wp-json\/wp\/v2\/product\/3929","targetHints":{"allow":["GET"]}}],"collection":[{"href":"https:\/\/artslibris.cat\/ca\/wp-json\/wp\/v2\/product"}],"about":[{"href":"https:\/\/artslibris.cat\/ca\/wp-json\/wp\/v2\/types\/product"}],"wp:featuredmedia":[{"embeddable":true,"href":"https:\/\/artslibris.cat\/ca\/wp-json\/wp\/v2\/media\/3926"}],"wp:attachment":[{"href":"https:\/\/artslibris.cat\/ca\/wp-json\/wp\/v2\/media?parent=3929"}],"wp:term":[{"taxonomy":"product_brand","embeddable":true,"href":"https:\/\/artslibris.cat\/ca\/wp-json\/wp\/v2\/product_brand?post=3929"},{"taxonomy":"product_cat","embeddable":true,"href":"https:\/\/artslibris.cat\/ca\/wp-json\/wp\/v2\/product_cat?post=3929"},{"taxonomy":"product_tag","embeddable":true,"href":"https:\/\/artslibris.cat\/ca\/wp-json\/wp\/v2\/product_tag?post=3929"}],"curies":[{"name":"wp","href":"https:\/\/api.w.org\/{rel}","templated":true}]}}