{"id":31385,"date":"2025-07-23T15:25:38","date_gmt":"2025-07-23T15:25:38","guid":{"rendered":"https:\/\/artslibris.cat\/?post_type=product&#038;p=31385"},"modified":"2025-07-23T15:25:39","modified_gmt":"2025-07-23T15:25:39","slug":"31385","status":"publish","type":"product","link":"https:\/\/artslibris.cat\/ca\/tienda\/fotolibro-ca\/31385\/","title":{"rendered":""},"content":{"rendered":"<p data-start=\"0\" data-end=\"220\"><em>Refuge<\/em> \u00e9s el sis\u00e8 llibre de Lara Gasparotto i abasta quatre anys de pr\u00e0ctica fotogr\u00e0fica gaireb\u00e9 di\u00e0ria en l&#8217;entorn immediat de l\u2019artista, per\u00f2 tamb\u00e9 molt m\u00e9s lluny, fins a la Guaiana, passant per Quebec i Louisiana.<\/p>\n<p data-start=\"222\" data-end=\"585\">M\u00e9s que una pr\u00e0ctica, \u00e9s una manera de mirar el m\u00f3n el que impulsa Lara Gasparotto. Un m\u00f3n a l\u2019aire lliure, de flora, fauna, pluja, sol, llacs, arbres, on evoluciona la seva gran fam\u00edlia del cor, comen\u00e7ant per una nena, la seva filla Lucia, que apareix a intervals regulars en el llibre com una figura que encarna la felicitat i els turments de l\u2019\u00e0nima universal.<\/p>\n<p data-start=\"587\" data-end=\"784\">Gasparotto va passar un hivern i una primavera treballant en la selecci\u00f3 del llibre. Al final, <em>Refuge<\/em> ofereix una narraci\u00f3 subtil sense cap\u00edtols, sense numeraci\u00f3 de p\u00e0gines i amb un ritme canviant.<\/p>\n<p data-start=\"786\" data-end=\"1296\" data-is-last-node=\"\" data-is-only-node=\"\">A la coberta hi ha una il\u00b7lustraci\u00f3 de la seva germana Lissa Gasparotto, i a l\u2019interior, un text po\u00e8tic d\u2019Eva Mancuso. Les dues-centes imatges s\u00f3n una mica m\u00e9s que fotografia estricta: intu\u00eftives i nodrides per la pintura, Gasparotto busca amb pastel, guaix i, a vegades, fins i tot oli, elements t\u00e8nues de les seves fotos que modifica, ressalta, subratlla i despr\u00e9s torna a fotografiar per tal de traslladar, de manera molt subtil, la imatge del mec\u00e0nic i el qu\u00edmic a l\u2019expressivitat fugissera del que \u00e9s viu.<\/p>\n","protected":false},"excerpt":{"rendered":"<p><strong data-start=\"0\" data-end=\"14\" data-is-only-node=\"\">Editorial:<\/strong> Hopper &amp; Fuchs<\/p>\n<p><strong data-start=\"32\" data-end=\"43\">Edici\u00f3:<\/strong> Lara Gasparotto &amp; David Boon<\/p>\n<p><strong data-start=\"75\" data-end=\"86\">Format:<\/strong> Tapa dura<\/p>\n<p><strong data-start=\"99\" data-end=\"108\">Mida:<\/strong> 24 x 28,5 cm<\/p>\n<p><strong data-start=\"124\" data-end=\"132\">Pes:<\/strong> 1550 g<\/p>\n<p><strong data-start=\"142\" data-end=\"154\">P\u00e0gines:<\/strong> 240<\/p>\n<p><strong data-start=\"161\" data-end=\"172\">Idioma:<\/strong> Franc\u00e8s<\/p>\n<p><strong data-start=\"183\" data-end=\"191\">Any:<\/strong> 2024<\/p>\n<p><b>ISBN: <\/b>9789464002386<\/p>\n","protected":false},"featured_media":31374,"template":"","meta":{"_acf_changed":false,"site-sidebar-layout":"default","site-content-layout":"","ast-site-content-layout":"default","site-content-style":"default","site-sidebar-style":"default","ast-global-header-display":"","ast-banner-title-visibility":"","ast-main-header-display":"","ast-hfb-above-header-display":"","ast-hfb-below-header-display":"","ast-hfb-mobile-header-display":"","site-post-title":"","ast-breadcrumbs-content":"","ast-featured-img":"","footer-sml-layout":"","ast-disable-related-posts":"","theme-transparent-header-meta":"default","adv-header-id-meta":"","stick-header-meta":"","header-above-stick-meta":"","header-main-stick-meta":"","header-below-stick-meta":"","astra-migrate-meta-layouts":"set","ast-page-background-enabled":"default","ast-page-background-meta":{"desktop":{"background-color":"","background-image":"","background-repeat":"repeat","background-position":"center center","background-size":"auto","background-attachment":"scroll","background-type":"","background-media":"","overlay-type":"","overlay-color":"","overlay-opacity":"","overlay-gradient":""},"tablet":{"background-color":"","background-image":"","background-repeat":"repeat","background-position":"center center","background-size":"auto","background-attachment":"scroll","background-type":"","background-media":"","overlay-type":"","overlay-color":"","overlay-opacity":"","overlay-gradient":""},"mobile":{"background-color":"","background-image":"","background-repeat":"repeat","background-position":"center center","background-size":"auto","background-attachment":"scroll","background-type":"","background-media":"","overlay-type":"","overlay-color":"","overlay-opacity":"","overlay-gradient":""}},"ast-content-background-meta":{"desktop":{"background-color":"var(--ast-global-color-5)","background-image":"","background-repeat":"repeat","background-position":"center center","background-size":"auto","background-attachment":"scroll","background-type":"","background-media":"","overlay-type":"","overlay-color":"","overlay-opacity":"","overlay-gradient":""},"tablet":{"background-color":"var(--ast-global-color-5)","background-image":"","background-repeat":"repeat","background-position":"center center","background-size":"auto","background-attachment":"scroll","background-type":"","background-media":"","overlay-type":"","overlay-color":"","overlay-opacity":"","overlay-gradient":""},"mobile":{"background-color":"var(--ast-global-color-5)","background-image":"","background-repeat":"repeat","background-position":"center center","background-size":"auto","background-attachment":"scroll","background-type":"","background-media":"","overlay-type":"","overlay-color":"","overlay-opacity":"","overlay-gradient":""}}},"product_brand":[],"product_cat":[88],"product_tag":[],"class_list":{"0":"post-31385","1":"product","2":"type-product","3":"status-publish","4":"has-post-thumbnail","6":"product_cat-fotolibro-ca","7":"desktop-align-left","8":"tablet-align-left","9":"mobile-align-left","11":"first","12":"outofstock","13":"shipping-taxable","14":"purchasable","15":"product-type-simple"},"acf":[],"yoast_head":"<!-- This site is optimized with the Yoast SEO plugin v27.3 - https:\/\/yoast.com\/product\/yoast-seo-wordpress\/ -->\n<title>- ArtsLibris<\/title>\n<meta name=\"robots\" content=\"index, follow, max-snippet:-1, max-image-preview:large, max-video-preview:-1\" \/>\n<link rel=\"canonical\" href=\"https:\/\/artslibris.cat\/ca\/tienda\/fotolibro-ca\/31385\/\" \/>\n<meta property=\"og:locale\" content=\"ca_ES\" \/>\n<meta property=\"og:type\" content=\"article\" \/>\n<meta property=\"og:title\" content=\"- ArtsLibris\" \/>\n<meta property=\"og:description\" content=\"Editorial: Hopper &amp; Fuchs  Edici\u00f3: Lara Gasparotto &amp; David Boon  Format: Tapa dura  Mida: 24 x 28,5 cm  Pes: 1550 g  P\u00e0gines: 240  Idioma: Franc\u00e8s  Any: 2024  ISBN: 9789464002386\" \/>\n<meta property=\"og:url\" content=\"https:\/\/artslibris.cat\/ca\/tienda\/fotolibro-ca\/31385\/\" \/>\n<meta property=\"og:site_name\" content=\"ArtsLibris\" \/>\n<meta property=\"article:publisher\" content=\"https:\/\/www.facebook.com\/artslibris\/\" \/>\n<meta property=\"article:modified_time\" content=\"2025-07-23T15:25:39+00:00\" \/>\n<meta property=\"og:image\" content=\"https:\/\/artslibris.cat\/wp-content\/uploads\/2025\/07\/Lara-Gasparotto-Refuge.jpg\" \/>\n\t<meta property=\"og:image:width\" content=\"379\" \/>\n\t<meta property=\"og:image:height\" content=\"436\" \/>\n\t<meta property=\"og:image:type\" content=\"image\/jpeg\" \/>\n<meta name=\"twitter:card\" content=\"summary_large_image\" \/>\n<meta name=\"twitter:site\" content=\"@ArtsLibris\" \/>\n<meta name=\"twitter:label1\" content=\"Temps estimat de lectura\" \/>\n\t<meta name=\"twitter:data1\" content=\"1 minut\" \/>\n<script type=\"application\/ld+json\" class=\"yoast-schema-graph\">{\"@context\":\"https:\\\/\\\/schema.org\",\"@graph\":[{\"@type\":\"WebPage\",\"@id\":\"https:\\\/\\\/artslibris.cat\\\/ca\\\/tienda\\\/fotolibro-ca\\\/31385\\\/\",\"url\":\"https:\\\/\\\/artslibris.cat\\\/ca\\\/tienda\\\/fotolibro-ca\\\/31385\\\/\",\"name\":\"- ArtsLibris\",\"isPartOf\":{\"@id\":\"https:\\\/\\\/artslibris.cat\\\/ca\\\/#website\"},\"primaryImageOfPage\":{\"@id\":\"https:\\\/\\\/artslibris.cat\\\/ca\\\/tienda\\\/fotolibro-ca\\\/31385\\\/#primaryimage\"},\"image\":{\"@id\":\"https:\\\/\\\/artslibris.cat\\\/ca\\\/tienda\\\/fotolibro-ca\\\/31385\\\/#primaryimage\"},\"thumbnailUrl\":\"https:\\\/\\\/artslibris.cat\\\/wp-content\\\/uploads\\\/2025\\\/07\\\/Lara-Gasparotto-Refuge.jpg\",\"datePublished\":\"2025-07-23T15:25:38+00:00\",\"dateModified\":\"2025-07-23T15:25:39+00:00\",\"breadcrumb\":{\"@id\":\"https:\\\/\\\/artslibris.cat\\\/ca\\\/tienda\\\/fotolibro-ca\\\/31385\\\/#breadcrumb\"},\"inLanguage\":\"ca\",\"potentialAction\":[{\"@type\":\"ReadAction\",\"target\":[\"https:\\\/\\\/artslibris.cat\\\/ca\\\/tienda\\\/fotolibro-ca\\\/31385\\\/\"]}]},{\"@type\":\"ImageObject\",\"inLanguage\":\"ca\",\"@id\":\"https:\\\/\\\/artslibris.cat\\\/ca\\\/tienda\\\/fotolibro-ca\\\/31385\\\/#primaryimage\",\"url\":\"https:\\\/\\\/artslibris.cat\\\/wp-content\\\/uploads\\\/2025\\\/07\\\/Lara-Gasparotto-Refuge.jpg\",\"contentUrl\":\"https:\\\/\\\/artslibris.cat\\\/wp-content\\\/uploads\\\/2025\\\/07\\\/Lara-Gasparotto-Refuge.jpg\",\"width\":379,\"height\":436},{\"@type\":\"BreadcrumbList\",\"@id\":\"https:\\\/\\\/artslibris.cat\\\/ca\\\/tienda\\\/fotolibro-ca\\\/31385\\\/#breadcrumb\",\"itemListElement\":[{\"@type\":\"ListItem\",\"position\":1,\"name\":\"Portada\",\"item\":\"https:\\\/\\\/artslibris.cat\\\/ca\\\/\"},{\"@type\":\"ListItem\",\"position\":2,\"name\":\"Tenda\",\"item\":\"https:\\\/\\\/artslibris.cat\\\/ca\\\/tenda\\\/\"}]},{\"@type\":\"WebSite\",\"@id\":\"https:\\\/\\\/artslibris.cat\\\/ca\\\/#website\",\"url\":\"https:\\\/\\\/artslibris.cat\\\/ca\\\/\",\"name\":\"ArtsLibris\",\"description\":\"\",\"publisher\":{\"@id\":\"https:\\\/\\\/artslibris.cat\\\/ca\\\/#organization\"},\"potentialAction\":[{\"@type\":\"SearchAction\",\"target\":{\"@type\":\"EntryPoint\",\"urlTemplate\":\"https:\\\/\\\/artslibris.cat\\\/ca\\\/?s={search_term_string}\"},\"query-input\":{\"@type\":\"PropertyValueSpecification\",\"valueRequired\":true,\"valueName\":\"search_term_string\"}}],\"inLanguage\":\"ca\"},{\"@type\":\"Organization\",\"@id\":\"https:\\\/\\\/artslibris.cat\\\/ca\\\/#organization\",\"name\":\"ArtsLibris\",\"url\":\"https:\\\/\\\/artslibris.cat\\\/ca\\\/\",\"logo\":{\"@type\":\"ImageObject\",\"inLanguage\":\"ca\",\"@id\":\"https:\\\/\\\/artslibris.cat\\\/ca\\\/#\\\/schema\\\/logo\\\/image\\\/\",\"url\":\"https:\\\/\\\/artslibris.cat\\\/wp-content\\\/uploads\\\/2020\\\/05\\\/ArtsLibris-logo-black.svg\",\"contentUrl\":\"https:\\\/\\\/artslibris.cat\\\/wp-content\\\/uploads\\\/2020\\\/05\\\/ArtsLibris-logo-black.svg\",\"width\":521,\"height\":85,\"caption\":\"ArtsLibris\"},\"image\":{\"@id\":\"https:\\\/\\\/artslibris.cat\\\/ca\\\/#\\\/schema\\\/logo\\\/image\\\/\"},\"sameAs\":[\"https:\\\/\\\/www.facebook.com\\\/artslibris\\\/\",\"https:\\\/\\\/x.com\\\/ArtsLibris\",\"https:\\\/\\\/www.instagram.com\\\/artslibris\\\/\"]}]}<\/script>\n<!-- \/ Yoast SEO plugin. -->","yoast_head_json":{"title":"- ArtsLibris","robots":{"index":"index","follow":"follow","max-snippet":"max-snippet:-1","max-image-preview":"max-image-preview:large","max-video-preview":"max-video-preview:-1"},"canonical":"https:\/\/artslibris.cat\/ca\/tienda\/fotolibro-ca\/31385\/","og_locale":"ca_ES","og_type":"article","og_title":"- ArtsLibris","og_description":"Editorial: Hopper &amp; Fuchs  Edici\u00f3: Lara Gasparotto &amp; David Boon  Format: Tapa dura  Mida: 24 x 28,5 cm  Pes: 1550 g  P\u00e0gines: 240  Idioma: Franc\u00e8s  Any: 2024  ISBN: 9789464002386","og_url":"https:\/\/artslibris.cat\/ca\/tienda\/fotolibro-ca\/31385\/","og_site_name":"ArtsLibris","article_publisher":"https:\/\/www.facebook.com\/artslibris\/","article_modified_time":"2025-07-23T15:25:39+00:00","og_image":[{"width":379,"height":436,"url":"https:\/\/artslibris.cat\/wp-content\/uploads\/2025\/07\/Lara-Gasparotto-Refuge.jpg","type":"image\/jpeg"}],"twitter_card":"summary_large_image","twitter_site":"@ArtsLibris","twitter_misc":{"Temps estimat de lectura":"1 minut"},"schema":{"@context":"https:\/\/schema.org","@graph":[{"@type":"WebPage","@id":"https:\/\/artslibris.cat\/ca\/tienda\/fotolibro-ca\/31385\/","url":"https:\/\/artslibris.cat\/ca\/tienda\/fotolibro-ca\/31385\/","name":"- ArtsLibris","isPartOf":{"@id":"https:\/\/artslibris.cat\/ca\/#website"},"primaryImageOfPage":{"@id":"https:\/\/artslibris.cat\/ca\/tienda\/fotolibro-ca\/31385\/#primaryimage"},"image":{"@id":"https:\/\/artslibris.cat\/ca\/tienda\/fotolibro-ca\/31385\/#primaryimage"},"thumbnailUrl":"https:\/\/artslibris.cat\/wp-content\/uploads\/2025\/07\/Lara-Gasparotto-Refuge.jpg","datePublished":"2025-07-23T15:25:38+00:00","dateModified":"2025-07-23T15:25:39+00:00","breadcrumb":{"@id":"https:\/\/artslibris.cat\/ca\/tienda\/fotolibro-ca\/31385\/#breadcrumb"},"inLanguage":"ca","potentialAction":[{"@type":"ReadAction","target":["https:\/\/artslibris.cat\/ca\/tienda\/fotolibro-ca\/31385\/"]}]},{"@type":"ImageObject","inLanguage":"ca","@id":"https:\/\/artslibris.cat\/ca\/tienda\/fotolibro-ca\/31385\/#primaryimage","url":"https:\/\/artslibris.cat\/wp-content\/uploads\/2025\/07\/Lara-Gasparotto-Refuge.jpg","contentUrl":"https:\/\/artslibris.cat\/wp-content\/uploads\/2025\/07\/Lara-Gasparotto-Refuge.jpg","width":379,"height":436},{"@type":"BreadcrumbList","@id":"https:\/\/artslibris.cat\/ca\/tienda\/fotolibro-ca\/31385\/#breadcrumb","itemListElement":[{"@type":"ListItem","position":1,"name":"Portada","item":"https:\/\/artslibris.cat\/ca\/"},{"@type":"ListItem","position":2,"name":"Tenda","item":"https:\/\/artslibris.cat\/ca\/tenda\/"}]},{"@type":"WebSite","@id":"https:\/\/artslibris.cat\/ca\/#website","url":"https:\/\/artslibris.cat\/ca\/","name":"ArtsLibris","description":"","publisher":{"@id":"https:\/\/artslibris.cat\/ca\/#organization"},"potentialAction":[{"@type":"SearchAction","target":{"@type":"EntryPoint","urlTemplate":"https:\/\/artslibris.cat\/ca\/?s={search_term_string}"},"query-input":{"@type":"PropertyValueSpecification","valueRequired":true,"valueName":"search_term_string"}}],"inLanguage":"ca"},{"@type":"Organization","@id":"https:\/\/artslibris.cat\/ca\/#organization","name":"ArtsLibris","url":"https:\/\/artslibris.cat\/ca\/","logo":{"@type":"ImageObject","inLanguage":"ca","@id":"https:\/\/artslibris.cat\/ca\/#\/schema\/logo\/image\/","url":"https:\/\/artslibris.cat\/wp-content\/uploads\/2020\/05\/ArtsLibris-logo-black.svg","contentUrl":"https:\/\/artslibris.cat\/wp-content\/uploads\/2020\/05\/ArtsLibris-logo-black.svg","width":521,"height":85,"caption":"ArtsLibris"},"image":{"@id":"https:\/\/artslibris.cat\/ca\/#\/schema\/logo\/image\/"},"sameAs":["https:\/\/www.facebook.com\/artslibris\/","https:\/\/x.com\/ArtsLibris","https:\/\/www.instagram.com\/artslibris\/"]}]}},"_links":{"self":[{"href":"https:\/\/artslibris.cat\/ca\/wp-json\/wp\/v2\/product\/31385","targetHints":{"allow":["GET"]}}],"collection":[{"href":"https:\/\/artslibris.cat\/ca\/wp-json\/wp\/v2\/product"}],"about":[{"href":"https:\/\/artslibris.cat\/ca\/wp-json\/wp\/v2\/types\/product"}],"wp:featuredmedia":[{"embeddable":true,"href":"https:\/\/artslibris.cat\/ca\/wp-json\/wp\/v2\/media\/31374"}],"wp:attachment":[{"href":"https:\/\/artslibris.cat\/ca\/wp-json\/wp\/v2\/media?parent=31385"}],"wp:term":[{"taxonomy":"product_brand","embeddable":true,"href":"https:\/\/artslibris.cat\/ca\/wp-json\/wp\/v2\/product_brand?post=31385"},{"taxonomy":"product_cat","embeddable":true,"href":"https:\/\/artslibris.cat\/ca\/wp-json\/wp\/v2\/product_cat?post=31385"},{"taxonomy":"product_tag","embeddable":true,"href":"https:\/\/artslibris.cat\/ca\/wp-json\/wp\/v2\/product_tag?post=31385"}],"curies":[{"name":"wp","href":"https:\/\/api.w.org\/{rel}","templated":true}]}}