{"id":31117,"date":"2025-05-17T11:39:55","date_gmt":"2025-05-17T11:39:55","guid":{"rendered":"https:\/\/artslibris.cat\/tienda\/sense%20categoria\/31117\/"},"modified":"2025-07-17T08:03:03","modified_gmt":"2025-07-17T08:03:03","slug":"31117","status":"publish","type":"product","link":"https:\/\/artslibris.cat\/ca\/tienda\/fotolibro-ca\/31117\/","title":{"rendered":"Mabel Palac\u00edn, El Pasajero (S\u00e8rie AL n\u00fam. 6)"},"content":{"rendered":"<p>Conscient que una imatge rarament \u00e9s ja nom\u00e9s una imatge, durant aproximadament dos anys, Mabel Palac\u00edn, ha fet fotografies de passatgers en el transport p\u00fablic de nombroses ciutats. Ciutats on viu, ha viscut provisionalment o estat de pas.<br \/>\nLes trobades fugaces amb persones de tota mena, personatges per a ella, tracen una geografia humana del moviment que estimula la fantasia. S&#8217;ha preguntat moltes vegades si es podria tornar a creuar amb algun dels viatgers per\u00f2 en aquest lapse de temps mai no ha passat. S\u00ed que s&#8217;ha topat en canvi amb els gestos d&#8217;uns transportats per altres i d&#8217;estaci\u00f3 a estaci\u00f3 ha observat la bellesa de la repetici\u00f3 i ha imaginat patrons per llegir missatges i buscar instant\u00e0nies fetes de data.<br \/>\nLes dades com les instant\u00e0nies capturen moments dexist\u00e8ncia i la seva visualitzaci\u00f3 sha convertit en una manera de comunicar la complexitat. Generem dades que ens generen i aquest cercle est\u00e9n una qualitat de la fotografia: veure all\u00f2 que altrament no hagu\u00e9s pogut ser vist, descobrir perspectives ocultes del m\u00f3n.<br \/>\n<em>El pasajero<\/em> \u00e9s un set de gaireb\u00e9 4.000 fotografies que generen formes, dibuixos i hist\u00f2ries. <em>El pasajero<\/em> \u00e9s tots els passatgers o aquell que cadasc\u00fa decideixi trobar entre tots. Una imatge ja \u00e9s rarament una imatge, ens movem en una interdepend\u00e8ncia on resulta dif\u00edcil recon\u00e8ixer els propis l\u00edmits i el nostre contorn es torna borr\u00f3s.<br \/>\n<em>El pasajero<\/em> es presenta per primera vegada a Suburbia on les imatges generen cercles que ordenen gestos i resson\u00e0ncies formant un ull que ens mira mentre 77 passatgers consulten el m\u00f2bil, 15 llegeixen, 16 dormen, 22 ens miren per\u00f2 nom\u00e9s un abra\u00e7a unes barres de pa.<\/p>\n","protected":false},"excerpt":{"rendered":"<p><strong>Editorial:<\/strong> ArtsLibris, S\u00e8rie AL<br \/>\n<strong>Any:<\/strong> 2022<br \/>\n<strong>Edici\u00f3:<\/strong>\u00a0primera edici\u00f3, 400 exemplars<br \/>\n<strong>Dimensions:\u00a0<\/strong>15 x 21 x 1 cm<br \/>\n<strong>Estructura:\u00a0<\/strong>Llibre de tapa tova, amb sobrecoberta i solapes que contenen imatge i text impresa . Enquadernaci\u00f3 r\u00fastica cosida, descobert.<br \/>\n<strong>Detalls t\u00e8cnics: <\/strong>Impressi\u00f3 \u00f2fset<\/p>\n","protected":false},"featured_media":30350,"template":"","meta":{"_acf_changed":false,"site-sidebar-layout":"default","site-content-layout":"","ast-site-content-layout":"default","site-content-style":"default","site-sidebar-style":"default","ast-global-header-display":"","ast-banner-title-visibility":"","ast-main-header-display":"","ast-hfb-above-header-display":"","ast-hfb-below-header-display":"","ast-hfb-mobile-header-display":"","site-post-title":"","ast-breadcrumbs-content":"","ast-featured-img":"","footer-sml-layout":"","ast-disable-related-posts":"","theme-transparent-header-meta":"default","adv-header-id-meta":"","stick-header-meta":"","header-above-stick-meta":"","header-main-stick-meta":"","header-below-stick-meta":"","astra-migrate-meta-layouts":"default","ast-page-background-enabled":"default","ast-page-background-meta":{"desktop":{"background-color":"","background-image":"","background-repeat":"repeat","background-position":"center center","background-size":"auto","background-attachment":"scroll","background-type":"","background-media":"","overlay-type":"","overlay-color":"","overlay-opacity":"","overlay-gradient":""},"tablet":{"background-color":"","background-image":"","background-repeat":"repeat","background-position":"center center","background-size":"auto","background-attachment":"scroll","background-type":"","background-media":"","overlay-type":"","overlay-color":"","overlay-opacity":"","overlay-gradient":""},"mobile":{"background-color":"","background-image":"","background-repeat":"repeat","background-position":"center center","background-size":"auto","background-attachment":"scroll","background-type":"","background-media":"","overlay-type":"","overlay-color":"","overlay-opacity":"","overlay-gradient":""}},"ast-content-background-meta":{"desktop":{"background-color":"var(--ast-global-color-5)","background-image":"","background-repeat":"repeat","background-position":"center center","background-size":"auto","background-attachment":"scroll","background-type":"","background-media":"","overlay-type":"","overlay-color":"","overlay-opacity":"","overlay-gradient":""},"tablet":{"background-color":"var(--ast-global-color-5)","background-image":"","background-repeat":"repeat","background-position":"center center","background-size":"auto","background-attachment":"scroll","background-type":"","background-media":"","overlay-type":"","overlay-color":"","overlay-opacity":"","overlay-gradient":""},"mobile":{"background-color":"var(--ast-global-color-5)","background-image":"","background-repeat":"repeat","background-position":"center center","background-size":"auto","background-attachment":"scroll","background-type":"","background-media":"","overlay-type":"","overlay-color":"","overlay-opacity":"","overlay-gradient":""}}},"product_brand":[],"product_cat":[495,101,88],"product_tag":[489,157],"class_list":{"0":"post-31117","1":"product","2":"type-product","3":"status-publish","4":"has-post-thumbnail","6":"product_cat-serie-al-ca","7":"product_cat-destacados-ca","8":"product_cat-fotolibro-ca","9":"product_tag-serie-al-ca","10":"product_tag-artslibris-ca","11":"desktop-align-left","12":"tablet-align-left","13":"mobile-align-left","15":"first","16":"instock","17":"shipping-taxable","18":"purchasable","19":"product-type-simple"},"acf":[],"yoast_head":"<!-- This site is optimized with the Yoast SEO plugin v27.3 - https:\/\/yoast.com\/product\/yoast-seo-wordpress\/ -->\n<title>Mabel Palac\u00edn, El Pasajero (S\u00e8rie AL n\u00fam. 6) - ArtsLibris<\/title>\n<meta name=\"robots\" content=\"index, follow, max-snippet:-1, max-image-preview:large, max-video-preview:-1\" \/>\n<link rel=\"canonical\" href=\"https:\/\/artslibris.cat\/ca\/tienda\/fotolibro-ca\/31117\/\" \/>\n<meta property=\"og:locale\" content=\"ca_ES\" \/>\n<meta property=\"og:type\" content=\"article\" \/>\n<meta property=\"og:title\" content=\"Mabel Palac\u00edn, El Pasajero (S\u00e8rie AL n\u00fam. 6) - ArtsLibris\" \/>\n<meta property=\"og:description\" content=\"Editorial: ArtsLibris, S\u00e8rie AL Any: 2022 Edici\u00f3:\u00a0primera edici\u00f3, 400 exemplars Dimensions:\u00a015 x 21 x 1 cm Estructura:\u00a0Llibre de tapa tova, amb sobrecoberta i solapes que contenen imatge i text impresa . Enquadernaci\u00f3 r\u00fastica cosida, descobert. Detalls t\u00e8cnics: Impressi\u00f3 \u00f2fset\" \/>\n<meta property=\"og:url\" content=\"https:\/\/artslibris.cat\/ca\/tienda\/fotolibro-ca\/31117\/\" \/>\n<meta property=\"og:site_name\" content=\"ArtsLibris\" \/>\n<meta property=\"article:publisher\" content=\"https:\/\/www.facebook.com\/artslibris\/\" \/>\n<meta property=\"article:modified_time\" content=\"2025-07-17T08:03:03+00:00\" \/>\n<meta property=\"og:image\" content=\"https:\/\/artslibris.cat\/wp-content\/uploads\/2025\/05\/WhatsApp-Image-2022-11-24-at-14.31.03-5.jpeg\" \/>\n\t<meta property=\"og:image:width\" content=\"1359\" \/>\n\t<meta property=\"og:image:height\" content=\"970\" \/>\n\t<meta property=\"og:image:type\" content=\"image\/jpeg\" \/>\n<meta name=\"twitter:card\" content=\"summary_large_image\" \/>\n<meta name=\"twitter:site\" content=\"@ArtsLibris\" \/>\n<meta name=\"twitter:label1\" content=\"Temps estimat de lectura\" \/>\n\t<meta name=\"twitter:data1\" content=\"1 minut\" \/>\n<script type=\"application\/ld+json\" class=\"yoast-schema-graph\">{\"@context\":\"https:\\\/\\\/schema.org\",\"@graph\":[{\"@type\":\"WebPage\",\"@id\":\"https:\\\/\\\/artslibris.cat\\\/ca\\\/tienda\\\/fotolibro-ca\\\/31117\\\/\",\"url\":\"https:\\\/\\\/artslibris.cat\\\/ca\\\/tienda\\\/fotolibro-ca\\\/31117\\\/\",\"name\":\"Mabel Palac\u00edn, El Pasajero (S\u00e8rie AL n\u00fam. 6) - ArtsLibris\",\"isPartOf\":{\"@id\":\"https:\\\/\\\/artslibris.cat\\\/ca\\\/#website\"},\"primaryImageOfPage\":{\"@id\":\"https:\\\/\\\/artslibris.cat\\\/ca\\\/tienda\\\/fotolibro-ca\\\/31117\\\/#primaryimage\"},\"image\":{\"@id\":\"https:\\\/\\\/artslibris.cat\\\/ca\\\/tienda\\\/fotolibro-ca\\\/31117\\\/#primaryimage\"},\"thumbnailUrl\":\"https:\\\/\\\/artslibris.cat\\\/wp-content\\\/uploads\\\/2025\\\/05\\\/WhatsApp-Image-2022-11-24-at-14.31.03-5.jpeg\",\"datePublished\":\"2025-05-17T11:39:55+00:00\",\"dateModified\":\"2025-07-17T08:03:03+00:00\",\"breadcrumb\":{\"@id\":\"https:\\\/\\\/artslibris.cat\\\/ca\\\/tienda\\\/fotolibro-ca\\\/31117\\\/#breadcrumb\"},\"inLanguage\":\"ca\",\"potentialAction\":[{\"@type\":\"ReadAction\",\"target\":[\"https:\\\/\\\/artslibris.cat\\\/ca\\\/tienda\\\/fotolibro-ca\\\/31117\\\/\"]}]},{\"@type\":\"ImageObject\",\"inLanguage\":\"ca\",\"@id\":\"https:\\\/\\\/artslibris.cat\\\/ca\\\/tienda\\\/fotolibro-ca\\\/31117\\\/#primaryimage\",\"url\":\"https:\\\/\\\/artslibris.cat\\\/wp-content\\\/uploads\\\/2025\\\/05\\\/WhatsApp-Image-2022-11-24-at-14.31.03-5.jpeg\",\"contentUrl\":\"https:\\\/\\\/artslibris.cat\\\/wp-content\\\/uploads\\\/2025\\\/05\\\/WhatsApp-Image-2022-11-24-at-14.31.03-5.jpeg\",\"width\":1359,\"height\":970},{\"@type\":\"BreadcrumbList\",\"@id\":\"https:\\\/\\\/artslibris.cat\\\/ca\\\/tienda\\\/fotolibro-ca\\\/31117\\\/#breadcrumb\",\"itemListElement\":[{\"@type\":\"ListItem\",\"position\":1,\"name\":\"Portada\",\"item\":\"https:\\\/\\\/artslibris.cat\\\/ca\\\/\"},{\"@type\":\"ListItem\",\"position\":2,\"name\":\"Tenda\",\"item\":\"https:\\\/\\\/artslibris.cat\\\/ca\\\/tenda\\\/\"},{\"@type\":\"ListItem\",\"position\":3,\"name\":\"Mabel Palac\u00edn, El Pasajero (S\u00e8rie AL n\u00fam. 6)\"}]},{\"@type\":\"WebSite\",\"@id\":\"https:\\\/\\\/artslibris.cat\\\/ca\\\/#website\",\"url\":\"https:\\\/\\\/artslibris.cat\\\/ca\\\/\",\"name\":\"ArtsLibris\",\"description\":\"\",\"publisher\":{\"@id\":\"https:\\\/\\\/artslibris.cat\\\/ca\\\/#organization\"},\"potentialAction\":[{\"@type\":\"SearchAction\",\"target\":{\"@type\":\"EntryPoint\",\"urlTemplate\":\"https:\\\/\\\/artslibris.cat\\\/ca\\\/?s={search_term_string}\"},\"query-input\":{\"@type\":\"PropertyValueSpecification\",\"valueRequired\":true,\"valueName\":\"search_term_string\"}}],\"inLanguage\":\"ca\"},{\"@type\":\"Organization\",\"@id\":\"https:\\\/\\\/artslibris.cat\\\/ca\\\/#organization\",\"name\":\"ArtsLibris\",\"url\":\"https:\\\/\\\/artslibris.cat\\\/ca\\\/\",\"logo\":{\"@type\":\"ImageObject\",\"inLanguage\":\"ca\",\"@id\":\"https:\\\/\\\/artslibris.cat\\\/ca\\\/#\\\/schema\\\/logo\\\/image\\\/\",\"url\":\"https:\\\/\\\/artslibris.cat\\\/wp-content\\\/uploads\\\/2020\\\/05\\\/ArtsLibris-logo-black.svg\",\"contentUrl\":\"https:\\\/\\\/artslibris.cat\\\/wp-content\\\/uploads\\\/2020\\\/05\\\/ArtsLibris-logo-black.svg\",\"width\":521,\"height\":85,\"caption\":\"ArtsLibris\"},\"image\":{\"@id\":\"https:\\\/\\\/artslibris.cat\\\/ca\\\/#\\\/schema\\\/logo\\\/image\\\/\"},\"sameAs\":[\"https:\\\/\\\/www.facebook.com\\\/artslibris\\\/\",\"https:\\\/\\\/x.com\\\/ArtsLibris\",\"https:\\\/\\\/www.instagram.com\\\/artslibris\\\/\"]}]}<\/script>\n<!-- \/ Yoast SEO plugin. -->","yoast_head_json":{"title":"Mabel Palac\u00edn, El Pasajero (S\u00e8rie AL n\u00fam. 6) - ArtsLibris","robots":{"index":"index","follow":"follow","max-snippet":"max-snippet:-1","max-image-preview":"max-image-preview:large","max-video-preview":"max-video-preview:-1"},"canonical":"https:\/\/artslibris.cat\/ca\/tienda\/fotolibro-ca\/31117\/","og_locale":"ca_ES","og_type":"article","og_title":"Mabel Palac\u00edn, El Pasajero (S\u00e8rie AL n\u00fam. 6) - ArtsLibris","og_description":"Editorial: ArtsLibris, S\u00e8rie AL Any: 2022 Edici\u00f3:\u00a0primera edici\u00f3, 400 exemplars Dimensions:\u00a015 x 21 x 1 cm Estructura:\u00a0Llibre de tapa tova, amb sobrecoberta i solapes que contenen imatge i text impresa . Enquadernaci\u00f3 r\u00fastica cosida, descobert. Detalls t\u00e8cnics: Impressi\u00f3 \u00f2fset","og_url":"https:\/\/artslibris.cat\/ca\/tienda\/fotolibro-ca\/31117\/","og_site_name":"ArtsLibris","article_publisher":"https:\/\/www.facebook.com\/artslibris\/","article_modified_time":"2025-07-17T08:03:03+00:00","og_image":[{"width":1359,"height":970,"url":"https:\/\/artslibris.cat\/wp-content\/uploads\/2025\/05\/WhatsApp-Image-2022-11-24-at-14.31.03-5.jpeg","type":"image\/jpeg"}],"twitter_card":"summary_large_image","twitter_site":"@ArtsLibris","twitter_misc":{"Temps estimat de lectura":"1 minut"},"schema":{"@context":"https:\/\/schema.org","@graph":[{"@type":"WebPage","@id":"https:\/\/artslibris.cat\/ca\/tienda\/fotolibro-ca\/31117\/","url":"https:\/\/artslibris.cat\/ca\/tienda\/fotolibro-ca\/31117\/","name":"Mabel Palac\u00edn, El Pasajero (S\u00e8rie AL n\u00fam. 6) - ArtsLibris","isPartOf":{"@id":"https:\/\/artslibris.cat\/ca\/#website"},"primaryImageOfPage":{"@id":"https:\/\/artslibris.cat\/ca\/tienda\/fotolibro-ca\/31117\/#primaryimage"},"image":{"@id":"https:\/\/artslibris.cat\/ca\/tienda\/fotolibro-ca\/31117\/#primaryimage"},"thumbnailUrl":"https:\/\/artslibris.cat\/wp-content\/uploads\/2025\/05\/WhatsApp-Image-2022-11-24-at-14.31.03-5.jpeg","datePublished":"2025-05-17T11:39:55+00:00","dateModified":"2025-07-17T08:03:03+00:00","breadcrumb":{"@id":"https:\/\/artslibris.cat\/ca\/tienda\/fotolibro-ca\/31117\/#breadcrumb"},"inLanguage":"ca","potentialAction":[{"@type":"ReadAction","target":["https:\/\/artslibris.cat\/ca\/tienda\/fotolibro-ca\/31117\/"]}]},{"@type":"ImageObject","inLanguage":"ca","@id":"https:\/\/artslibris.cat\/ca\/tienda\/fotolibro-ca\/31117\/#primaryimage","url":"https:\/\/artslibris.cat\/wp-content\/uploads\/2025\/05\/WhatsApp-Image-2022-11-24-at-14.31.03-5.jpeg","contentUrl":"https:\/\/artslibris.cat\/wp-content\/uploads\/2025\/05\/WhatsApp-Image-2022-11-24-at-14.31.03-5.jpeg","width":1359,"height":970},{"@type":"BreadcrumbList","@id":"https:\/\/artslibris.cat\/ca\/tienda\/fotolibro-ca\/31117\/#breadcrumb","itemListElement":[{"@type":"ListItem","position":1,"name":"Portada","item":"https:\/\/artslibris.cat\/ca\/"},{"@type":"ListItem","position":2,"name":"Tenda","item":"https:\/\/artslibris.cat\/ca\/tenda\/"},{"@type":"ListItem","position":3,"name":"Mabel Palac\u00edn, El Pasajero (S\u00e8rie AL n\u00fam. 6)"}]},{"@type":"WebSite","@id":"https:\/\/artslibris.cat\/ca\/#website","url":"https:\/\/artslibris.cat\/ca\/","name":"ArtsLibris","description":"","publisher":{"@id":"https:\/\/artslibris.cat\/ca\/#organization"},"potentialAction":[{"@type":"SearchAction","target":{"@type":"EntryPoint","urlTemplate":"https:\/\/artslibris.cat\/ca\/?s={search_term_string}"},"query-input":{"@type":"PropertyValueSpecification","valueRequired":true,"valueName":"search_term_string"}}],"inLanguage":"ca"},{"@type":"Organization","@id":"https:\/\/artslibris.cat\/ca\/#organization","name":"ArtsLibris","url":"https:\/\/artslibris.cat\/ca\/","logo":{"@type":"ImageObject","inLanguage":"ca","@id":"https:\/\/artslibris.cat\/ca\/#\/schema\/logo\/image\/","url":"https:\/\/artslibris.cat\/wp-content\/uploads\/2020\/05\/ArtsLibris-logo-black.svg","contentUrl":"https:\/\/artslibris.cat\/wp-content\/uploads\/2020\/05\/ArtsLibris-logo-black.svg","width":521,"height":85,"caption":"ArtsLibris"},"image":{"@id":"https:\/\/artslibris.cat\/ca\/#\/schema\/logo\/image\/"},"sameAs":["https:\/\/www.facebook.com\/artslibris\/","https:\/\/x.com\/ArtsLibris","https:\/\/www.instagram.com\/artslibris\/"]}]}},"_links":{"self":[{"href":"https:\/\/artslibris.cat\/ca\/wp-json\/wp\/v2\/product\/31117","targetHints":{"allow":["GET"]}}],"collection":[{"href":"https:\/\/artslibris.cat\/ca\/wp-json\/wp\/v2\/product"}],"about":[{"href":"https:\/\/artslibris.cat\/ca\/wp-json\/wp\/v2\/types\/product"}],"wp:featuredmedia":[{"embeddable":true,"href":"https:\/\/artslibris.cat\/ca\/wp-json\/wp\/v2\/media\/30350"}],"wp:attachment":[{"href":"https:\/\/artslibris.cat\/ca\/wp-json\/wp\/v2\/media?parent=31117"}],"wp:term":[{"taxonomy":"product_brand","embeddable":true,"href":"https:\/\/artslibris.cat\/ca\/wp-json\/wp\/v2\/product_brand?post=31117"},{"taxonomy":"product_cat","embeddable":true,"href":"https:\/\/artslibris.cat\/ca\/wp-json\/wp\/v2\/product_cat?post=31117"},{"taxonomy":"product_tag","embeddable":true,"href":"https:\/\/artslibris.cat\/ca\/wp-json\/wp\/v2\/product_tag?post=31117"}],"curies":[{"name":"wp","href":"https:\/\/api.w.org\/{rel}","templated":true}]}}