{"id":19728,"date":"2022-09-13T14:49:45","date_gmt":"2022-09-13T14:49:45","guid":{"rendered":"https:\/\/artslibris.cat\/tienda\/Sense%20categoria\/teen-wolf\/"},"modified":"2025-12-29T11:49:35","modified_gmt":"2025-12-29T11:49:35","slug":"teen-wolf","status":"publish","type":"product","link":"https:\/\/artslibris.cat\/ca\/tienda\/llibre-dartista\/teen-wolf\/","title":{"rendered":"Teen Wolf"},"content":{"rendered":"<p><em>Teen Wolf<\/em>\u00a0es una antolog\u00eda chispeante e hirsuta que re\u00fane a varias autoras con una intenci\u00f3n inocente y l\u00fadica para algunos, pero para otros, altamente contumaz: realizar una revisi\u00f3n del mito del hombre-lobo; concretamente, del mito del hombre-lobo como icono de la joven generaci\u00f3n que asisti\u00f3, all\u00e1 por 1985, al estreno de ese emblema del cine de g\u00e9nero de desmadre adolescente que fue la pel\u00edcula dirigida por Rod Daniel y protagonizada por el entonces \u00eddolo juvenil Michael J. Fox, y que aqu\u00ed en Espa\u00f1a recibi\u00f3 el significativo y muy varonil t\u00edtulo de \u00abde pelo en pecho\u00bb. En este film \u2013caracterizado, como tantos otros de su categor\u00eda, por un tono simp\u00e1tico y una procacidad inofensiva y apta para todos los p\u00fablicos\u2013, desfilaban una pl\u00e9yade de personajes tipo, animados por las pulsiones hormonales propias de su mocedad hetero, que se aten\u00edan en todo momento a sus roles en funci\u00f3n de la estricta ortodoxia que marcaba (y sigue marcando) el esquema argumental del g\u00e9nero made in USA.<\/p>\n<p><em>Teen Wolf<\/em>:\u00a0Mejores amigas, selfies, transmutaciones en la cancha, superpedos, misiones secretas, hombres malos, drama adolescente, sexo tinaguer, coreograf\u00edas lic\u00e1ntropas\u2026 y lo que queda por llegar. As\u00ed reza la entrada de esta maravillosa serie creada y alojada por\u00a0Tik Tok<b>\u00a0<\/b>y que ahora aparece recopilada y extendida en este volumen y publicada\u00a0en colaboraci\u00f3n con\u00a0Fosfatina.<\/p>\n","protected":false},"excerpt":{"rendered":"<p><strong>Autor: <\/strong>VV.AA<strong><\/p>\n<p>P\u00e1ginas<\/strong>: 116 Color<\/p>\n<p><strong>Encuadernaci\u00f3n<\/strong>: Tapa Dura<\/p>\n<p><strong>Medidas:<\/strong> 148\u00d7210 mm<\/p>\n<p><strong>Idioma<\/strong>: Castellano<\/p>\n<p><strong>ISBN<\/strong>: 978-84-945644-0-6<\/p>\n<p><strong>Septiembre, 2016<\/strong><\/p>\n","protected":false},"featured_media":19719,"template":"","meta":{"_acf_changed":false,"site-sidebar-layout":"default","site-content-layout":"default","ast-site-content-layout":"default","site-content-style":"default","site-sidebar-style":"default","ast-global-header-display":"","ast-banner-title-visibility":"","ast-main-header-display":"","ast-hfb-above-header-display":"","ast-hfb-below-header-display":"","ast-hfb-mobile-header-display":"","site-post-title":"","ast-breadcrumbs-content":"","ast-featured-img":"","footer-sml-layout":"","ast-disable-related-posts":"","theme-transparent-header-meta":"","adv-header-id-meta":"","stick-header-meta":"","header-above-stick-meta":"","header-main-stick-meta":"","header-below-stick-meta":"","astra-migrate-meta-layouts":"default","ast-page-background-enabled":"default","ast-page-background-meta":{"desktop":{"background-color":"","background-image":"","background-repeat":"repeat","background-position":"center center","background-size":"auto","background-attachment":"scroll","background-type":"","background-media":"","overlay-type":"","overlay-color":"","overlay-opacity":"","overlay-gradient":""},"tablet":{"background-color":"","background-image":"","background-repeat":"repeat","background-position":"center center","background-size":"auto","background-attachment":"scroll","background-type":"","background-media":"","overlay-type":"","overlay-color":"","overlay-opacity":"","overlay-gradient":""},"mobile":{"background-color":"","background-image":"","background-repeat":"repeat","background-position":"center center","background-size":"auto","background-attachment":"scroll","background-type":"","background-media":"","overlay-type":"","overlay-color":"","overlay-opacity":"","overlay-gradient":""}},"ast-content-background-meta":{"desktop":{"background-color":"var(--ast-global-color-5)","background-image":"","background-repeat":"repeat","background-position":"center center","background-size":"auto","background-attachment":"scroll","background-type":"","background-media":"","overlay-type":"","overlay-color":"","overlay-opacity":"","overlay-gradient":""},"tablet":{"background-color":"var(--ast-global-color-5)","background-image":"","background-repeat":"repeat","background-position":"center center","background-size":"auto","background-attachment":"scroll","background-type":"","background-media":"","overlay-type":"","overlay-color":"","overlay-opacity":"","overlay-gradient":""},"mobile":{"background-color":"var(--ast-global-color-5)","background-image":"","background-repeat":"repeat","background-position":"center center","background-size":"auto","background-attachment":"scroll","background-type":"","background-media":"","overlay-type":"","overlay-color":"","overlay-opacity":"","overlay-gradient":""}}},"product_brand":[],"product_cat":[101,65],"product_tag":[389],"class_list":{"0":"post-19728","1":"product","2":"type-product","3":"status-publish","4":"has-post-thumbnail","6":"product_cat-destacados-ca","7":"product_cat-llibre-dartista","8":"product_tag-editorial-elvira-ca","9":"desktop-align-left","10":"tablet-align-left","11":"mobile-align-left","13":"first","14":"instock","15":"shipping-taxable","16":"purchasable","17":"product-type-simple"},"acf":[],"yoast_head":"<!-- This site is optimized with the Yoast SEO plugin v27.3 - https:\/\/yoast.com\/product\/yoast-seo-wordpress\/ -->\n<title>Teen Wolf - ArtsLibris<\/title>\n<meta name=\"robots\" content=\"index, follow, max-snippet:-1, max-image-preview:large, max-video-preview:-1\" \/>\n<link rel=\"canonical\" href=\"https:\/\/artslibris.cat\/ca\/tienda\/llibre-dartista\/teen-wolf\/\" \/>\n<meta property=\"og:locale\" content=\"ca_ES\" \/>\n<meta property=\"og:type\" content=\"article\" \/>\n<meta property=\"og:title\" content=\"Teen Wolf - ArtsLibris\" \/>\n<meta property=\"og:description\" content=\"Autor: VV.AA P\u00e1ginas: 116 Color Encuadernaci\u00f3n: Tapa Dura Medidas: 148\u00d7210 mm Idioma: Castellano ISBN: 978-84-945644-0-6 Septiembre, 2016\" \/>\n<meta property=\"og:url\" content=\"https:\/\/artslibris.cat\/ca\/tienda\/llibre-dartista\/teen-wolf\/\" \/>\n<meta property=\"og:site_name\" content=\"ArtsLibris\" \/>\n<meta property=\"article:publisher\" content=\"https:\/\/www.facebook.com\/artslibris\/\" \/>\n<meta property=\"article:modified_time\" content=\"2025-12-29T11:49:35+00:00\" \/>\n<meta property=\"og:image\" content=\"https:\/\/artslibris.cat\/wp-content\/uploads\/2022\/09\/Captura-de-pantalla-2022-09-13-a-las-16.46.41.png\" \/>\n\t<meta property=\"og:image:width\" content=\"419\" \/>\n\t<meta property=\"og:image:height\" content=\"612\" \/>\n\t<meta property=\"og:image:type\" content=\"image\/png\" \/>\n<meta name=\"twitter:card\" content=\"summary_large_image\" \/>\n<meta name=\"twitter:site\" content=\"@ArtsLibris\" \/>\n<meta name=\"twitter:label1\" content=\"Temps estimat de lectura\" \/>\n\t<meta name=\"twitter:data1\" content=\"1 minut\" \/>\n<script type=\"application\/ld+json\" class=\"yoast-schema-graph\">{\"@context\":\"https:\\\/\\\/schema.org\",\"@graph\":[{\"@type\":\"WebPage\",\"@id\":\"https:\\\/\\\/artslibris.cat\\\/ca\\\/tienda\\\/llibre-dartista\\\/teen-wolf\\\/\",\"url\":\"https:\\\/\\\/artslibris.cat\\\/ca\\\/tienda\\\/llibre-dartista\\\/teen-wolf\\\/\",\"name\":\"Teen Wolf - ArtsLibris\",\"isPartOf\":{\"@id\":\"https:\\\/\\\/artslibris.cat\\\/ca\\\/#website\"},\"primaryImageOfPage\":{\"@id\":\"https:\\\/\\\/artslibris.cat\\\/ca\\\/tienda\\\/llibre-dartista\\\/teen-wolf\\\/#primaryimage\"},\"image\":{\"@id\":\"https:\\\/\\\/artslibris.cat\\\/ca\\\/tienda\\\/llibre-dartista\\\/teen-wolf\\\/#primaryimage\"},\"thumbnailUrl\":\"https:\\\/\\\/artslibris.cat\\\/wp-content\\\/uploads\\\/2022\\\/09\\\/Captura-de-pantalla-2022-09-13-a-las-16.46.41.png\",\"datePublished\":\"2022-09-13T14:49:45+00:00\",\"dateModified\":\"2025-12-29T11:49:35+00:00\",\"breadcrumb\":{\"@id\":\"https:\\\/\\\/artslibris.cat\\\/ca\\\/tienda\\\/llibre-dartista\\\/teen-wolf\\\/#breadcrumb\"},\"inLanguage\":\"ca\",\"potentialAction\":[{\"@type\":\"ReadAction\",\"target\":[\"https:\\\/\\\/artslibris.cat\\\/ca\\\/tienda\\\/llibre-dartista\\\/teen-wolf\\\/\"]}]},{\"@type\":\"ImageObject\",\"inLanguage\":\"ca\",\"@id\":\"https:\\\/\\\/artslibris.cat\\\/ca\\\/tienda\\\/llibre-dartista\\\/teen-wolf\\\/#primaryimage\",\"url\":\"https:\\\/\\\/artslibris.cat\\\/wp-content\\\/uploads\\\/2022\\\/09\\\/Captura-de-pantalla-2022-09-13-a-las-16.46.41.png\",\"contentUrl\":\"https:\\\/\\\/artslibris.cat\\\/wp-content\\\/uploads\\\/2022\\\/09\\\/Captura-de-pantalla-2022-09-13-a-las-16.46.41.png\",\"width\":419,\"height\":612},{\"@type\":\"BreadcrumbList\",\"@id\":\"https:\\\/\\\/artslibris.cat\\\/ca\\\/tienda\\\/llibre-dartista\\\/teen-wolf\\\/#breadcrumb\",\"itemListElement\":[{\"@type\":\"ListItem\",\"position\":1,\"name\":\"Portada\",\"item\":\"https:\\\/\\\/artslibris.cat\\\/ca\\\/\"},{\"@type\":\"ListItem\",\"position\":2,\"name\":\"Tenda\",\"item\":\"https:\\\/\\\/artslibris.cat\\\/ca\\\/tenda\\\/\"},{\"@type\":\"ListItem\",\"position\":3,\"name\":\"Teen Wolf\"}]},{\"@type\":\"WebSite\",\"@id\":\"https:\\\/\\\/artslibris.cat\\\/ca\\\/#website\",\"url\":\"https:\\\/\\\/artslibris.cat\\\/ca\\\/\",\"name\":\"ArtsLibris\",\"description\":\"\",\"publisher\":{\"@id\":\"https:\\\/\\\/artslibris.cat\\\/ca\\\/#organization\"},\"potentialAction\":[{\"@type\":\"SearchAction\",\"target\":{\"@type\":\"EntryPoint\",\"urlTemplate\":\"https:\\\/\\\/artslibris.cat\\\/ca\\\/?s={search_term_string}\"},\"query-input\":{\"@type\":\"PropertyValueSpecification\",\"valueRequired\":true,\"valueName\":\"search_term_string\"}}],\"inLanguage\":\"ca\"},{\"@type\":\"Organization\",\"@id\":\"https:\\\/\\\/artslibris.cat\\\/ca\\\/#organization\",\"name\":\"ArtsLibris\",\"url\":\"https:\\\/\\\/artslibris.cat\\\/ca\\\/\",\"logo\":{\"@type\":\"ImageObject\",\"inLanguage\":\"ca\",\"@id\":\"https:\\\/\\\/artslibris.cat\\\/ca\\\/#\\\/schema\\\/logo\\\/image\\\/\",\"url\":\"https:\\\/\\\/artslibris.cat\\\/wp-content\\\/uploads\\\/2020\\\/05\\\/ArtsLibris-logo-black.svg\",\"contentUrl\":\"https:\\\/\\\/artslibris.cat\\\/wp-content\\\/uploads\\\/2020\\\/05\\\/ArtsLibris-logo-black.svg\",\"width\":521,\"height\":85,\"caption\":\"ArtsLibris\"},\"image\":{\"@id\":\"https:\\\/\\\/artslibris.cat\\\/ca\\\/#\\\/schema\\\/logo\\\/image\\\/\"},\"sameAs\":[\"https:\\\/\\\/www.facebook.com\\\/artslibris\\\/\",\"https:\\\/\\\/x.com\\\/ArtsLibris\",\"https:\\\/\\\/www.instagram.com\\\/artslibris\\\/\"]}]}<\/script>\n<!-- \/ Yoast SEO plugin. -->","yoast_head_json":{"title":"Teen Wolf - ArtsLibris","robots":{"index":"index","follow":"follow","max-snippet":"max-snippet:-1","max-image-preview":"max-image-preview:large","max-video-preview":"max-video-preview:-1"},"canonical":"https:\/\/artslibris.cat\/ca\/tienda\/llibre-dartista\/teen-wolf\/","og_locale":"ca_ES","og_type":"article","og_title":"Teen Wolf - ArtsLibris","og_description":"Autor: VV.AA P\u00e1ginas: 116 Color Encuadernaci\u00f3n: Tapa Dura Medidas: 148\u00d7210 mm Idioma: Castellano ISBN: 978-84-945644-0-6 Septiembre, 2016","og_url":"https:\/\/artslibris.cat\/ca\/tienda\/llibre-dartista\/teen-wolf\/","og_site_name":"ArtsLibris","article_publisher":"https:\/\/www.facebook.com\/artslibris\/","article_modified_time":"2025-12-29T11:49:35+00:00","og_image":[{"width":419,"height":612,"url":"https:\/\/artslibris.cat\/wp-content\/uploads\/2022\/09\/Captura-de-pantalla-2022-09-13-a-las-16.46.41.png","type":"image\/png"}],"twitter_card":"summary_large_image","twitter_site":"@ArtsLibris","twitter_misc":{"Temps estimat de lectura":"1 minut"},"schema":{"@context":"https:\/\/schema.org","@graph":[{"@type":"WebPage","@id":"https:\/\/artslibris.cat\/ca\/tienda\/llibre-dartista\/teen-wolf\/","url":"https:\/\/artslibris.cat\/ca\/tienda\/llibre-dartista\/teen-wolf\/","name":"Teen Wolf - ArtsLibris","isPartOf":{"@id":"https:\/\/artslibris.cat\/ca\/#website"},"primaryImageOfPage":{"@id":"https:\/\/artslibris.cat\/ca\/tienda\/llibre-dartista\/teen-wolf\/#primaryimage"},"image":{"@id":"https:\/\/artslibris.cat\/ca\/tienda\/llibre-dartista\/teen-wolf\/#primaryimage"},"thumbnailUrl":"https:\/\/artslibris.cat\/wp-content\/uploads\/2022\/09\/Captura-de-pantalla-2022-09-13-a-las-16.46.41.png","datePublished":"2022-09-13T14:49:45+00:00","dateModified":"2025-12-29T11:49:35+00:00","breadcrumb":{"@id":"https:\/\/artslibris.cat\/ca\/tienda\/llibre-dartista\/teen-wolf\/#breadcrumb"},"inLanguage":"ca","potentialAction":[{"@type":"ReadAction","target":["https:\/\/artslibris.cat\/ca\/tienda\/llibre-dartista\/teen-wolf\/"]}]},{"@type":"ImageObject","inLanguage":"ca","@id":"https:\/\/artslibris.cat\/ca\/tienda\/llibre-dartista\/teen-wolf\/#primaryimage","url":"https:\/\/artslibris.cat\/wp-content\/uploads\/2022\/09\/Captura-de-pantalla-2022-09-13-a-las-16.46.41.png","contentUrl":"https:\/\/artslibris.cat\/wp-content\/uploads\/2022\/09\/Captura-de-pantalla-2022-09-13-a-las-16.46.41.png","width":419,"height":612},{"@type":"BreadcrumbList","@id":"https:\/\/artslibris.cat\/ca\/tienda\/llibre-dartista\/teen-wolf\/#breadcrumb","itemListElement":[{"@type":"ListItem","position":1,"name":"Portada","item":"https:\/\/artslibris.cat\/ca\/"},{"@type":"ListItem","position":2,"name":"Tenda","item":"https:\/\/artslibris.cat\/ca\/tenda\/"},{"@type":"ListItem","position":3,"name":"Teen Wolf"}]},{"@type":"WebSite","@id":"https:\/\/artslibris.cat\/ca\/#website","url":"https:\/\/artslibris.cat\/ca\/","name":"ArtsLibris","description":"","publisher":{"@id":"https:\/\/artslibris.cat\/ca\/#organization"},"potentialAction":[{"@type":"SearchAction","target":{"@type":"EntryPoint","urlTemplate":"https:\/\/artslibris.cat\/ca\/?s={search_term_string}"},"query-input":{"@type":"PropertyValueSpecification","valueRequired":true,"valueName":"search_term_string"}}],"inLanguage":"ca"},{"@type":"Organization","@id":"https:\/\/artslibris.cat\/ca\/#organization","name":"ArtsLibris","url":"https:\/\/artslibris.cat\/ca\/","logo":{"@type":"ImageObject","inLanguage":"ca","@id":"https:\/\/artslibris.cat\/ca\/#\/schema\/logo\/image\/","url":"https:\/\/artslibris.cat\/wp-content\/uploads\/2020\/05\/ArtsLibris-logo-black.svg","contentUrl":"https:\/\/artslibris.cat\/wp-content\/uploads\/2020\/05\/ArtsLibris-logo-black.svg","width":521,"height":85,"caption":"ArtsLibris"},"image":{"@id":"https:\/\/artslibris.cat\/ca\/#\/schema\/logo\/image\/"},"sameAs":["https:\/\/www.facebook.com\/artslibris\/","https:\/\/x.com\/ArtsLibris","https:\/\/www.instagram.com\/artslibris\/"]}]}},"_links":{"self":[{"href":"https:\/\/artslibris.cat\/ca\/wp-json\/wp\/v2\/product\/19728","targetHints":{"allow":["GET"]}}],"collection":[{"href":"https:\/\/artslibris.cat\/ca\/wp-json\/wp\/v2\/product"}],"about":[{"href":"https:\/\/artslibris.cat\/ca\/wp-json\/wp\/v2\/types\/product"}],"wp:featuredmedia":[{"embeddable":true,"href":"https:\/\/artslibris.cat\/ca\/wp-json\/wp\/v2\/media\/19719"}],"wp:attachment":[{"href":"https:\/\/artslibris.cat\/ca\/wp-json\/wp\/v2\/media?parent=19728"}],"wp:term":[{"taxonomy":"product_brand","embeddable":true,"href":"https:\/\/artslibris.cat\/ca\/wp-json\/wp\/v2\/product_brand?post=19728"},{"taxonomy":"product_cat","embeddable":true,"href":"https:\/\/artslibris.cat\/ca\/wp-json\/wp\/v2\/product_cat?post=19728"},{"taxonomy":"product_tag","embeddable":true,"href":"https:\/\/artslibris.cat\/ca\/wp-json\/wp\/v2\/product_tag?post=19728"}],"curies":[{"name":"wp","href":"https:\/\/api.w.org\/{rel}","templated":true}]}}