{"id":18176,"date":"2022-04-06T13:24:54","date_gmt":"2022-04-06T13:24:54","guid":{"rendered":"https:\/\/artslibris.cat\/artslibris-arcolisboa-2022\/"},"modified":"2022-05-09T18:11:20","modified_gmt":"2022-05-09T18:11:20","slug":"artslibris-arcolisboa-2022","status":"publish","type":"page","link":"https:\/\/artslibris.cat\/ca\/artslibris-arcolisboa-2022\/","title":{"rendered":"ArtsLibris ARCOlisboa 2022"},"content":{"rendered":"\t\t<div data-elementor-type=\"wp-page\" data-elementor-id=\"18176\" class=\"elementor elementor-18176 elementor-16839\" data-elementor-post-type=\"page\">\n\t\t\t\t\t\t<section class=\"elementor-section elementor-top-section elementor-element elementor-element-6d0bf379 elementor-section-stretched elementor-section-boxed elementor-section-height-default elementor-section-height-default\" data-id=\"6d0bf379\" data-element_type=\"section\" data-settings=\"{&quot;stretch_section&quot;:&quot;section-stretched&quot;,&quot;background_background&quot;:&quot;classic&quot;}\">\n\t\t\t\t\t\t<div class=\"elementor-container elementor-column-gap-default\">\n\t\t\t\t\t<div class=\"elementor-column elementor-col-100 elementor-top-column elementor-element elementor-element-3c53f1a1\" data-id=\"3c53f1a1\" data-element_type=\"column\">\n\t\t\t<div class=\"elementor-widget-wrap elementor-element-populated\">\n\t\t\t\t\t\t<div class=\"elementor-element elementor-element-36e8707 elementor-widget elementor-widget-image\" data-id=\"36e8707\" data-element_type=\"widget\" data-widget_type=\"image.default\">\n\t\t\t\t<div class=\"elementor-widget-container\">\n\t\t\t\t\t\t\t\t\t\t\t\t\t\t\t<img fetchpriority=\"high\" decoding=\"async\" width=\"1812\" height=\"680\" src=\"https:\/\/artslibris.cat\/wp-content\/uploads\/2022\/05\/ALARCOLISBOAcat.svg\" class=\"attachment-full size-full wp-image-18171\" alt=\"\" \/>\t\t\t\t\t\t\t\t\t\t\t\t\t\t\t<\/div>\n\t\t\t\t<\/div>\n\t\t\t\t\t<\/div>\n\t\t<\/div>\n\t\t\t\t\t<\/div>\n\t\t<\/section>\n\t\t\t\t<section data-dce-background-color=\"#050072\" class=\"elementor-section elementor-top-section elementor-element elementor-element-1b429651 elementor-section-boxed elementor-section-height-default elementor-section-height-default\" data-id=\"1b429651\" data-element_type=\"section\" data-settings=\"{&quot;background_background&quot;:&quot;classic&quot;}\">\n\t\t\t\t\t\t<div class=\"elementor-container elementor-column-gap-default\">\n\t\t\t\t\t<div class=\"elementor-column elementor-col-50 elementor-top-column elementor-element elementor-element-e5e5677\" data-id=\"e5e5677\" data-element_type=\"column\">\n\t\t\t<div class=\"elementor-widget-wrap elementor-element-populated\">\n\t\t\t\t\t\t<div class=\"elementor-element elementor-element-4b6049f8 elementor-widget elementor-widget-heading\" data-id=\"4b6049f8\" data-element_type=\"widget\" data-widget_type=\"heading.default\">\n\t\t\t\t<div class=\"elementor-widget-container\">\n\t\t\t\t\t<h2 class=\"elementor-heading-title elementor-size-default\">ArtsLibris a ARCOlisboa 2022<\/h2>\t\t\t\t<\/div>\n\t\t\t\t<\/div>\n\t\t\t\t<div class=\"elementor-element elementor-element-5667ded5 elementor-widget elementor-widget-text-editor\" data-id=\"5667ded5\" data-element_type=\"widget\" data-widget_type=\"text-editor.default\">\n\t\t\t\t<div class=\"elementor-widget-container\">\n\t\t\t\t\t\t\t\t\t<p class=\"p1\"><b>ArtsLibris<\/b> tornar\u00e0 a estar present enguany a <b>ARCOlisboa<\/b>. En aquesta quarta edici\u00f3, <b>presenta 30 expositors<\/b> nacionals i internacionals, amb una notable pres\u00e8ncia d&#8217;editors portuguesos. La fira se celebrar\u00e0 a Torre\u00e2o Nascente de l&#8217;antiga f\u00e0brica Cordoaria Nacional i ser\u00e0 d&#8217;acc\u00e9s lliure per al p\u00fablic.<\/p>\n<p class=\"p1\">Comptarem amb el nostre caracter\u00edstic espai de presentacions i debats, <b>Speakers\u2019 Corner<\/b>, en el qual els editors participants parlaran de les seves publicacions i l\u00ednies editorials. De manera conjunta, <b>des de ArtsLibris i ARCO, incentivem el col\u00b7leccionisme a trav\u00e9s de les publicacions d&#8217;artista<\/b>, consolidant la nostra proposta com un espai de reflexi\u00f3 i di\u00e0leg al voltant del lloc que ocupen les edicions en la producci\u00f3 art\u00edstica.<\/p>\n\t\t\t\t\t\t\t\t<\/div>\n\t\t\t\t<\/div>\n\t\t\t\t\t<\/div>\n\t\t<\/div>\n\t\t\t\t<div class=\"elementor-column elementor-col-50 elementor-top-column elementor-element elementor-element-0ff6c8b\" data-id=\"0ff6c8b\" data-element_type=\"column\">\n\t\t\t<div class=\"elementor-widget-wrap\">\n\t\t\t\t\t\t\t<\/div>\n\t\t<\/div>\n\t\t\t\t\t<\/div>\n\t\t<\/section>\n\t\t\t\t<section class=\"elementor-section elementor-top-section elementor-element elementor-element-34f13dff elementor-section-boxed elementor-section-height-default elementor-section-height-default\" data-id=\"34f13dff\" data-element_type=\"section\" data-settings=\"{&quot;background_background&quot;:&quot;classic&quot;}\">\n\t\t\t\t\t\t<div class=\"elementor-container elementor-column-gap-default\">\n\t\t\t\t\t<div class=\"elementor-column elementor-col-100 elementor-top-column elementor-element elementor-element-c752ac\" data-id=\"c752ac\" data-element_type=\"column\">\n\t\t\t<div class=\"elementor-widget-wrap elementor-element-populated\">\n\t\t\t\t\t\t<div class=\"elementor-element elementor-element-68d8f94b elementor-widget elementor-widget-heading\" data-id=\"68d8f94b\" data-element_type=\"widget\" data-widget_type=\"heading.default\">\n\t\t\t\t<div class=\"elementor-widget-container\">\n\t\t\t\t\t<h2 class=\"elementor-heading-title elementor-size-default\">EXPOSITORS d\u2019ArtsLibris a ARCOlisboa2022<\/h2>\t\t\t\t<\/div>\n\t\t\t\t<\/div>\n\t\t\t\t<div class=\"elementor-element elementor-element-f2f4c53 elementor-widget elementor-widget-text-editor\" data-id=\"f2f4c53\" data-element_type=\"widget\" data-widget_type=\"text-editor.default\">\n\t\t\t\t<div class=\"elementor-widget-container\">\n\t\t\t\t\t\t\t\t\t<p class=\"p1\"><span style=\"color: #050072;\"><strong><span class=\"s1\"><a style=\"color: #050072;\" href=\"http:\/\/www.escueladearte.com\/\">42Lineas\/Escuela de Arte de Oviedo<\/a><\/span><\/strong><span class=\"s2\"> (Oviedo), <strong><a style=\"color: #050072;\" href=\"http:\/\/www.altiba9.com\/\"><span class=\"s3\">Al-Tiba9 Contemporary Art<\/span><\/a><\/strong> (Barcelona), <strong><a style=\"color: #050072;\" href=\"https:\/\/aliaseditorial.com\/\"><span class=\"s3\">Alias<\/span><\/a> <\/strong>(Ciudad de M\u00e9xico), <strong><a style=\"color: #050072;\" href=\"https:\/\/cajanegraeditora.com.ar\/\"><span class=\"s3\">Caja Negra<\/span><\/a><\/strong> (Buenos Aires), <strong><a style=\"color: #050072;\" href=\"http:\/\/www.cendeac.net\/\"><span class=\"s3\">CENDEAC<\/span><\/a><\/strong> (Murcia), <strong><a style=\"color: #050072;\" href=\"https:\/\/contemporanea.pt\/\"><span class=\"s3\">Contempor\u00e2nea<\/span><\/a><\/strong> (Lisboa), <strong><a style=\"color: #050072;\" href=\"http:\/\/www.joantomas.info\/\"><span class=\"s3\">CRICAO\/Joan Tom\u00e1s<\/span><\/a><\/strong> (Barcelona), <strong><a style=\"color: #050072;\" href=\"http:\/\/desape.com\/\"><span class=\"s3\">Desap\u00ea<\/span><\/a><\/strong> (S\u00e3o Paulo), <strong><a style=\"color: #050072;\" href=\"https:\/\/artslibris.cat\/ca\/\"><span class=\"s3\">Ediciones ArtsLibris<\/span><\/a><\/strong> (Barcelona),<strong><a style=\"color: #050072;\" href=\"https:\/\/egeac.pt\/\"><span class=\"s3\"> EGEAC<\/span><\/a><\/strong> (Lisboa), <strong><a style=\"color: #050072;\" href=\"http:\/\/studio.ferranelotro.info\/\"><span class=\"s3\">ferranElOtro Editor<\/span><\/a> <\/strong>(Medell\u00edn\/Barelona), <strong><a style=\"color: #050072;\" href=\"http:\/\/www.ghost.pt\/\"><span class=\"s3\">GHOST Editions<\/span><\/a><\/strong> (Lisboa), <strong><a style=\"color: #050072;\" href=\"http:\/\/www.gliori.it\/\"><span class=\"s3\">GLI ORI<\/span><\/a><\/strong> (Pistoia), <strong><a style=\"color: #050072;\" href=\"https:\/\/hangar.com.pt\/edicoes\/\"><span class=\"s3\">Hangar Books<\/span><\/a><\/strong> (Lisboa), <strong><a style=\"color: #050072;\" href=\"http:\/\/www.galeria-horizon.com\/\"><span class=\"s3\">Horizon Projects<\/span><\/a> <\/strong>(Colera), <strong><a style=\"color: #050072;\" href=\"http:\/\/www.meelpress.com\/\"><span class=\"s3\">Meel Press \/ EmptyCube reader<\/span><\/a><\/strong> (Lisboa), <strong><a style=\"color: #050072;\" href=\"https:\/\/metalespesados.cl\/\"><span class=\"s3\">Metales Pesados<\/span><\/a> <\/strong>(Santiago de Chile), <strong><a style=\"color: #050072;\" href=\"http:\/\/www.miamarti.com\/\"><span class=\"s3\">Mia Mart\u00ed<\/span><\/a><\/strong> (Barcelona), <strong><a style=\"color: #050072;\" href=\"http:\/\/www.nocapaper.com\/\"><span class=\"s3\">Nocapaper<\/span><\/a><\/strong> (Santander), <strong><a style=\"color: #050072;\" href=\"https:\/\/artslibris.cat\/ca\/tienda\/llibre-dartista\/per-cromwell\/\"><span class=\"s3\">Puigfaura<\/span><\/a><\/strong> (Sabadell), <strong><a style=\"color: #050072;\" href=\"https:\/\/www.rainalupa.com\/ediciones\/\"><span class=\"s3\">Ra\u00ed\u00f1a Lupa<\/span><\/a><\/strong> (Barcelona), <strong><a style=\"color: #050072;\" href=\"https:\/\/rociosantacruz.com\/\"><span class=\"s3\">Roc\u00edoSantaCruz<\/span><\/a><\/strong> (Barcelona), <strong><a style=\"color: #050072;\" href=\"http:\/\/www.rvculturaearte.com\/\"><span class=\"s3\">RV Cultura e Arte<\/span><\/a><\/strong> (Salvador da Bahia), <strong><a style=\"color: #050072;\" href=\"http:\/\/saveaspublications.ferranelotro.info\/\"><span class=\"s3\">Save As\u2026 Publications<\/span><\/a><\/strong> (Barcelona), <strong><a style=\"color: #050072;\" href=\"http:\/\/stet-livros-fotografias.com\/\"><span class=\"s3\">STET<\/span><\/a><\/strong> (Lisboa), <strong><a style=\"color: #050072;\" href=\"http:\/\/www.gravat.com\/\"><span class=\"s3\">Tinta Invisible Edicions<\/span><\/a><\/strong> (Barcelona), <strong><a style=\"color: #050072;\" href=\"https:\/\/umbigomagazine.com\/pt\/\"><span class=\"s3\">Umbigo<\/span><\/a><\/strong> (Lisboa), <strong><a style=\"color: #050072;\" href=\"http:\/\/www.urucum.com\/\"><span class=\"s3\">Urucum<\/span><\/a><\/strong> (Lisboa), <strong><a style=\"color: #050072;\" href=\"http:\/\/www.veritas.art\/\"><span class=\"s3\">Veritas Art <\/span><del><span class=\"s4\">Auctioneers<\/span><\/del><span class=\"s3\"> Publishers<\/span><\/a><\/strong> (Lisboa), <strong><a style=\"color: #050072;\" href=\"http:\/\/www.artbooks.xyz\/\"><span class=\"s3\">XYZ Books<\/span><\/a><\/strong> (Lisboa)<\/span><\/span><\/p>\n\t\t\t\t\t\t\t\t<\/div>\n\t\t\t\t<\/div>\n\t\t\t\t\t<\/div>\n\t\t<\/div>\n\t\t\t\t\t<\/div>\n\t\t<\/section>\n\t\t\t\t<section class=\"elementor-section elementor-top-section elementor-element elementor-element-6590f3b7 elementor-section-boxed elementor-section-height-default elementor-section-height-default\" data-id=\"6590f3b7\" data-element_type=\"section\" data-settings=\"{&quot;background_background&quot;:&quot;classic&quot;}\">\n\t\t\t\t\t\t<div class=\"elementor-container elementor-column-gap-default\">\n\t\t\t\t\t<div class=\"elementor-column elementor-col-100 elementor-top-column elementor-element elementor-element-22f901a\" data-id=\"22f901a\" data-element_type=\"column\">\n\t\t\t<div class=\"elementor-widget-wrap elementor-element-populated\">\n\t\t\t\t\t\t<div class=\"elementor-element elementor-element-72efed3d elementor-widget elementor-widget-heading\" data-id=\"72efed3d\" data-element_type=\"widget\" data-widget_type=\"heading.default\">\n\t\t\t\t<div class=\"elementor-widget-container\">\n\t\t\t\t\t<h2 class=\"elementor-heading-title elementor-size-default\">PROGRAMACI\u00d3 <br> Speakers\u2019 Corner de ArtsLibris<\/h2>\t\t\t\t<\/div>\n\t\t\t\t<\/div>\n\t\t\t\t<div class=\"elementor-element elementor-element-339d6039 elementor-widget elementor-widget-accordion\" data-id=\"339d6039\" data-element_type=\"widget\" data-widget_type=\"accordion.default\">\n\t\t\t\t<div class=\"elementor-widget-container\">\n\t\t\t\t\t\t\t<div class=\"elementor-accordion\">\n\t\t\t\t\t\t\t<div class=\"elementor-accordion-item\">\n\t\t\t\t\t<div id=\"elementor-tab-title-8651\" class=\"elementor-tab-title\" data-tab=\"1\" role=\"button\" aria-controls=\"elementor-tab-content-8651\" aria-expanded=\"false\">\n\t\t\t\t\t\t\t\t\t\t\t\t\t<span class=\"elementor-accordion-icon elementor-accordion-icon-left\" aria-hidden=\"true\">\n\t\t\t\t\t\t\t\t\t\t\t\t\t\t\t<span class=\"elementor-accordion-icon-closed\"><i class=\"fas fa-chevron-down\"><\/i><\/span>\n\t\t\t\t\t\t\t\t<span class=\"elementor-accordion-icon-opened\"><i class=\"fas fa-chevron-up\"><\/i><\/span>\n\t\t\t\t\t\t\t\t\t\t\t\t\t\t<\/span>\n\t\t\t\t\t\t\t\t\t\t\t\t<a class=\"elementor-accordion-title\" tabindex=\"0\">Divendres 20 de maig<\/a>\n\t\t\t\t\t<\/div>\n\t\t\t\t\t<div id=\"elementor-tab-content-8651\" class=\"elementor-tab-content elementor-clearfix\" data-tab=\"1\" role=\"region\" aria-labelledby=\"elementor-tab-title-8651\"><p class=\"p1\">16:30 h \u2013 <b>42 L\u00edneas \/ Escuela de Arte de Oviedo + Facultat de Belles Arts de Lisboa<br \/>\n<\/b>Presenten:<i> Di\u00e0leg sobre la rellev\u00e0ncia de les edicions d&#8217;art en els centres d&#8217;ensenyaments art\u00edstics.<br \/>\n<\/i>Amb: Jos\u00e9 Santos, Eduardo Guerra, Laura Guti\u00e9rrez i la Facultat de Belles Arts de Lisboa.<\/p>\n<p class=\"p1\">17:30 h \u2013 <b>Meel Press \/ Empty Cube reader<br \/>\n<\/b>Presenta:<i> \u00c2ngela Ferreira &#8211; Study For Magic Land<br \/>\n<\/i>Amb: \u00c2ngela Ferreira, Jo\u00e3o Silv\u00e9rio i Hugo Amorin.<\/p>\n<\/div>\n\t\t\t\t<\/div>\n\t\t\t\t\t\t\t<div class=\"elementor-accordion-item\">\n\t\t\t\t\t<div id=\"elementor-tab-title-8652\" class=\"elementor-tab-title\" data-tab=\"2\" role=\"button\" aria-controls=\"elementor-tab-content-8652\" aria-expanded=\"false\">\n\t\t\t\t\t\t\t\t\t\t\t\t\t<span class=\"elementor-accordion-icon elementor-accordion-icon-left\" aria-hidden=\"true\">\n\t\t\t\t\t\t\t\t\t\t\t\t\t\t\t<span class=\"elementor-accordion-icon-closed\"><i class=\"fas fa-chevron-down\"><\/i><\/span>\n\t\t\t\t\t\t\t\t<span class=\"elementor-accordion-icon-opened\"><i class=\"fas fa-chevron-up\"><\/i><\/span>\n\t\t\t\t\t\t\t\t\t\t\t\t\t\t<\/span>\n\t\t\t\t\t\t\t\t\t\t\t\t<a class=\"elementor-accordion-title\" tabindex=\"0\">Dissabte 21 de maig<\/a>\n\t\t\t\t\t<\/div>\n\t\t\t\t\t<div id=\"elementor-tab-content-8652\" class=\"elementor-tab-content elementor-clearfix\" data-tab=\"2\" role=\"region\" aria-labelledby=\"elementor-tab-title-8652\"><p class=\"p1\">14:30 h \u2013 <b>Hangar Books<br \/>\n<\/b>Presenta: <i>Atlantica Talks<br \/>\n<\/i>Amb: \u00c2ngela Ferreira, Paula Nascimento, Nithya\u00a0Iyer, M\u00f3nica de Miranda i C\u00e9sar Schofield Cardoso.<span class=\"Apple-converted-space\">\u00a0<\/span><\/p>\n<p class=\"p1\">15:30 h \u2013<b> XYZ Books<br \/>\n<\/b>Presenta: <i>XYZ Books Residencies &#8211; Mat\u00e9ria de Lu\u00edsa Ferreira<br \/>\n<\/i>Amb: Lu\u00edsa Ferreira + Editores XYZ Books<\/p>\n<p class=\"p1\">16:30 h \u2013 <b>Desap\u00ea<br \/>\n<\/b><span class=\"s1\">Presenta:<\/span><i> Do livro nasce livro<br \/>\n<\/i>Amb: Theodore Ereira Guyer, Renata Siqueira Bueno, Ivonne Villamil e Ivar Rocha.<\/p>\n<p class=\"p1\">17:30 h \u2013 <b>STET \/ No.No Gallery<br \/>\n<\/b>Presenten: <i>!No Pasaran!<span class=\"Apple-converted-space\"><br \/>\n<\/span><\/i>Amb: Ana Perez Quiroga<\/p>\n<p class=\"p1\">18:30 h \u2013 <b>STET<br \/>\n<\/b>Presenta<i>: Os livros como mat\u00e9ria e constru\u00e7\u00e3o<br \/>\n<\/i>Amb: Fernanda Fragateiro<\/p>\n<\/div>\n\t\t\t\t<\/div>\n\t\t\t\t\t\t\t\t<\/div>\n\t\t\t\t\t\t<\/div>\n\t\t\t\t<\/div>\n\t\t\t\t<div class=\"elementor-element elementor-element-54e3462c elementor-widget elementor-widget-html\" data-id=\"54e3462c\" data-element_type=\"widget\" data-widget_type=\"html.default\">\n\t\t\t\t<div class=\"elementor-widget-container\">\n\t\t\t\t\t<script>\r\njQuery(document).ready(function($) { \r\nvar delay = 100; setTimeout(function() { \r\n$('.elementor-tab-title').removeClass('elementor-active');\r\n $('.elementor-tab-content').css('display', 'none'); }, delay); \r\n}); <\/script> \r\n\t\t\t\t<\/div>\n\t\t\t\t<\/div>\n\t\t\t\t\t<\/div>\n\t\t<\/div>\n\t\t\t\t\t<\/div>\n\t\t<\/section>\n\t\t\t\t<\/div>\n\t\t","protected":false},"excerpt":{"rendered":"<p>ArtsLibris a ARCOlisboa 2022 ArtsLibris tornar\u00e0 a estar present enguany a ARCOlisboa. En aquesta quarta edici\u00f3, presenta 30 expositors nacionals i internacionals, amb una notable pres\u00e8ncia d&#8217;editors portuguesos. La fira se celebrar\u00e0 a Torre\u00e2o Nascente de l&#8217;antiga f\u00e0brica Cordoaria Nacional i ser\u00e0 d&#8217;acc\u00e9s lliure per al p\u00fablic. Comptarem amb el nostre caracter\u00edstic espai de presentacions [&hellip;]<\/p>\n","protected":false},"author":1,"featured_media":0,"parent":0,"menu_order":44,"comment_status":"closed","ping_status":"closed","template":"","meta":{"_acf_changed":false,"site-sidebar-layout":"no-sidebar","site-content-layout":"page-builder","ast-site-content-layout":"default","site-content-style":"default","site-sidebar-style":"default","ast-global-header-display":"","ast-banner-title-visibility":"","ast-main-header-display":"","ast-hfb-above-header-display":"","ast-hfb-below-header-display":"","ast-hfb-mobile-header-display":"","site-post-title":"disabled","ast-breadcrumbs-content":"","ast-featured-img":"disabled","footer-sml-layout":"","ast-disable-related-posts":"","theme-transparent-header-meta":"","adv-header-id-meta":"","stick-header-meta":"","header-above-stick-meta":"","header-main-stick-meta":"","header-below-stick-meta":"","astra-migrate-meta-layouts":"default","ast-page-background-enabled":"default","ast-page-background-meta":{"desktop":{"background-color":"","background-image":"","background-repeat":"repeat","background-position":"center center","background-size":"auto","background-attachment":"scroll","background-type":"","background-media":"","overlay-type":"","overlay-color":"","overlay-opacity":"","overlay-gradient":""},"tablet":{"background-color":"","background-image":"","background-repeat":"repeat","background-position":"center center","background-size":"auto","background-attachment":"scroll","background-type":"","background-media":"","overlay-type":"","overlay-color":"","overlay-opacity":"","overlay-gradient":""},"mobile":{"background-color":"","background-image":"","background-repeat":"repeat","background-position":"center center","background-size":"auto","background-attachment":"scroll","background-type":"","background-media":"","overlay-type":"","overlay-color":"","overlay-opacity":"","overlay-gradient":""}},"ast-content-background-meta":{"desktop":{"background-color":"var(--ast-global-color-5)","background-image":"","background-repeat":"repeat","background-position":"center center","background-size":"auto","background-attachment":"scroll","background-type":"","background-media":"","overlay-type":"","overlay-color":"","overlay-opacity":"","overlay-gradient":""},"tablet":{"background-color":"var(--ast-global-color-5)","background-image":"","background-repeat":"repeat","background-position":"center center","background-size":"auto","background-attachment":"scroll","background-type":"","background-media":"","overlay-type":"","overlay-color":"","overlay-opacity":"","overlay-gradient":""},"mobile":{"background-color":"var(--ast-global-color-5)","background-image":"","background-repeat":"repeat","background-position":"center center","background-size":"auto","background-attachment":"scroll","background-type":"","background-media":"","overlay-type":"","overlay-color":"","overlay-opacity":"","overlay-gradient":""}},"footnotes":""},"class_list":["post-18176","page","type-page","status-publish","hentry"],"acf":[],"yoast_head":"<!-- This site is optimized with the Yoast SEO plugin v27.3 - https:\/\/yoast.com\/product\/yoast-seo-wordpress\/ -->\n<title>ArtsLibris ARCOlisboa 2022 - ArtsLibris<\/title>\n<meta name=\"robots\" content=\"index, follow, max-snippet:-1, max-image-preview:large, max-video-preview:-1\" \/>\n<link rel=\"canonical\" href=\"https:\/\/artslibris.cat\/ca\/artslibris-arcolisboa-2022\/\" \/>\n<meta property=\"og:locale\" content=\"ca_ES\" \/>\n<meta property=\"og:type\" content=\"article\" \/>\n<meta property=\"og:title\" content=\"ArtsLibris ARCOlisboa 2022 - ArtsLibris\" \/>\n<meta property=\"og:description\" content=\"ArtsLibris a ARCOlisboa 2022 ArtsLibris tornar\u00e0 a estar present enguany a ARCOlisboa. En aquesta quarta edici\u00f3, presenta 30 expositors nacionals i internacionals, amb una notable pres\u00e8ncia d&#8217;editors portuguesos. La fira se celebrar\u00e0 a Torre\u00e2o Nascente de l&#8217;antiga f\u00e0brica Cordoaria Nacional i ser\u00e0 d&#8217;acc\u00e9s lliure per al p\u00fablic. Comptarem amb el nostre caracter\u00edstic espai de presentacions [&hellip;]\" \/>\n<meta property=\"og:url\" content=\"https:\/\/artslibris.cat\/ca\/artslibris-arcolisboa-2022\/\" \/>\n<meta property=\"og:site_name\" content=\"ArtsLibris\" \/>\n<meta property=\"article:publisher\" content=\"https:\/\/www.facebook.com\/artslibris\/\" \/>\n<meta property=\"article:modified_time\" content=\"2022-05-09T18:11:20+00:00\" \/>\n<meta property=\"og:image\" content=\"https:\/\/artslibris.cat\/wp-content\/uploads\/2022\/05\/ALARCOLISBOA3-1.svg\" \/>\n<meta name=\"twitter:card\" content=\"summary_large_image\" \/>\n<meta name=\"twitter:site\" content=\"@ArtsLibris\" \/>\n<meta name=\"twitter:label1\" content=\"Temps estimat de lectura\" \/>\n\t<meta name=\"twitter:data1\" content=\"2 minuts\" \/>\n<script type=\"application\/ld+json\" class=\"yoast-schema-graph\">{\"@context\":\"https:\\\/\\\/schema.org\",\"@graph\":[{\"@type\":\"WebPage\",\"@id\":\"https:\\\/\\\/artslibris.cat\\\/ca\\\/artslibris-arcolisboa-2022\\\/\",\"url\":\"https:\\\/\\\/artslibris.cat\\\/ca\\\/artslibris-arcolisboa-2022\\\/\",\"name\":\"ArtsLibris ARCOlisboa 2022 - ArtsLibris\",\"isPartOf\":{\"@id\":\"https:\\\/\\\/artslibris.cat\\\/ca\\\/#website\"},\"primaryImageOfPage\":{\"@id\":\"https:\\\/\\\/artslibris.cat\\\/ca\\\/artslibris-arcolisboa-2022\\\/#primaryimage\"},\"image\":{\"@id\":\"https:\\\/\\\/artslibris.cat\\\/ca\\\/artslibris-arcolisboa-2022\\\/#primaryimage\"},\"thumbnailUrl\":\"https:\\\/\\\/artslibris.cat\\\/wp-content\\\/uploads\\\/2022\\\/05\\\/ALARCOLISBOA3-1.svg\",\"datePublished\":\"2022-04-06T13:24:54+00:00\",\"dateModified\":\"2022-05-09T18:11:20+00:00\",\"breadcrumb\":{\"@id\":\"https:\\\/\\\/artslibris.cat\\\/ca\\\/artslibris-arcolisboa-2022\\\/#breadcrumb\"},\"inLanguage\":\"ca\",\"potentialAction\":[{\"@type\":\"ReadAction\",\"target\":[\"https:\\\/\\\/artslibris.cat\\\/ca\\\/artslibris-arcolisboa-2022\\\/\"]}]},{\"@type\":\"ImageObject\",\"inLanguage\":\"ca\",\"@id\":\"https:\\\/\\\/artslibris.cat\\\/ca\\\/artslibris-arcolisboa-2022\\\/#primaryimage\",\"url\":\"https:\\\/\\\/artslibris.cat\\\/wp-content\\\/uploads\\\/2022\\\/05\\\/ALARCOLISBOA3-1.svg\",\"contentUrl\":\"https:\\\/\\\/artslibris.cat\\\/wp-content\\\/uploads\\\/2022\\\/05\\\/ALARCOLISBOA3-1.svg\"},{\"@type\":\"BreadcrumbList\",\"@id\":\"https:\\\/\\\/artslibris.cat\\\/ca\\\/artslibris-arcolisboa-2022\\\/#breadcrumb\",\"itemListElement\":[{\"@type\":\"ListItem\",\"position\":1,\"name\":\"Portada\",\"item\":\"https:\\\/\\\/artslibris.cat\\\/ca\\\/\"},{\"@type\":\"ListItem\",\"position\":2,\"name\":\"ArtsLibris ARCOlisboa 2022\"}]},{\"@type\":\"WebSite\",\"@id\":\"https:\\\/\\\/artslibris.cat\\\/ca\\\/#website\",\"url\":\"https:\\\/\\\/artslibris.cat\\\/ca\\\/\",\"name\":\"ArtsLibris\",\"description\":\"\",\"publisher\":{\"@id\":\"https:\\\/\\\/artslibris.cat\\\/ca\\\/#organization\"},\"potentialAction\":[{\"@type\":\"SearchAction\",\"target\":{\"@type\":\"EntryPoint\",\"urlTemplate\":\"https:\\\/\\\/artslibris.cat\\\/ca\\\/?s={search_term_string}\"},\"query-input\":{\"@type\":\"PropertyValueSpecification\",\"valueRequired\":true,\"valueName\":\"search_term_string\"}}],\"inLanguage\":\"ca\"},{\"@type\":\"Organization\",\"@id\":\"https:\\\/\\\/artslibris.cat\\\/ca\\\/#organization\",\"name\":\"ArtsLibris\",\"url\":\"https:\\\/\\\/artslibris.cat\\\/ca\\\/\",\"logo\":{\"@type\":\"ImageObject\",\"inLanguage\":\"ca\",\"@id\":\"https:\\\/\\\/artslibris.cat\\\/ca\\\/#\\\/schema\\\/logo\\\/image\\\/\",\"url\":\"https:\\\/\\\/artslibris.cat\\\/wp-content\\\/uploads\\\/2020\\\/05\\\/ArtsLibris-logo-black.svg\",\"contentUrl\":\"https:\\\/\\\/artslibris.cat\\\/wp-content\\\/uploads\\\/2020\\\/05\\\/ArtsLibris-logo-black.svg\",\"width\":521,\"height\":85,\"caption\":\"ArtsLibris\"},\"image\":{\"@id\":\"https:\\\/\\\/artslibris.cat\\\/ca\\\/#\\\/schema\\\/logo\\\/image\\\/\"},\"sameAs\":[\"https:\\\/\\\/www.facebook.com\\\/artslibris\\\/\",\"https:\\\/\\\/x.com\\\/ArtsLibris\",\"https:\\\/\\\/www.instagram.com\\\/artslibris\\\/\"]}]}<\/script>\n<!-- \/ Yoast SEO plugin. -->","yoast_head_json":{"title":"ArtsLibris ARCOlisboa 2022 - ArtsLibris","robots":{"index":"index","follow":"follow","max-snippet":"max-snippet:-1","max-image-preview":"max-image-preview:large","max-video-preview":"max-video-preview:-1"},"canonical":"https:\/\/artslibris.cat\/ca\/artslibris-arcolisboa-2022\/","og_locale":"ca_ES","og_type":"article","og_title":"ArtsLibris ARCOlisboa 2022 - ArtsLibris","og_description":"ArtsLibris a ARCOlisboa 2022 ArtsLibris tornar\u00e0 a estar present enguany a ARCOlisboa. En aquesta quarta edici\u00f3, presenta 30 expositors nacionals i internacionals, amb una notable pres\u00e8ncia d&#8217;editors portuguesos. La fira se celebrar\u00e0 a Torre\u00e2o Nascente de l&#8217;antiga f\u00e0brica Cordoaria Nacional i ser\u00e0 d&#8217;acc\u00e9s lliure per al p\u00fablic. Comptarem amb el nostre caracter\u00edstic espai de presentacions [&hellip;]","og_url":"https:\/\/artslibris.cat\/ca\/artslibris-arcolisboa-2022\/","og_site_name":"ArtsLibris","article_publisher":"https:\/\/www.facebook.com\/artslibris\/","article_modified_time":"2022-05-09T18:11:20+00:00","og_image":[{"url":"https:\/\/artslibris.cat\/wp-content\/uploads\/2022\/05\/ALARCOLISBOA3-1.svg","type":"","width":"","height":""}],"twitter_card":"summary_large_image","twitter_site":"@ArtsLibris","twitter_misc":{"Temps estimat de lectura":"2 minuts"},"schema":{"@context":"https:\/\/schema.org","@graph":[{"@type":"WebPage","@id":"https:\/\/artslibris.cat\/ca\/artslibris-arcolisboa-2022\/","url":"https:\/\/artslibris.cat\/ca\/artslibris-arcolisboa-2022\/","name":"ArtsLibris ARCOlisboa 2022 - ArtsLibris","isPartOf":{"@id":"https:\/\/artslibris.cat\/ca\/#website"},"primaryImageOfPage":{"@id":"https:\/\/artslibris.cat\/ca\/artslibris-arcolisboa-2022\/#primaryimage"},"image":{"@id":"https:\/\/artslibris.cat\/ca\/artslibris-arcolisboa-2022\/#primaryimage"},"thumbnailUrl":"https:\/\/artslibris.cat\/wp-content\/uploads\/2022\/05\/ALARCOLISBOA3-1.svg","datePublished":"2022-04-06T13:24:54+00:00","dateModified":"2022-05-09T18:11:20+00:00","breadcrumb":{"@id":"https:\/\/artslibris.cat\/ca\/artslibris-arcolisboa-2022\/#breadcrumb"},"inLanguage":"ca","potentialAction":[{"@type":"ReadAction","target":["https:\/\/artslibris.cat\/ca\/artslibris-arcolisboa-2022\/"]}]},{"@type":"ImageObject","inLanguage":"ca","@id":"https:\/\/artslibris.cat\/ca\/artslibris-arcolisboa-2022\/#primaryimage","url":"https:\/\/artslibris.cat\/wp-content\/uploads\/2022\/05\/ALARCOLISBOA3-1.svg","contentUrl":"https:\/\/artslibris.cat\/wp-content\/uploads\/2022\/05\/ALARCOLISBOA3-1.svg"},{"@type":"BreadcrumbList","@id":"https:\/\/artslibris.cat\/ca\/artslibris-arcolisboa-2022\/#breadcrumb","itemListElement":[{"@type":"ListItem","position":1,"name":"Portada","item":"https:\/\/artslibris.cat\/ca\/"},{"@type":"ListItem","position":2,"name":"ArtsLibris ARCOlisboa 2022"}]},{"@type":"WebSite","@id":"https:\/\/artslibris.cat\/ca\/#website","url":"https:\/\/artslibris.cat\/ca\/","name":"ArtsLibris","description":"","publisher":{"@id":"https:\/\/artslibris.cat\/ca\/#organization"},"potentialAction":[{"@type":"SearchAction","target":{"@type":"EntryPoint","urlTemplate":"https:\/\/artslibris.cat\/ca\/?s={search_term_string}"},"query-input":{"@type":"PropertyValueSpecification","valueRequired":true,"valueName":"search_term_string"}}],"inLanguage":"ca"},{"@type":"Organization","@id":"https:\/\/artslibris.cat\/ca\/#organization","name":"ArtsLibris","url":"https:\/\/artslibris.cat\/ca\/","logo":{"@type":"ImageObject","inLanguage":"ca","@id":"https:\/\/artslibris.cat\/ca\/#\/schema\/logo\/image\/","url":"https:\/\/artslibris.cat\/wp-content\/uploads\/2020\/05\/ArtsLibris-logo-black.svg","contentUrl":"https:\/\/artslibris.cat\/wp-content\/uploads\/2020\/05\/ArtsLibris-logo-black.svg","width":521,"height":85,"caption":"ArtsLibris"},"image":{"@id":"https:\/\/artslibris.cat\/ca\/#\/schema\/logo\/image\/"},"sameAs":["https:\/\/www.facebook.com\/artslibris\/","https:\/\/x.com\/ArtsLibris","https:\/\/www.instagram.com\/artslibris\/"]}]}},"_links":{"self":[{"href":"https:\/\/artslibris.cat\/ca\/wp-json\/wp\/v2\/pages\/18176","targetHints":{"allow":["GET"]}}],"collection":[{"href":"https:\/\/artslibris.cat\/ca\/wp-json\/wp\/v2\/pages"}],"about":[{"href":"https:\/\/artslibris.cat\/ca\/wp-json\/wp\/v2\/types\/page"}],"author":[{"embeddable":true,"href":"https:\/\/artslibris.cat\/ca\/wp-json\/wp\/v2\/users\/1"}],"replies":[{"embeddable":true,"href":"https:\/\/artslibris.cat\/ca\/wp-json\/wp\/v2\/comments?post=18176"}],"version-history":[{"count":0,"href":"https:\/\/artslibris.cat\/ca\/wp-json\/wp\/v2\/pages\/18176\/revisions"}],"wp:attachment":[{"href":"https:\/\/artslibris.cat\/ca\/wp-json\/wp\/v2\/media?parent=18176"}],"curies":[{"name":"wp","href":"https:\/\/api.w.org\/{rel}","templated":true}]}}