{"id":14053,"date":"2021-09-08T16:13:30","date_gmt":"2021-09-08T16:13:30","guid":{"rendered":"https:\/\/artslibris.cat\/?post_type=editor&#038;p=14053"},"modified":"2021-09-08T17:25:26","modified_gmt":"2021-09-08T17:25:26","slug":"thyssen-bornemisza-art-contemporary","status":"publish","type":"editor","link":"https:\/\/artslibris.cat\/ca\/editor\/thyssen-bornemisza-art-contemporary\/","title":{"rendered":"Thyssen-Bornemisza Art Contemporary"},"content":{"rendered":"\t\t<div data-elementor-type=\"wp-post\" data-elementor-id=\"14053\" class=\"elementor elementor-14053 elementor-14052\" data-elementor-post-type=\"editor\">\n\t\t\t\t\t\t<section data-dce-background-color=\"#EFEFEF\" class=\"elementor-section elementor-top-section elementor-element elementor-element-c288e1c elementor-section-boxed elementor-section-height-default elementor-section-height-default\" data-id=\"c288e1c\" data-element_type=\"section\" data-settings=\"{&quot;background_background&quot;:&quot;classic&quot;}\">\n\t\t\t\t\t\t<div class=\"elementor-container elementor-column-gap-default\">\n\t\t\t\t\t<div class=\"elementor-column elementor-col-100 elementor-top-column elementor-element elementor-element-4aa346d\" data-id=\"4aa346d\" data-element_type=\"column\">\n\t\t\t<div class=\"elementor-widget-wrap elementor-element-populated\">\n\t\t\t\t\t\t<section class=\"elementor-section elementor-inner-section elementor-element elementor-element-371c237 elementor-section-boxed elementor-section-height-default elementor-section-height-default\" data-id=\"371c237\" data-element_type=\"section\">\n\t\t\t\t\t\t<div class=\"elementor-container elementor-column-gap-no\">\n\t\t\t\t\t<div class=\"elementor-column elementor-col-50 elementor-inner-column elementor-element elementor-element-32a3b09\" data-id=\"32a3b09\" data-element_type=\"column\">\n\t\t\t<div class=\"elementor-widget-wrap elementor-element-populated\">\n\t\t\t\t\t\t<div class=\"elementor-element elementor-element-3760c06 elementor-widget elementor-widget-theme-post-featured-image elementor-widget-image\" data-id=\"3760c06\" data-element_type=\"widget\" data-widget_type=\"theme-post-featured-image.default\">\n\t\t\t\t<div class=\"elementor-widget-container\">\n\t\t\t\t\t\t\t\t\t\t\t\t\t\t\t<img fetchpriority=\"high\" decoding=\"async\" width=\"1080\" height=\"785\" src=\"https:\/\/artslibris.cat\/wp-content\/uploads\/2021\/09\/Thyssen_logo_01-1.jpg\" class=\"attachment-full size-full wp-image-14066\" alt=\"\" srcset=\"https:\/\/artslibris.cat\/wp-content\/uploads\/2021\/09\/Thyssen_logo_01-1.jpg 1080w, https:\/\/artslibris.cat\/wp-content\/uploads\/2021\/09\/Thyssen_logo_01-1-600x436.jpg 600w, https:\/\/artslibris.cat\/wp-content\/uploads\/2021\/09\/Thyssen_logo_01-1-1024x744.jpg 1024w, https:\/\/artslibris.cat\/wp-content\/uploads\/2021\/09\/Thyssen_logo_01-1-300x218.jpg 300w, https:\/\/artslibris.cat\/wp-content\/uploads\/2021\/09\/Thyssen_logo_01-1-768x558.jpg 768w\" sizes=\"(max-width: 1080px) 100vw, 1080px\" \/>\t\t\t\t\t\t\t\t\t\t\t\t\t\t\t<\/div>\n\t\t\t\t<\/div>\n\t\t\t\t\t<\/div>\n\t\t<\/div>\n\t\t\t\t<div class=\"elementor-column elementor-col-50 elementor-inner-column elementor-element elementor-element-af6ad55\" data-id=\"af6ad55\" data-element_type=\"column\">\n\t\t\t<div class=\"elementor-widget-wrap elementor-element-populated\">\n\t\t\t\t\t\t<div class=\"elementor-element elementor-element-8b36b22 elementor-widget elementor-widget-theme-post-title elementor-page-title elementor-widget-heading\" data-id=\"8b36b22\" data-element_type=\"widget\" data-widget_type=\"theme-post-title.default\">\n\t\t\t\t<div class=\"elementor-widget-container\">\n\t\t\t\t\t<h1 class=\"elementor-heading-title elementor-size-default\">Thyssen-Bornemisza Art Contemporary<\/h1>\t\t\t\t<\/div>\n\t\t\t\t<\/div>\n\t\t\t\t<div class=\"elementor-element elementor-element-7f0ff0b elementor-widget elementor-widget-text-editor\" data-id=\"7f0ff0b\" data-element_type=\"widget\" data-widget_type=\"text-editor.default\">\n\t\t\t\t<div class=\"elementor-widget-container\">\n\t\t\t\t\t\t\t\t\t<p>Fundada en 2002 per Francesca Thyssen-Bornemisza a Viena, Thyssen-Bornemisza Art Contemporary (TBA21) representa la quarta generaci\u00f3 del comprom\u00eds de la fam\u00edlia Thyssen amb les arts.<br \/><br \/>La col\u00b7lecci\u00f3 TBA21 \u00e9s el resultat del comprom\u00eds continu de la fundaci\u00f3 d&#8217;encarregar i difondre projectes art\u00edstics multidisciplinaris que desafien la categoritzaci\u00f3 tradicional, incloent instal\u00b7lacions a gran escala, composicions sonores, performances de resist\u00e8ncia i arquitectura contempor\u00e0nia. At\u00e8s que la fundaci\u00f3 creu que l&#8217;art t\u00e9 la capacitat de ser una for\u00e7a transformadora, explora noves maneres de producci\u00f3 i presentaci\u00f3 que pretenen provocar i inspirar el canvi. En 2015 Francesca Thyssen-Bornemisza va decidir dedicar el programa \u00fanic de la fundaci\u00f3 a convertir-se en un agent de canvi centrant-se en les complexitats i urg\u00e8ncies de l&#8217;era del Antropoceno.<\/p>\t\t\t\t\t\t\t\t<\/div>\n\t\t\t\t<\/div>\n\t\t\t\t\t<\/div>\n\t\t<\/div>\n\t\t\t\t\t<\/div>\n\t\t<\/section>\n\t\t\t\t\t<\/div>\n\t\t<\/div>\n\t\t\t\t\t<\/div>\n\t\t<\/section>\n\t\t\t\t<section class=\"elementor-section elementor-top-section elementor-element elementor-element-d082582 elementor-section-full_width elementor-section-height-default elementor-section-height-default\" data-id=\"d082582\" data-element_type=\"section\" data-settings=\"{&quot;background_background&quot;:&quot;classic&quot;}\">\n\t\t\t\t\t\t<div class=\"elementor-container elementor-column-gap-default\">\n\t\t\t\t\t<div class=\"elementor-column elementor-col-100 elementor-top-column elementor-element elementor-element-3da52ea\" data-id=\"3da52ea\" data-element_type=\"column\">\n\t\t\t<div class=\"elementor-widget-wrap elementor-element-populated\">\n\t\t\t\t\t\t<div class=\"elementor-element elementor-element-dafeaa6 elementor-grid-6 elementor-grid-tablet-4 elementor-grid-mobile-2 elementor-products-grid elementor-wc-products elementor-widget elementor-widget-woocommerce-products\" data-id=\"dafeaa6\" data-element_type=\"widget\" data-widget_type=\"woocommerce-products.default\">\n\t\t\t\t<div class=\"elementor-widget-container\">\n\t\t\t\t\t<div class=\"woocommerce columns-6 \"><ul class=\"products elementor-grid columns-6\">\n<li class=\"desktop-align-left tablet-align-left mobile-align-left product type-product post-17997 status-publish first instock product_cat-destacados-ca product_cat-catalogo-ca product_tag-thyssen-bornemisza-art-contemporary-ca has-post-thumbnail shipping-taxable purchasable product-type-simple woo-variation-gallery-product\">\n\t<a href=\"https:\/\/artslibris.cat\/ca\/tienda\/catalogo-ca\/walid-raad-cotton-under-my-feet\/\" class=\"woocommerce-LoopProduct-link woocommerce-loop-product__link\"><img decoding=\"async\" width=\"482\" height=\"680\" src=\"https:\/\/artslibris.cat\/wp-content\/uploads\/2022\/05\/Booklet_Cotton_Under_My_Feet_Walid_Raad-1-1.jpg\" class=\"attachment-woocommerce_thumbnail size-woocommerce_thumbnail\" alt=\"Walid Raad: Cotton under my feet\" srcset=\"https:\/\/artslibris.cat\/wp-content\/uploads\/2022\/05\/Booklet_Cotton_Under_My_Feet_Walid_Raad-1-1.jpg 482w, https:\/\/artslibris.cat\/wp-content\/uploads\/2022\/05\/Booklet_Cotton_Under_My_Feet_Walid_Raad-1-1-425x600.jpg 425w, https:\/\/artslibris.cat\/wp-content\/uploads\/2022\/05\/Booklet_Cotton_Under_My_Feet_Walid_Raad-1-1-213x300.jpg 213w\" sizes=\"(max-width: 482px) 100vw, 482px\" \/><h2 class=\"woocommerce-loop-product__title\">Walid Raad: Cotton under my feet<\/h2>\n\t<span class=\"price\"><span class=\"woocommerce-Price-amount amount\"><bdi>25.00<span class=\"woocommerce-Price-currencySymbol\">&euro;<\/span><\/bdi><\/span><\/span>\n<\/a><a href=\"\/ca\/wp-json\/wp\/v2\/editor\/14053?add-to-cart=17997\" data-quantity=\"1\" class=\"ast-on-card-button ast-select-options-trigger product_type_simple add_to_cart_button ajax_add_to_cart\" data-product_id=\"17997\" data-product_sku=\"AL0270\" aria-label=\"Afegeix a la cistella: &ldquo;Walid Raad: Cotton under my feet&rdquo;\" rel=\"nofollow\"> <span class=\"ast-card-action-tooltip\"> Afegeix a la cistella <\/span> <span class=\"ahfb-svg-iconset\"> <span aria-hidden=\"true\" class=\"ahfb-svg-iconset ast-inline-flex\"><svg xmlns='http:\/\/www.w3.org\/2000\/svg' viewBox='0 0 448 512'><path d='M352 160v-32C352 57.42 294.579 0 224 0 153.42 0 96 57.42 96 128v32H0v272c0 44.183 35.817 80 80 80h288c44.183 0 80-35.817 80-80V160h-96zm-192-32c0-35.29 28.71-64 64-64s64 28.71 64 64v32H160v-32zm160 120c-13.255 0-24-10.745-24-24s10.745-24 24-24 24 10.745 24 24-10.745 24-24 24zm-192 0c-13.255 0-24-10.745-24-24s10.745-24 24-24 24 10.745 24 24-10.745 24-24 24z'><\/path><\/svg><\/span> <\/span> <\/a><a href=\"\/ca\/wp-json\/wp\/v2\/editor\/14053?add-to-cart=17997\" aria-describedby=\"woocommerce_loop_add_to_cart_link_describedby_17997\" data-quantity=\"1\" class=\"button product_type_simple add_to_cart_button ajax_add_to_cart\" data-product_id=\"17997\" data-product_sku=\"AL0270\" aria-label=\"Afegeix a la cistella: &ldquo;Walid Raad: Cotton under my feet&rdquo;\" rel=\"nofollow\" data-success_message=\"&ldquo;Walid Raad: Cotton under my feet&rdquo; s&#039;ha afegit a la vostra cistella\" role=\"button\">Afegeix a la cistella<\/a>\t<span id=\"woocommerce_loop_add_to_cart_link_describedby_17997\" class=\"screen-reader-text\">\n\t\t\t<\/span>\n<\/li>\n<li class=\"desktop-align-left tablet-align-left mobile-align-left product type-product post-13887 status-publish instock product_cat-destacados-ca product_cat-catalogo-ca product_cat-llibre-dartista product_tag-thyssen-bornemisza-art-contemporary-ca has-post-thumbnail shipping-taxable purchasable product-type-simple woo-variation-gallery-product\">\n\t<a href=\"https:\/\/artslibris.cat\/ca\/tienda\/llibre-dartista\/novedad-thyssen-bornemisza-art-contemporary-the-commissions-book\/\" class=\"woocommerce-LoopProduct-link woocommerce-loop-product__link\"><img decoding=\"async\" width=\"600\" height=\"860\" src=\"https:\/\/artslibris.cat\/wp-content\/uploads\/2021\/09\/TB21CommissionBook_cover.png\" class=\"attachment-woocommerce_thumbnail size-woocommerce_thumbnail\" alt=\"NOVETAT \/ Thyssen-Bornemisza Art Contemporary: The Commissions Book\" srcset=\"https:\/\/artslibris.cat\/wp-content\/uploads\/2021\/09\/TB21CommissionBook_cover.png 600w, https:\/\/artslibris.cat\/wp-content\/uploads\/2021\/09\/TB21CommissionBook_cover-419x600.png 419w, https:\/\/artslibris.cat\/wp-content\/uploads\/2021\/09\/TB21CommissionBook_cover-209x300.png 209w\" sizes=\"(max-width: 600px) 100vw, 600px\" \/><h2 class=\"woocommerce-loop-product__title\">NOVETAT \/ Thyssen-Bornemisza Art Contemporary: The Commissions Book<\/h2>\n\t<span class=\"price\"><span class=\"woocommerce-Price-amount amount\"><bdi>29.00<span class=\"woocommerce-Price-currencySymbol\">&euro;<\/span><\/bdi><\/span><\/span>\n<\/a><a href=\"\/ca\/wp-json\/wp\/v2\/editor\/14053?add-to-cart=13887\" data-quantity=\"1\" class=\"ast-on-card-button ast-select-options-trigger product_type_simple add_to_cart_button ajax_add_to_cart\" data-product_id=\"13887\" data-product_sku=\"AL0269\" aria-label=\"Afegeix a la cistella: &ldquo;NOVETAT \/ Thyssen-Bornemisza Art Contemporary: The Commissions Book&rdquo;\" rel=\"nofollow\"> <span class=\"ast-card-action-tooltip\"> Afegeix a la cistella <\/span> <span class=\"ahfb-svg-iconset\"> <span aria-hidden=\"true\" class=\"ahfb-svg-iconset ast-inline-flex\"><svg xmlns='http:\/\/www.w3.org\/2000\/svg' viewBox='0 0 448 512'><path d='M352 160v-32C352 57.42 294.579 0 224 0 153.42 0 96 57.42 96 128v32H0v272c0 44.183 35.817 80 80 80h288c44.183 0 80-35.817 80-80V160h-96zm-192-32c0-35.29 28.71-64 64-64s64 28.71 64 64v32H160v-32zm160 120c-13.255 0-24-10.745-24-24s10.745-24 24-24 24 10.745 24 24-10.745 24-24 24zm-192 0c-13.255 0-24-10.745-24-24s10.745-24 24-24 24 10.745 24 24-10.745 24-24 24z'><\/path><\/svg><\/span> <\/span> <\/a><a href=\"\/ca\/wp-json\/wp\/v2\/editor\/14053?add-to-cart=13887\" aria-describedby=\"woocommerce_loop_add_to_cart_link_describedby_13887\" data-quantity=\"1\" class=\"button product_type_simple add_to_cart_button ajax_add_to_cart\" data-product_id=\"13887\" data-product_sku=\"AL0269\" aria-label=\"Afegeix a la cistella: &ldquo;NOVETAT \/ Thyssen-Bornemisza Art Contemporary: The Commissions Book&rdquo;\" rel=\"nofollow\" data-success_message=\"&ldquo;NOVETAT \/ Thyssen-Bornemisza Art Contemporary: The Commissions Book&rdquo; s&#039;ha afegit a la vostra cistella\" role=\"button\">Afegeix a la cistella<\/a>\t<span id=\"woocommerce_loop_add_to_cart_link_describedby_13887\" class=\"screen-reader-text\">\n\t\t\t<\/span>\n<\/li>\n<li class=\"desktop-align-left tablet-align-left mobile-align-left product type-product post-13857 status-publish instock product_cat-edicions-dartistes product_cat-destacados-ca product_cat-pensamiento-ca product_tag-thyssen-bornemisza-art-contemporary-ca has-post-thumbnail shipping-taxable purchasable product-type-simple woo-variation-gallery-product\">\n\t<a href=\"https:\/\/artslibris.cat\/ca\/tienda\/pensamiento-ca\/novedad-allan-sekula-okeanos\/\" class=\"woocommerce-LoopProduct-link woocommerce-loop-product__link\"><img loading=\"lazy\" decoding=\"async\" width=\"600\" height=\"848\" src=\"https:\/\/artslibris.cat\/wp-content\/uploads\/2021\/09\/Seukla_Okeanos_cover.jpg\" class=\"attachment-woocommerce_thumbnail size-woocommerce_thumbnail\" alt=\"NOVETAT \/ Allan Sekula \u2013 OKEANOS\" srcset=\"https:\/\/artslibris.cat\/wp-content\/uploads\/2021\/09\/Seukla_Okeanos_cover.jpg 600w, https:\/\/artslibris.cat\/wp-content\/uploads\/2021\/09\/Seukla_Okeanos_cover-425x600.jpg 425w, https:\/\/artslibris.cat\/wp-content\/uploads\/2021\/09\/Seukla_Okeanos_cover-212x300.jpg 212w\" sizes=\"(max-width: 600px) 100vw, 600px\" \/><h2 class=\"woocommerce-loop-product__title\">NOVETAT \/ Allan Sekula \u2013 OKEANOS<\/h2>\n\t<span class=\"price\"><span class=\"woocommerce-Price-amount amount\"><bdi>29.00<span class=\"woocommerce-Price-currencySymbol\">&euro;<\/span><\/bdi><\/span><\/span>\n<\/a><a href=\"\/ca\/wp-json\/wp\/v2\/editor\/14053?add-to-cart=13857\" data-quantity=\"1\" class=\"ast-on-card-button ast-select-options-trigger product_type_simple add_to_cart_button ajax_add_to_cart\" data-product_id=\"13857\" data-product_sku=\"AL0278\" aria-label=\"Afegeix a la cistella: &ldquo;NOVETAT \/ Allan Sekula \u2013 OKEANOS&rdquo;\" rel=\"nofollow\"> <span class=\"ast-card-action-tooltip\"> Afegeix a la cistella <\/span> <span class=\"ahfb-svg-iconset\"> <span aria-hidden=\"true\" class=\"ahfb-svg-iconset ast-inline-flex\"><svg xmlns='http:\/\/www.w3.org\/2000\/svg' viewBox='0 0 448 512'><path d='M352 160v-32C352 57.42 294.579 0 224 0 153.42 0 96 57.42 96 128v32H0v272c0 44.183 35.817 80 80 80h288c44.183 0 80-35.817 80-80V160h-96zm-192-32c0-35.29 28.71-64 64-64s64 28.71 64 64v32H160v-32zm160 120c-13.255 0-24-10.745-24-24s10.745-24 24-24 24 10.745 24 24-10.745 24-24 24zm-192 0c-13.255 0-24-10.745-24-24s10.745-24 24-24 24 10.745 24 24-10.745 24-24 24z'><\/path><\/svg><\/span> <\/span> <\/a><a href=\"\/ca\/wp-json\/wp\/v2\/editor\/14053?add-to-cart=13857\" aria-describedby=\"woocommerce_loop_add_to_cart_link_describedby_13857\" data-quantity=\"1\" class=\"button product_type_simple add_to_cart_button ajax_add_to_cart\" data-product_id=\"13857\" data-product_sku=\"AL0278\" aria-label=\"Afegeix a la cistella: &ldquo;NOVETAT \/ Allan Sekula \u2013 OKEANOS&rdquo;\" rel=\"nofollow\" data-success_message=\"&ldquo;NOVETAT \/ Allan Sekula \u2013 OKEANOS&rdquo; s&#039;ha afegit a la vostra cistella\" role=\"button\">Afegeix a la cistella<\/a>\t<span id=\"woocommerce_loop_add_to_cart_link_describedby_13857\" class=\"screen-reader-text\">\n\t\t\t<\/span>\n<\/li>\n<li class=\"desktop-align-left tablet-align-left mobile-align-left product type-product post-13845 status-publish instock product_cat-edicions-dartistes product_cat-destacados-ca product_cat-pensamiento-ca product_tag-thyssen-bornemisza-art-contemporary-ca has-post-thumbnail shipping-taxable purchasable product-type-simple woo-variation-gallery-product\">\n\t<a href=\"https:\/\/artslibris.cat\/ca\/tienda\/pensamiento-ca\/olafur-eliasson-green-light-an-artistic-workshop\/\" class=\"woocommerce-LoopProduct-link woocommerce-loop-product__link\"><img loading=\"lazy\" decoding=\"async\" width=\"364\" height=\"485\" src=\"https:\/\/artslibris.cat\/wp-content\/uploads\/2021\/09\/Eliasson_Green-light_cover.jpg\" class=\"attachment-woocommerce_thumbnail size-woocommerce_thumbnail\" alt=\"NOVETAT \/ Olafur Eliasson \u2013 Green light | An artistic workshop\" srcset=\"https:\/\/artslibris.cat\/wp-content\/uploads\/2021\/09\/Eliasson_Green-light_cover.jpg 364w, https:\/\/artslibris.cat\/wp-content\/uploads\/2021\/09\/Eliasson_Green-light_cover-225x300.jpg 225w\" sizes=\"(max-width: 364px) 100vw, 364px\" \/><h2 class=\"woocommerce-loop-product__title\">NOVETAT \/ Olafur Eliasson \u2013 Green light | An artistic workshop<\/h2>\n\t<span class=\"price\"><span class=\"woocommerce-Price-amount amount\"><bdi>23.00<span class=\"woocommerce-Price-currencySymbol\">&euro;<\/span><\/bdi><\/span><\/span>\n<\/a><a href=\"\/ca\/wp-json\/wp\/v2\/editor\/14053?add-to-cart=13845\" data-quantity=\"1\" class=\"ast-on-card-button ast-select-options-trigger product_type_simple add_to_cart_button ajax_add_to_cart\" data-product_id=\"13845\" data-product_sku=\"AL0275\" aria-label=\"Afegeix a la cistella: &ldquo;NOVETAT \/ Olafur Eliasson \u2013 Green light | An artistic workshop&rdquo;\" rel=\"nofollow\"> <span class=\"ast-card-action-tooltip\"> Afegeix a la cistella <\/span> <span class=\"ahfb-svg-iconset\"> <span aria-hidden=\"true\" class=\"ahfb-svg-iconset ast-inline-flex\"><svg xmlns='http:\/\/www.w3.org\/2000\/svg' viewBox='0 0 448 512'><path d='M352 160v-32C352 57.42 294.579 0 224 0 153.42 0 96 57.42 96 128v32H0v272c0 44.183 35.817 80 80 80h288c44.183 0 80-35.817 80-80V160h-96zm-192-32c0-35.29 28.71-64 64-64s64 28.71 64 64v32H160v-32zm160 120c-13.255 0-24-10.745-24-24s10.745-24 24-24 24 10.745 24 24-10.745 24-24 24zm-192 0c-13.255 0-24-10.745-24-24s10.745-24 24-24 24 10.745 24 24-10.745 24-24 24z'><\/path><\/svg><\/span> <\/span> <\/a><a href=\"\/ca\/wp-json\/wp\/v2\/editor\/14053?add-to-cart=13845\" aria-describedby=\"woocommerce_loop_add_to_cart_link_describedby_13845\" data-quantity=\"1\" class=\"button product_type_simple add_to_cart_button ajax_add_to_cart\" data-product_id=\"13845\" data-product_sku=\"AL0275\" aria-label=\"Afegeix a la cistella: &ldquo;NOVETAT \/ Olafur Eliasson \u2013 Green light | An artistic workshop&rdquo;\" rel=\"nofollow\" data-success_message=\"&ldquo;NOVETAT \/ Olafur Eliasson \u2013 Green light | An artistic workshop&rdquo; s&#039;ha afegit a la vostra cistella\" role=\"button\">Afegeix a la cistella<\/a>\t<span id=\"woocommerce_loop_add_to_cart_link_describedby_13845\" class=\"screen-reader-text\">\n\t\t\t<\/span>\n<\/li>\n<li class=\"desktop-align-left tablet-align-left mobile-align-left product type-product post-13842 status-publish instock product_cat-edicions-dartistes product_cat-destacados-ca product_tag-thyssen-bornemisza-art-contemporary-ca has-post-thumbnail shipping-taxable purchasable product-type-simple woo-variation-gallery-product\">\n\t<a href=\"https:\/\/artslibris.cat\/ca\/tienda\/destacados-ca\/mario-garcia-torres-an-arrival-tale\/\" class=\"woocommerce-LoopProduct-link woocommerce-loop-product__link\"><img loading=\"lazy\" decoding=\"async\" width=\"364\" height=\"530\" src=\"https:\/\/artslibris.cat\/wp-content\/uploads\/2021\/09\/Torres_AnArrivalTale_cover.jpg\" class=\"attachment-woocommerce_thumbnail size-woocommerce_thumbnail\" alt=\"NOVETAT \/ Mario Garc\u00eda Torres \u2013 An Arrival Tale\" srcset=\"https:\/\/artslibris.cat\/wp-content\/uploads\/2021\/09\/Torres_AnArrivalTale_cover.jpg 364w, https:\/\/artslibris.cat\/wp-content\/uploads\/2021\/09\/Torres_AnArrivalTale_cover-206x300.jpg 206w\" sizes=\"(max-width: 364px) 100vw, 364px\" \/><h2 class=\"woocommerce-loop-product__title\">NOVETAT \/ Mario Garc\u00eda Torres \u2013 An Arrival Tale<\/h2>\n\t<span class=\"price\"><span class=\"woocommerce-Price-amount amount\"><bdi>27.00<span class=\"woocommerce-Price-currencySymbol\">&euro;<\/span><\/bdi><\/span><\/span>\n<\/a><a href=\"\/ca\/wp-json\/wp\/v2\/editor\/14053?add-to-cart=13842\" data-quantity=\"1\" class=\"ast-on-card-button ast-select-options-trigger product_type_simple add_to_cart_button ajax_add_to_cart\" data-product_id=\"13842\" data-product_sku=\"AL1073\" aria-label=\"Afegeix a la cistella: &ldquo;NOVETAT \/ Mario Garc\u00eda Torres \u2013 An Arrival Tale&rdquo;\" rel=\"nofollow\"> <span class=\"ast-card-action-tooltip\"> Afegeix a la cistella <\/span> <span class=\"ahfb-svg-iconset\"> <span aria-hidden=\"true\" class=\"ahfb-svg-iconset ast-inline-flex\"><svg xmlns='http:\/\/www.w3.org\/2000\/svg' viewBox='0 0 448 512'><path d='M352 160v-32C352 57.42 294.579 0 224 0 153.42 0 96 57.42 96 128v32H0v272c0 44.183 35.817 80 80 80h288c44.183 0 80-35.817 80-80V160h-96zm-192-32c0-35.29 28.71-64 64-64s64 28.71 64 64v32H160v-32zm160 120c-13.255 0-24-10.745-24-24s10.745-24 24-24 24 10.745 24 24-10.745 24-24 24zm-192 0c-13.255 0-24-10.745-24-24s10.745-24 24-24 24 10.745 24 24-10.745 24-24 24z'><\/path><\/svg><\/span> <\/span> <\/a><a href=\"\/ca\/wp-json\/wp\/v2\/editor\/14053?add-to-cart=13842\" aria-describedby=\"woocommerce_loop_add_to_cart_link_describedby_13842\" data-quantity=\"1\" class=\"button product_type_simple add_to_cart_button ajax_add_to_cart\" data-product_id=\"13842\" data-product_sku=\"AL1073\" aria-label=\"Afegeix a la cistella: &ldquo;NOVETAT \/ Mario Garc\u00eda Torres \u2013 An Arrival Tale&rdquo;\" rel=\"nofollow\" data-success_message=\"&ldquo;NOVETAT \/ Mario Garc\u00eda Torres \u2013 An Arrival Tale&rdquo; s&#039;ha afegit a la vostra cistella\" role=\"button\">Afegeix a la cistella<\/a>\t<span id=\"woocommerce_loop_add_to_cart_link_describedby_13842\" class=\"screen-reader-text\">\n\t\t\t<\/span>\n<\/li>\n<li class=\"desktop-align-left tablet-align-left mobile-align-left product type-product post-13840 status-publish last instock product_cat-destacados-ca product_cat-catalogo-ca product_cat-pensamiento-ca product_tag-thyssen-bornemisza-art-contemporary-ca has-post-thumbnail shipping-taxable purchasable product-type-simple woo-variation-gallery-product\">\n\t<a href=\"https:\/\/artslibris.cat\/ca\/tienda\/pensamiento-ca\/amar-kanwar-the-sovereign-forest\/\" class=\"woocommerce-LoopProduct-link woocommerce-loop-product__link\"><img loading=\"lazy\" decoding=\"async\" width=\"364\" height=\"473\" src=\"https:\/\/artslibris.cat\/wp-content\/uploads\/2021\/09\/Kanwar_Sovereign_Forest_cover.jpg\" class=\"attachment-woocommerce_thumbnail size-woocommerce_thumbnail\" alt=\"NOVETAT \/ Amar Kanwar \u2013 The Sovereign Forest\" srcset=\"https:\/\/artslibris.cat\/wp-content\/uploads\/2021\/09\/Kanwar_Sovereign_Forest_cover.jpg 364w, https:\/\/artslibris.cat\/wp-content\/uploads\/2021\/09\/Kanwar_Sovereign_Forest_cover-231x300.jpg 231w\" sizes=\"(max-width: 364px) 100vw, 364px\" \/><h2 class=\"woocommerce-loop-product__title\">NOVETAT \/ Amar Kanwar \u2013 The Sovereign Forest<\/h2>\n\t<span class=\"price\"><span class=\"woocommerce-Price-amount amount\"><bdi>37.00<span class=\"woocommerce-Price-currencySymbol\">&euro;<\/span><\/bdi><\/span><\/span>\n<\/a><a href=\"\/ca\/wp-json\/wp\/v2\/editor\/14053?add-to-cart=13840\" data-quantity=\"1\" class=\"ast-on-card-button ast-select-options-trigger product_type_simple add_to_cart_button ajax_add_to_cart\" data-product_id=\"13840\" data-product_sku=\"AL0274\" aria-label=\"Afegeix a la cistella: &ldquo;NOVETAT \/ Amar Kanwar \u2013 The Sovereign Forest&rdquo;\" rel=\"nofollow\"> <span class=\"ast-card-action-tooltip\"> Afegeix a la cistella <\/span> <span class=\"ahfb-svg-iconset\"> <span aria-hidden=\"true\" class=\"ahfb-svg-iconset ast-inline-flex\"><svg xmlns='http:\/\/www.w3.org\/2000\/svg' viewBox='0 0 448 512'><path d='M352 160v-32C352 57.42 294.579 0 224 0 153.42 0 96 57.42 96 128v32H0v272c0 44.183 35.817 80 80 80h288c44.183 0 80-35.817 80-80V160h-96zm-192-32c0-35.29 28.71-64 64-64s64 28.71 64 64v32H160v-32zm160 120c-13.255 0-24-10.745-24-24s10.745-24 24-24 24 10.745 24 24-10.745 24-24 24zm-192 0c-13.255 0-24-10.745-24-24s10.745-24 24-24 24 10.745 24 24-10.745 24-24 24z'><\/path><\/svg><\/span> <\/span> <\/a><a href=\"\/ca\/wp-json\/wp\/v2\/editor\/14053?add-to-cart=13840\" aria-describedby=\"woocommerce_loop_add_to_cart_link_describedby_13840\" data-quantity=\"1\" class=\"button product_type_simple add_to_cart_button ajax_add_to_cart\" data-product_id=\"13840\" data-product_sku=\"AL0274\" aria-label=\"Afegeix a la cistella: &ldquo;NOVETAT \/ Amar Kanwar \u2013 The Sovereign Forest&rdquo;\" rel=\"nofollow\" data-success_message=\"&ldquo;NOVETAT \/ Amar Kanwar \u2013 The Sovereign Forest&rdquo; s&#039;ha afegit a la vostra cistella\" role=\"button\">Afegeix a la cistella<\/a>\t<span id=\"woocommerce_loop_add_to_cart_link_describedby_13840\" class=\"screen-reader-text\">\n\t\t\t<\/span>\n<\/li>\n<li class=\"desktop-align-left tablet-align-left mobile-align-left product type-product post-13826 status-publish first outofstock product_cat-destacados-ca product_cat-fotolibro-ca product_tag-thyssen-bornemisza-art-contemporary-ca has-post-thumbnail shipping-taxable purchasable product-type-simple woo-variation-gallery-product\">\n\t<a href=\"https:\/\/artslibris.cat\/ca\/tienda\/fotolibro-ca\/ernesto-neto-and-the-huni-kuin-aru-kuxipa\/\" class=\"woocommerce-LoopProduct-link woocommerce-loop-product__link\"><img loading=\"lazy\" decoding=\"async\" width=\"364\" height=\"503\" src=\"https:\/\/artslibris.cat\/wp-content\/uploads\/2021\/09\/Neto_AruKuxipa_cover.jpg\" class=\"attachment-woocommerce_thumbnail size-woocommerce_thumbnail\" alt=\"NOVETAT \/ Ernesto Neto and the Huni Kuin \u2013 Aru Kuxipa\" srcset=\"https:\/\/artslibris.cat\/wp-content\/uploads\/2021\/09\/Neto_AruKuxipa_cover.jpg 364w, https:\/\/artslibris.cat\/wp-content\/uploads\/2021\/09\/Neto_AruKuxipa_cover-217x300.jpg 217w\" sizes=\"(max-width: 364px) 100vw, 364px\" \/><h2 class=\"woocommerce-loop-product__title\">NOVETAT \/ Ernesto Neto and the Huni Kuin \u2013 Aru Kuxipa<\/h2>\n\t<span class=\"price\"><span class=\"woocommerce-Price-amount amount\"><bdi>37.00<span class=\"woocommerce-Price-currencySymbol\">&euro;<\/span><\/bdi><\/span><\/span>\n<\/a><a href=\"https:\/\/artslibris.cat\/ca\/tienda\/fotolibro-ca\/ernesto-neto-and-the-huni-kuin-aru-kuxipa\/\" data-quantity=\"1\" class=\"ast-on-card-button ast-select-options-trigger product_type_simple\" data-product_id=\"13826\" data-product_sku=\"AL0271\" aria-label=\"M\u00e9s informaci\u00f3 sobre &ldquo;NOVETAT \/ Ernesto Neto and the Huni Kuin \u2013 Aru Kuxipa&rdquo;\" rel=\"nofollow\"> <span class=\"ast-card-action-tooltip\"> Llegeix m\u00e9s <\/span> <span class=\"ahfb-svg-iconset\"> <span aria-hidden=\"true\" class=\"ahfb-svg-iconset ast-inline-flex\"><svg xmlns='http:\/\/www.w3.org\/2000\/svg' viewBox='0 0 448 512'><path d='M352 160v-32C352 57.42 294.579 0 224 0 153.42 0 96 57.42 96 128v32H0v272c0 44.183 35.817 80 80 80h288c44.183 0 80-35.817 80-80V160h-96zm-192-32c0-35.29 28.71-64 64-64s64 28.71 64 64v32H160v-32zm160 120c-13.255 0-24-10.745-24-24s10.745-24 24-24 24 10.745 24 24-10.745 24-24 24zm-192 0c-13.255 0-24-10.745-24-24s10.745-24 24-24 24 10.745 24 24-10.745 24-24 24z'><\/path><\/svg><\/span> <\/span> <\/a><a href=\"https:\/\/artslibris.cat\/ca\/tienda\/fotolibro-ca\/ernesto-neto-and-the-huni-kuin-aru-kuxipa\/\" aria-describedby=\"woocommerce_loop_add_to_cart_link_describedby_13826\" data-quantity=\"1\" class=\"button product_type_simple\" data-product_id=\"13826\" data-product_sku=\"AL0271\" aria-label=\"M\u00e9s informaci\u00f3 sobre &ldquo;NOVETAT \/ Ernesto Neto and the Huni Kuin \u2013 Aru Kuxipa&rdquo;\" rel=\"nofollow\" data-success_message=\"\">Llegeix m\u00e9s<\/a>\t<span id=\"woocommerce_loop_add_to_cart_link_describedby_13826\" class=\"screen-reader-text\">\n\t\t\t<\/span>\n<\/li>\n<li class=\"desktop-align-left tablet-align-left mobile-align-left product type-product post-13824 status-publish instock product_cat-destacados-ca product_cat-catalogo-ca product_cat-fotolibro-ca product_tag-thyssen-bornemisza-art-contemporary-ca has-post-thumbnail shipping-taxable purchasable product-type-simple woo-variation-gallery-product\">\n\t<a href=\"https:\/\/artslibris.cat\/ca\/tienda\/fotolibro-ca\/sharon-lockhart-noa-eshkol\/\" class=\"woocommerce-LoopProduct-link woocommerce-loop-product__link\"><img loading=\"lazy\" decoding=\"async\" width=\"364\" height=\"467\" src=\"https:\/\/artslibris.cat\/wp-content\/uploads\/2021\/09\/lockhart_eshkol_cover.jpg\" class=\"attachment-woocommerce_thumbnail size-woocommerce_thumbnail\" alt=\"NOVETAT \/ Sharon Lockhart \u2013 Noa Eshkol\" srcset=\"https:\/\/artslibris.cat\/wp-content\/uploads\/2021\/09\/lockhart_eshkol_cover.jpg 364w, https:\/\/artslibris.cat\/wp-content\/uploads\/2021\/09\/lockhart_eshkol_cover-234x300.jpg 234w\" sizes=\"(max-width: 364px) 100vw, 364px\" \/><h2 class=\"woocommerce-loop-product__title\">NOVETAT \/ Sharon Lockhart \u2013 Noa Eshkol<\/h2>\n\t<span class=\"price\"><span class=\"woocommerce-Price-amount amount\"><bdi>35.00<span class=\"woocommerce-Price-currencySymbol\">&euro;<\/span><\/bdi><\/span><\/span>\n<\/a><a href=\"\/ca\/wp-json\/wp\/v2\/editor\/14053?add-to-cart=13824\" data-quantity=\"1\" class=\"ast-on-card-button ast-select-options-trigger product_type_simple add_to_cart_button ajax_add_to_cart\" data-product_id=\"13824\" data-product_sku=\"AL0272\" aria-label=\"Afegeix a la cistella: &ldquo;NOVETAT \/ Sharon Lockhart \u2013 Noa Eshkol&rdquo;\" rel=\"nofollow\"> <span class=\"ast-card-action-tooltip\"> Afegeix a la cistella <\/span> <span class=\"ahfb-svg-iconset\"> <span aria-hidden=\"true\" class=\"ahfb-svg-iconset ast-inline-flex\"><svg xmlns='http:\/\/www.w3.org\/2000\/svg' viewBox='0 0 448 512'><path d='M352 160v-32C352 57.42 294.579 0 224 0 153.42 0 96 57.42 96 128v32H0v272c0 44.183 35.817 80 80 80h288c44.183 0 80-35.817 80-80V160h-96zm-192-32c0-35.29 28.71-64 64-64s64 28.71 64 64v32H160v-32zm160 120c-13.255 0-24-10.745-24-24s10.745-24 24-24 24 10.745 24 24-10.745 24-24 24zm-192 0c-13.255 0-24-10.745-24-24s10.745-24 24-24 24 10.745 24 24-10.745 24-24 24z'><\/path><\/svg><\/span> <\/span> <\/a><a href=\"\/ca\/wp-json\/wp\/v2\/editor\/14053?add-to-cart=13824\" aria-describedby=\"woocommerce_loop_add_to_cart_link_describedby_13824\" data-quantity=\"1\" class=\"button product_type_simple add_to_cart_button ajax_add_to_cart\" data-product_id=\"13824\" data-product_sku=\"AL0272\" aria-label=\"Afegeix a la cistella: &ldquo;NOVETAT \/ Sharon Lockhart \u2013 Noa Eshkol&rdquo;\" rel=\"nofollow\" data-success_message=\"&ldquo;NOVETAT \/ Sharon Lockhart \u2013 Noa Eshkol&rdquo; s&#039;ha afegit a la vostra cistella\" role=\"button\">Afegeix a la cistella<\/a>\t<span id=\"woocommerce_loop_add_to_cart_link_describedby_13824\" class=\"screen-reader-text\">\n\t\t\t<\/span>\n<\/li>\n<\/ul>\n<\/div>\t\t\t\t<\/div>\n\t\t\t\t<\/div>\n\t\t\t\t\t<\/div>\n\t\t<\/div>\n\t\t\t\t\t<\/div>\n\t\t<\/section>\n\t\t\t\t<section class=\"elementor-section elementor-top-section elementor-element elementor-element-9981e69 elementor-section-full_width elementor-section-height-default elementor-section-height-default\" data-id=\"9981e69\" data-element_type=\"section\">\n\t\t\t\t\t\t<div class=\"elementor-container elementor-column-gap-default\">\n\t\t\t\t\t<div class=\"elementor-column elementor-col-100 elementor-top-column elementor-element elementor-element-16871ee\" data-id=\"16871ee\" data-element_type=\"column\">\n\t\t\t<div class=\"elementor-widget-wrap elementor-element-populated\">\n\t\t\t\t\t\t<div class=\"elementor-element elementor-element-57006ac elementor-widget elementor-widget-text-editor\" data-id=\"57006ac\" data-element_type=\"widget\" data-widget_type=\"text-editor.default\">\n\t\t\t\t<div class=\"elementor-widget-container\">\n\t\t\t\t\t\t\t\t\t<p>ALTRES EDITORS<\/p>\t\t\t\t\t\t\t\t<\/div>\n\t\t\t\t<\/div>\n\t\t\t\t<div class=\"elementor-element elementor-element-ce3ae63 ee-grid-columns-6 ee-grid-columns-tablet-2 ee-grid-columns-mobile-1 elementor-widget elementor-widget-posts-extra\" data-id=\"ce3ae63\" data-element_type=\"widget\" data-settings=\"{&quot;columns&quot;:&quot;6&quot;,&quot;classic_layout&quot;:&quot;masonry&quot;,&quot;classic_grid_columns_spacing&quot;:{&quot;unit&quot;:&quot;px&quot;,&quot;size&quot;:&quot;12&quot;,&quot;sizes&quot;:[]},&quot;columns_tablet&quot;:&quot;2&quot;,&quot;columns_mobile&quot;:&quot;1&quot;,&quot;classic_grid_columns_spacing_tablet&quot;:{&quot;unit&quot;:&quot;px&quot;,&quot;size&quot;:12,&quot;sizes&quot;:[]},&quot;classic_grid_columns_spacing_mobile&quot;:{&quot;unit&quot;:&quot;px&quot;,&quot;size&quot;:0,&quot;sizes&quot;:[]}}\" data-widget_type=\"posts-extra.classic\">\n\t\t\t\t<div class=\"elementor-widget-container\">\n\t\t\t\t\t<div class=\"ee-grid ee-loop ee-grid--masonry\"><div class=\"ee-grid__item--sizer\"><\/div><div class=\"ee-grid__item ee-loop__item\"><article class=\"ee-post post-25258 editor type-editor status-publish format-standard has-post-thumbnail hentry\"><div class=\"ee-post__body ee-post__area\"><a href=\"https:\/\/artslibris.cat\/ca\/editor\/exit-publicaciones\/\" class=\"ee-post__title\">\n\t\t\t<h2 class=\"ee-post__title__heading\">Exit Publicaciones<\/h2>\n\t\t<\/a><\/div><!-- .ee-post__body --><\/article><!-- .ee-post --><\/div><!-- .ee-loop__item --><div class=\"ee-grid__item ee-loop__item\"><article class=\"ee-post post-20399 editor type-editor status-publish format-standard has-post-thumbnail hentry tag-cabeza-de-chorlito-ca\"><div class=\"ee-post__body ee-post__area\"><a href=\"https:\/\/artslibris.cat\/ca\/editor\/cabeza-de-chorlito\/\" class=\"ee-post__title\">\n\t\t\t<h2 class=\"ee-post__title__heading\">Cabeza de Chorlito<\/h2>\n\t\t<\/a><\/div><!-- .ee-post__body --><\/article><!-- .ee-post --><\/div><!-- .ee-loop__item --><div class=\"ee-grid__item ee-loop__item\"><article class=\"ee-post post-19279 editor type-editor status-publish format-standard has-post-thumbnail hentry tag-casus-belli-ediciones\"><div class=\"ee-post__body ee-post__area\"><a href=\"https:\/\/artslibris.cat\/ca\/editor\/casus-belli-ediciones\/\" class=\"ee-post__title\">\n\t\t\t<h2 class=\"ee-post__title__heading\">Casus Belli Ediciones<\/h2>\n\t\t<\/a><\/div><!-- .ee-post__body --><\/article><!-- .ee-post --><\/div><!-- .ee-loop__item --><div class=\"ee-grid__item ee-loop__item\"><article class=\"ee-post post-19245 editor type-editor status-publish format-standard has-post-thumbnail hentry tag-mousse-publishing\"><div class=\"ee-post__body ee-post__area\"><a href=\"https:\/\/artslibris.cat\/ca\/editor\/mousse-publishing\/\" class=\"ee-post__title\">\n\t\t\t<h2 class=\"ee-post__title__heading\">Mousse Publishing<\/h2>\n\t\t<\/a><\/div><!-- .ee-post__body --><\/article><!-- .ee-post --><\/div><!-- .ee-loop__item --><div class=\"ee-grid__item ee-loop__item\"><article class=\"ee-post post-19207 editor type-editor status-publish format-standard has-post-thumbnail hentry tag-editorial-elvira\"><div class=\"ee-post__body ee-post__area\"><a href=\"https:\/\/artslibris.cat\/ca\/editor\/editorial-elvira\/\" class=\"ee-post__title\">\n\t\t\t<h2 class=\"ee-post__title__heading\">Editorial Elvira<\/h2>\n\t\t<\/a><\/div><!-- .ee-post__body --><\/article><!-- .ee-post --><\/div><!-- .ee-loop__item --><div class=\"ee-grid__item ee-loop__item\"><article class=\"ee-post post-17530 editor type-editor status-publish format-standard has-post-thumbnail hentry tag-urucum\"><div class=\"ee-post__body ee-post__area\"><a href=\"https:\/\/artslibris.cat\/ca\/editor\/save-as-publication\/\" class=\"ee-post__title\">\n\t\t\t<h2 class=\"ee-post__title__heading\">Ojos de Buey<\/h2>\n\t\t<\/a><\/div><!-- .ee-post__body --><\/article><!-- .ee-post --><\/div><!-- .ee-loop__item --><div class=\"ee-grid__item ee-loop__item\"><article class=\"ee-post post-17263 editor type-editor status-publish format-standard has-post-thumbnail hentry tag-urucum\"><div class=\"ee-post__body ee-post__area\"><a href=\"https:\/\/artslibris.cat\/ca\/editor\/ferranelotro-2\/\" class=\"ee-post__title\">\n\t\t\t<h2 class=\"ee-post__title__heading\">Save As&#8230; Publication<\/h2>\n\t\t<\/a><\/div><!-- .ee-post__body --><\/article><!-- .ee-post --><\/div><!-- .ee-loop__item --><div class=\"ee-grid__item ee-loop__item\"><article class=\"ee-post post-17004 editor type-editor status-publish format-standard has-post-thumbnail hentry tag-urucum-3\"><div class=\"ee-post__body ee-post__area\"><a href=\"https:\/\/artslibris.cat\/ca\/editor\/ferranelotro\/\" class=\"ee-post__title\">\n\t\t\t<h2 class=\"ee-post__title__heading\">FerranElOtro<\/h2>\n\t\t<\/a><\/div><!-- .ee-post__body --><\/article><!-- .ee-post --><\/div><!-- .ee-loop__item --><div class=\"ee-grid__item ee-loop__item\"><article class=\"ee-post post-14919 editor type-editor status-publish format-standard has-post-thumbnail hentry tag-urucum-3\"><div class=\"ee-post__body ee-post__area\"><a href=\"https:\/\/artslibris.cat\/ca\/editor\/editorial-urucum\/\" class=\"ee-post__title\">\n\t\t\t<h2 class=\"ee-post__title__heading\">Urucum<\/h2>\n\t\t<\/a><\/div><!-- .ee-post__body --><\/article><!-- .ee-post --><\/div><!-- .ee-loop__item --><div class=\"ee-grid__item ee-loop__item\"><article class=\"ee-post post-14053 editor type-editor status-publish format-standard has-post-thumbnail hentry\"><div class=\"ee-post__body ee-post__area\"><a href=\"https:\/\/artslibris.cat\/ca\/editor\/thyssen-bornemisza-art-contemporary\/\" class=\"ee-post__title\">\n\t\t\t<h2 class=\"ee-post__title__heading\">Thyssen-Bornemisza Art Contemporary<\/h2>\n\t\t<\/a><\/div><!-- .ee-post__body --><\/article><!-- .ee-post --><\/div><!-- .ee-loop__item --><div class=\"ee-grid__item ee-loop__item\"><article class=\"ee-post post-12735 editor type-editor status-publish format-standard has-post-thumbnail hentry\"><div class=\"ee-post__body ee-post__area\"><a href=\"https:\/\/artslibris.cat\/ca\/editor\/turner\/\" class=\"ee-post__title\">\n\t\t\t<h2 class=\"ee-post__title__heading\">Turner<\/h2>\n\t\t<\/a><\/div><!-- .ee-post__body --><\/article><!-- .ee-post --><\/div><!-- .ee-loop__item --><div class=\"ee-grid__item ee-loop__item\"><article class=\"ee-post post-12624 editor type-editor status-publish format-standard has-post-thumbnail hentry\"><div class=\"ee-post__body ee-post__area\"><a href=\"https:\/\/artslibris.cat\/ca\/editor\/temblores-ediciones\/\" class=\"ee-post__title\">\n\t\t\t<h2 class=\"ee-post__title__heading\">Temblores Ediciones<\/h2>\n\t\t<\/a><\/div><!-- .ee-post__body --><\/article><!-- .ee-post --><\/div><!-- .ee-loop__item --><div class=\"ee-grid__item ee-loop__item\"><article class=\"ee-post post-11916 editor type-editor status-publish format-standard has-post-thumbnail hentry\"><div class=\"ee-post__body ee-post__area\"><a href=\"https:\/\/artslibris.cat\/ca\/editor\/ediciones-anomalas\/\" class=\"ee-post__title\">\n\t\t\t<h2 class=\"ee-post__title__heading\">Ediciones An\u00f3malas<\/h2>\n\t\t<\/a><\/div><!-- .ee-post__body --><\/article><!-- .ee-post --><\/div><!-- .ee-loop__item --><div class=\"ee-grid__item ee-loop__item\"><article class=\"ee-post post-11682 editor type-editor status-publish format-standard has-post-thumbnail hentry\"><div class=\"ee-post__body ee-post__area\"><a href=\"https:\/\/artslibris.cat\/ca\/editor\/ghost-editions\/\" class=\"ee-post__title\">\n\t\t\t<h2 class=\"ee-post__title__heading\">Ghost Editions<\/h2>\n\t\t<\/a><\/div><!-- .ee-post__body --><\/article><!-- .ee-post --><\/div><!-- .ee-loop__item --><div class=\"ee-grid__item ee-loop__item\"><article class=\"ee-post post-11455 editor type-editor status-publish format-standard has-post-thumbnail hentry\"><div class=\"ee-post__body ee-post__area\"><a href=\"https:\/\/artslibris.cat\/ca\/editor\/bom-dia-books\/\" class=\"ee-post__title\">\n\t\t\t<h2 class=\"ee-post__title__heading\">Bom Dia Books<\/h2>\n\t\t<\/a><\/div><!-- .ee-post__body --><\/article><!-- .ee-post --><\/div><!-- .ee-loop__item --><div class=\"ee-grid__item ee-loop__item\"><article class=\"ee-post post-11154 editor type-editor status-publish format-standard has-post-thumbnail hentry\"><div class=\"ee-post__body ee-post__area\"><a href=\"https:\/\/artslibris.cat\/ca\/editor\/la-bahia\/\" class=\"ee-post__title\">\n\t\t\t<h2 class=\"ee-post__title__heading\">La Bah\u00eda<\/h2>\n\t\t<\/a><\/div><!-- .ee-post__body --><\/article><!-- .ee-post --><\/div><!-- .ee-loop__item --><div class=\"ee-grid__item ee-loop__item\"><article class=\"ee-post post-11036 editor type-editor status-publish format-standard has-post-thumbnail hentry\"><div class=\"ee-post__body ee-post__area\"><a href=\"https:\/\/artslibris.cat\/ca\/editor\/la-oficina-2\/\" class=\"ee-post__title\">\n\t\t\t<h2 class=\"ee-post__title__heading\">Nocapaper<\/h2>\n\t\t<\/a><\/div><!-- .ee-post__body --><\/article><!-- .ee-post --><\/div><!-- .ee-loop__item --><div class=\"ee-grid__item ee-loop__item\"><article class=\"ee-post post-10854 editor type-editor status-publish format-standard has-post-thumbnail hentry\"><div class=\"ee-post__body ee-post__area\"><a href=\"https:\/\/artslibris.cat\/ca\/editor\/la-oficina\/\" class=\"ee-post__title\">\n\t\t\t<h2 class=\"ee-post__title__heading\">La Oficina<\/h2>\n\t\t<\/a><\/div><!-- .ee-post__body --><\/article><!-- .ee-post --><\/div><!-- .ee-loop__item --><div class=\"ee-grid__item ee-loop__item\"><article class=\"ee-post post-10780 editor type-editor status-publish format-standard has-post-thumbnail hentry\"><div class=\"ee-post__body ee-post__area\"><a href=\"https:\/\/artslibris.cat\/ca\/editor\/caniche\/\" class=\"ee-post__title\">\n\t\t\t<h2 class=\"ee-post__title__heading\">Caniche<\/h2>\n\t\t<\/a><\/div><!-- .ee-post__body --><\/article><!-- .ee-post --><\/div><!-- .ee-loop__item --><div class=\"ee-grid__item ee-loop__item\"><article class=\"ee-post post-10634 editor type-editor status-publish format-standard has-post-thumbnail hentry\"><div class=\"ee-post__body ee-post__area\"><a href=\"https:\/\/artslibris.cat\/ca\/editor\/consonni\/\" class=\"ee-post__title\">\n\t\t\t<h2 class=\"ee-post__title__heading\">Consonni<\/h2>\n\t\t<\/a><\/div><!-- .ee-post__body --><\/article><!-- .ee-post --><\/div><!-- .ee-loop__item --><div class=\"ee-grid__item ee-loop__item\"><article class=\"ee-post post-10306 editor type-editor status-publish format-standard has-post-thumbnail hentry\"><div class=\"ee-post__body ee-post__area\"><a href=\"https:\/\/artslibris.cat\/ca\/editor\/galeria-horizon\/\" class=\"ee-post__title\">\n\t\t\t<h2 class=\"ee-post__title__heading\">Galer\u00eda Horizon<\/h2>\n\t\t<\/a><\/div><!-- .ee-post__body --><\/article><!-- .ee-post --><\/div><!-- .ee-loop__item --><div class=\"ee-grid__item ee-loop__item\"><article class=\"ee-post post-10088 editor type-editor status-publish format-standard has-post-thumbnail hentry\"><div class=\"ee-post__body ee-post__area\"><a href=\"https:\/\/artslibris.cat\/ca\/editor\/lapislatzuli-editorial\/\" class=\"ee-post__title\">\n\t\t\t<h2 class=\"ee-post__title__heading\">Lapisl\u00e0tzuli Editorial<\/h2>\n\t\t<\/a><\/div><!-- .ee-post__body --><\/article><!-- .ee-post --><\/div><!-- .ee-loop__item --><div class=\"ee-grid__item ee-loop__item\"><article class=\"ee-post post-9809 editor type-editor status-publish format-standard has-post-thumbnail hentry\"><div class=\"ee-post__body ee-post__area\"><a href=\"https:\/\/artslibris.cat\/ca\/editor\/macba\/\" class=\"ee-post__title\">\n\t\t\t<h2 class=\"ee-post__title__heading\">MACBA<\/h2>\n\t\t<\/a><\/div><!-- .ee-post__body --><\/article><!-- .ee-post --><\/div><!-- .ee-loop__item --><div class=\"ee-grid__item ee-loop__item\"><article class=\"ee-post post-9465 editor type-editor status-publish format-standard has-post-thumbnail hentry\"><div class=\"ee-post__body ee-post__area\"><a href=\"https:\/\/artslibris.cat\/ca\/editor\/proyecto-ronda\/\" class=\"ee-post__title\">\n\t\t\t<h2 class=\"ee-post__title__heading\">Proyecto Ronda<\/h2>\n\t\t<\/a><\/div><!-- .ee-post__body --><\/article><!-- .ee-post --><\/div><!-- .ee-loop__item --><\/div><!-- .ee-loop -->\t\t\t\t<\/div>\n\t\t\t\t<\/div>\n\t\t\t\t\t<\/div>\n\t\t<\/div>\n\t\t\t\t\t<\/div>\n\t\t<\/section>\n\t\t\t\t<\/div>\n\t\t","protected":false},"excerpt":{"rendered":"<p>Fundada en 2002 per Francesca Thyssen-Bornemisza a Viena, Thyssen-Bornemisza Art Contemporary (TBA21) representa la quarta generaci\u00f3 del comprom\u00eds de la fam\u00edlia Thyssen amb les arts. La col\u00b7lecci\u00f3 TBA21 \u00e9s el resultat del comprom\u00eds continu de la fundaci\u00f3 d&#8217;encarregar i difondre projectes art\u00edstics multidisciplinaris que desafien la categoritzaci\u00f3 tradicional, incloent instal\u00b7lacions a gran escala, composicions sonores, [&hellip;]<\/p>\n","protected":false},"author":2,"featured_media":14066,"menu_order":47,"comment_status":"closed","ping_status":"closed","template":"elementor_header_footer","format":"standard","meta":{"_acf_changed":false,"site-sidebar-layout":"no-sidebar","site-content-layout":"page-builder","ast-site-content-layout":"default","site-content-style":"default","site-sidebar-style":"default","ast-global-header-display":"","ast-banner-title-visibility":"","ast-main-header-display":"","ast-hfb-above-header-display":"","ast-hfb-below-header-display":"","ast-hfb-mobile-header-display":"","site-post-title":"disabled","ast-breadcrumbs-content":"","ast-featured-img":"disabled","footer-sml-layout":"","ast-disable-related-posts":"","theme-transparent-header-meta":"default","adv-header-id-meta":"","stick-header-meta":"","header-above-stick-meta":"","header-main-stick-meta":"","header-below-stick-meta":"","astra-migrate-meta-layouts":"default","ast-page-background-enabled":"default","ast-page-background-meta":{"desktop":{"background-color":"","background-image":"","background-repeat":"repeat","background-position":"center center","background-size":"auto","background-attachment":"scroll","background-type":"","background-media":"","overlay-type":"","overlay-color":"","overlay-opacity":"","overlay-gradient":""},"tablet":{"background-color":"","background-image":"","background-repeat":"repeat","background-position":"center center","background-size":"auto","background-attachment":"scroll","background-type":"","background-media":"","overlay-type":"","overlay-color":"","overlay-opacity":"","overlay-gradient":""},"mobile":{"background-color":"","background-image":"","background-repeat":"repeat","background-position":"center center","background-size":"auto","background-attachment":"scroll","background-type":"","background-media":"","overlay-type":"","overlay-color":"","overlay-opacity":"","overlay-gradient":""}},"ast-content-background-meta":{"desktop":{"background-color":"var(--ast-global-color-5)","background-image":"","background-repeat":"repeat","background-position":"center center","background-size":"auto","background-attachment":"scroll","background-type":"","background-media":"","overlay-type":"","overlay-color":"","overlay-opacity":"","overlay-gradient":""},"tablet":{"background-color":"var(--ast-global-color-5)","background-image":"","background-repeat":"repeat","background-position":"center center","background-size":"auto","background-attachment":"scroll","background-type":"","background-media":"","overlay-type":"","overlay-color":"","overlay-opacity":"","overlay-gradient":""},"mobile":{"background-color":"var(--ast-global-color-5)","background-image":"","background-repeat":"repeat","background-position":"center center","background-size":"auto","background-attachment":"scroll","background-type":"","background-media":"","overlay-type":"","overlay-color":"","overlay-opacity":"","overlay-gradient":""}},"footnotes":""},"categories":[],"tags":[],"class_list":["post-14053","editor","type-editor","status-publish","format-standard","has-post-thumbnail","hentry"],"acf":[],"yoast_head":"<!-- This site is optimized with the Yoast SEO plugin v27.3 - https:\/\/yoast.com\/product\/yoast-seo-wordpress\/ -->\n<title>Thyssen-Bornemisza Art Contemporary - ArtsLibris<\/title>\n<meta name=\"robots\" content=\"index, follow, max-snippet:-1, max-image-preview:large, max-video-preview:-1\" \/>\n<link rel=\"canonical\" href=\"https:\/\/artslibris.cat\/ca\/editor\/thyssen-bornemisza-art-contemporary\/\" \/>\n<meta property=\"og:locale\" content=\"ca_ES\" \/>\n<meta property=\"og:type\" content=\"article\" \/>\n<meta property=\"og:title\" content=\"Thyssen-Bornemisza Art Contemporary - ArtsLibris\" \/>\n<meta property=\"og:description\" content=\"Fundada en 2002 per Francesca Thyssen-Bornemisza a Viena, Thyssen-Bornemisza Art Contemporary (TBA21) representa la quarta generaci\u00f3 del comprom\u00eds de la fam\u00edlia Thyssen amb les arts. La col\u00b7lecci\u00f3 TBA21 \u00e9s el resultat del comprom\u00eds continu de la fundaci\u00f3 d&#8217;encarregar i difondre projectes art\u00edstics multidisciplinaris que desafien la categoritzaci\u00f3 tradicional, incloent instal\u00b7lacions a gran escala, composicions sonores, [&hellip;]\" \/>\n<meta property=\"og:url\" content=\"https:\/\/artslibris.cat\/ca\/editor\/thyssen-bornemisza-art-contemporary\/\" \/>\n<meta property=\"og:site_name\" content=\"ArtsLibris\" \/>\n<meta property=\"article:publisher\" content=\"https:\/\/www.facebook.com\/artslibris\/\" \/>\n<meta property=\"article:modified_time\" content=\"2021-09-08T17:25:26+00:00\" \/>\n<meta property=\"og:image\" content=\"https:\/\/artslibris.cat\/wp-content\/uploads\/2021\/09\/Thyssen_logo_01-1.jpg\" \/>\n\t<meta property=\"og:image:width\" content=\"1080\" \/>\n\t<meta property=\"og:image:height\" content=\"785\" \/>\n\t<meta property=\"og:image:type\" content=\"image\/jpeg\" \/>\n<meta name=\"twitter:card\" content=\"summary_large_image\" \/>\n<meta name=\"twitter:site\" content=\"@ArtsLibris\" \/>\n<meta name=\"twitter:label1\" content=\"Temps estimat de lectura\" \/>\n\t<meta name=\"twitter:data1\" content=\"4 minuts\" \/>\n<script type=\"application\/ld+json\" class=\"yoast-schema-graph\">{\"@context\":\"https:\\\/\\\/schema.org\",\"@graph\":[{\"@type\":\"WebPage\",\"@id\":\"https:\\\/\\\/artslibris.cat\\\/ca\\\/editor\\\/thyssen-bornemisza-art-contemporary\\\/\",\"url\":\"https:\\\/\\\/artslibris.cat\\\/ca\\\/editor\\\/thyssen-bornemisza-art-contemporary\\\/\",\"name\":\"Thyssen-Bornemisza Art Contemporary - ArtsLibris\",\"isPartOf\":{\"@id\":\"https:\\\/\\\/artslibris.cat\\\/ca\\\/#website\"},\"primaryImageOfPage\":{\"@id\":\"https:\\\/\\\/artslibris.cat\\\/ca\\\/editor\\\/thyssen-bornemisza-art-contemporary\\\/#primaryimage\"},\"image\":{\"@id\":\"https:\\\/\\\/artslibris.cat\\\/ca\\\/editor\\\/thyssen-bornemisza-art-contemporary\\\/#primaryimage\"},\"thumbnailUrl\":\"https:\\\/\\\/artslibris.cat\\\/wp-content\\\/uploads\\\/2021\\\/09\\\/Thyssen_logo_01-1.jpg\",\"datePublished\":\"2021-09-08T16:13:30+00:00\",\"dateModified\":\"2021-09-08T17:25:26+00:00\",\"breadcrumb\":{\"@id\":\"https:\\\/\\\/artslibris.cat\\\/ca\\\/editor\\\/thyssen-bornemisza-art-contemporary\\\/#breadcrumb\"},\"inLanguage\":\"ca\",\"potentialAction\":[{\"@type\":\"ReadAction\",\"target\":[\"https:\\\/\\\/artslibris.cat\\\/ca\\\/editor\\\/thyssen-bornemisza-art-contemporary\\\/\"]}]},{\"@type\":\"ImageObject\",\"inLanguage\":\"ca\",\"@id\":\"https:\\\/\\\/artslibris.cat\\\/ca\\\/editor\\\/thyssen-bornemisza-art-contemporary\\\/#primaryimage\",\"url\":\"https:\\\/\\\/artslibris.cat\\\/wp-content\\\/uploads\\\/2021\\\/09\\\/Thyssen_logo_01-1.jpg\",\"contentUrl\":\"https:\\\/\\\/artslibris.cat\\\/wp-content\\\/uploads\\\/2021\\\/09\\\/Thyssen_logo_01-1.jpg\",\"width\":1080,\"height\":785},{\"@type\":\"BreadcrumbList\",\"@id\":\"https:\\\/\\\/artslibris.cat\\\/ca\\\/editor\\\/thyssen-bornemisza-art-contemporary\\\/#breadcrumb\",\"itemListElement\":[{\"@type\":\"ListItem\",\"position\":1,\"name\":\"Portada\",\"item\":\"https:\\\/\\\/artslibris.cat\\\/ca\\\/\"},{\"@type\":\"ListItem\",\"position\":2,\"name\":\"Thyssen-Bornemisza Art Contemporary\"}]},{\"@type\":\"WebSite\",\"@id\":\"https:\\\/\\\/artslibris.cat\\\/ca\\\/#website\",\"url\":\"https:\\\/\\\/artslibris.cat\\\/ca\\\/\",\"name\":\"ArtsLibris\",\"description\":\"\",\"publisher\":{\"@id\":\"https:\\\/\\\/artslibris.cat\\\/ca\\\/#organization\"},\"potentialAction\":[{\"@type\":\"SearchAction\",\"target\":{\"@type\":\"EntryPoint\",\"urlTemplate\":\"https:\\\/\\\/artslibris.cat\\\/ca\\\/?s={search_term_string}\"},\"query-input\":{\"@type\":\"PropertyValueSpecification\",\"valueRequired\":true,\"valueName\":\"search_term_string\"}}],\"inLanguage\":\"ca\"},{\"@type\":\"Organization\",\"@id\":\"https:\\\/\\\/artslibris.cat\\\/ca\\\/#organization\",\"name\":\"ArtsLibris\",\"url\":\"https:\\\/\\\/artslibris.cat\\\/ca\\\/\",\"logo\":{\"@type\":\"ImageObject\",\"inLanguage\":\"ca\",\"@id\":\"https:\\\/\\\/artslibris.cat\\\/ca\\\/#\\\/schema\\\/logo\\\/image\\\/\",\"url\":\"https:\\\/\\\/artslibris.cat\\\/wp-content\\\/uploads\\\/2020\\\/05\\\/ArtsLibris-logo-black.svg\",\"contentUrl\":\"https:\\\/\\\/artslibris.cat\\\/wp-content\\\/uploads\\\/2020\\\/05\\\/ArtsLibris-logo-black.svg\",\"width\":521,\"height\":85,\"caption\":\"ArtsLibris\"},\"image\":{\"@id\":\"https:\\\/\\\/artslibris.cat\\\/ca\\\/#\\\/schema\\\/logo\\\/image\\\/\"},\"sameAs\":[\"https:\\\/\\\/www.facebook.com\\\/artslibris\\\/\",\"https:\\\/\\\/x.com\\\/ArtsLibris\",\"https:\\\/\\\/www.instagram.com\\\/artslibris\\\/\"]}]}<\/script>\n<!-- \/ Yoast SEO plugin. -->","yoast_head_json":{"title":"Thyssen-Bornemisza Art Contemporary - ArtsLibris","robots":{"index":"index","follow":"follow","max-snippet":"max-snippet:-1","max-image-preview":"max-image-preview:large","max-video-preview":"max-video-preview:-1"},"canonical":"https:\/\/artslibris.cat\/ca\/editor\/thyssen-bornemisza-art-contemporary\/","og_locale":"ca_ES","og_type":"article","og_title":"Thyssen-Bornemisza Art Contemporary - ArtsLibris","og_description":"Fundada en 2002 per Francesca Thyssen-Bornemisza a Viena, Thyssen-Bornemisza Art Contemporary (TBA21) representa la quarta generaci\u00f3 del comprom\u00eds de la fam\u00edlia Thyssen amb les arts. La col\u00b7lecci\u00f3 TBA21 \u00e9s el resultat del comprom\u00eds continu de la fundaci\u00f3 d&#8217;encarregar i difondre projectes art\u00edstics multidisciplinaris que desafien la categoritzaci\u00f3 tradicional, incloent instal\u00b7lacions a gran escala, composicions sonores, [&hellip;]","og_url":"https:\/\/artslibris.cat\/ca\/editor\/thyssen-bornemisza-art-contemporary\/","og_site_name":"ArtsLibris","article_publisher":"https:\/\/www.facebook.com\/artslibris\/","article_modified_time":"2021-09-08T17:25:26+00:00","og_image":[{"width":1080,"height":785,"url":"https:\/\/artslibris.cat\/wp-content\/uploads\/2021\/09\/Thyssen_logo_01-1.jpg","type":"image\/jpeg"}],"twitter_card":"summary_large_image","twitter_site":"@ArtsLibris","twitter_misc":{"Temps estimat de lectura":"4 minuts"},"schema":{"@context":"https:\/\/schema.org","@graph":[{"@type":"WebPage","@id":"https:\/\/artslibris.cat\/ca\/editor\/thyssen-bornemisza-art-contemporary\/","url":"https:\/\/artslibris.cat\/ca\/editor\/thyssen-bornemisza-art-contemporary\/","name":"Thyssen-Bornemisza Art Contemporary - ArtsLibris","isPartOf":{"@id":"https:\/\/artslibris.cat\/ca\/#website"},"primaryImageOfPage":{"@id":"https:\/\/artslibris.cat\/ca\/editor\/thyssen-bornemisza-art-contemporary\/#primaryimage"},"image":{"@id":"https:\/\/artslibris.cat\/ca\/editor\/thyssen-bornemisza-art-contemporary\/#primaryimage"},"thumbnailUrl":"https:\/\/artslibris.cat\/wp-content\/uploads\/2021\/09\/Thyssen_logo_01-1.jpg","datePublished":"2021-09-08T16:13:30+00:00","dateModified":"2021-09-08T17:25:26+00:00","breadcrumb":{"@id":"https:\/\/artslibris.cat\/ca\/editor\/thyssen-bornemisza-art-contemporary\/#breadcrumb"},"inLanguage":"ca","potentialAction":[{"@type":"ReadAction","target":["https:\/\/artslibris.cat\/ca\/editor\/thyssen-bornemisza-art-contemporary\/"]}]},{"@type":"ImageObject","inLanguage":"ca","@id":"https:\/\/artslibris.cat\/ca\/editor\/thyssen-bornemisza-art-contemporary\/#primaryimage","url":"https:\/\/artslibris.cat\/wp-content\/uploads\/2021\/09\/Thyssen_logo_01-1.jpg","contentUrl":"https:\/\/artslibris.cat\/wp-content\/uploads\/2021\/09\/Thyssen_logo_01-1.jpg","width":1080,"height":785},{"@type":"BreadcrumbList","@id":"https:\/\/artslibris.cat\/ca\/editor\/thyssen-bornemisza-art-contemporary\/#breadcrumb","itemListElement":[{"@type":"ListItem","position":1,"name":"Portada","item":"https:\/\/artslibris.cat\/ca\/"},{"@type":"ListItem","position":2,"name":"Thyssen-Bornemisza Art Contemporary"}]},{"@type":"WebSite","@id":"https:\/\/artslibris.cat\/ca\/#website","url":"https:\/\/artslibris.cat\/ca\/","name":"ArtsLibris","description":"","publisher":{"@id":"https:\/\/artslibris.cat\/ca\/#organization"},"potentialAction":[{"@type":"SearchAction","target":{"@type":"EntryPoint","urlTemplate":"https:\/\/artslibris.cat\/ca\/?s={search_term_string}"},"query-input":{"@type":"PropertyValueSpecification","valueRequired":true,"valueName":"search_term_string"}}],"inLanguage":"ca"},{"@type":"Organization","@id":"https:\/\/artslibris.cat\/ca\/#organization","name":"ArtsLibris","url":"https:\/\/artslibris.cat\/ca\/","logo":{"@type":"ImageObject","inLanguage":"ca","@id":"https:\/\/artslibris.cat\/ca\/#\/schema\/logo\/image\/","url":"https:\/\/artslibris.cat\/wp-content\/uploads\/2020\/05\/ArtsLibris-logo-black.svg","contentUrl":"https:\/\/artslibris.cat\/wp-content\/uploads\/2020\/05\/ArtsLibris-logo-black.svg","width":521,"height":85,"caption":"ArtsLibris"},"image":{"@id":"https:\/\/artslibris.cat\/ca\/#\/schema\/logo\/image\/"},"sameAs":["https:\/\/www.facebook.com\/artslibris\/","https:\/\/x.com\/ArtsLibris","https:\/\/www.instagram.com\/artslibris\/"]}]}},"_links":{"self":[{"href":"https:\/\/artslibris.cat\/ca\/wp-json\/wp\/v2\/editor\/14053","targetHints":{"allow":["GET"]}}],"collection":[{"href":"https:\/\/artslibris.cat\/ca\/wp-json\/wp\/v2\/editor"}],"about":[{"href":"https:\/\/artslibris.cat\/ca\/wp-json\/wp\/v2\/types\/editor"}],"author":[{"embeddable":true,"href":"https:\/\/artslibris.cat\/ca\/wp-json\/wp\/v2\/users\/2"}],"replies":[{"embeddable":true,"href":"https:\/\/artslibris.cat\/ca\/wp-json\/wp\/v2\/comments?post=14053"}],"version-history":[{"count":0,"href":"https:\/\/artslibris.cat\/ca\/wp-json\/wp\/v2\/editor\/14053\/revisions"}],"wp:featuredmedia":[{"embeddable":true,"href":"https:\/\/artslibris.cat\/ca\/wp-json\/wp\/v2\/media\/14066"}],"wp:attachment":[{"href":"https:\/\/artslibris.cat\/ca\/wp-json\/wp\/v2\/media?parent=14053"}],"wp:term":[{"taxonomy":"category","embeddable":true,"href":"https:\/\/artslibris.cat\/ca\/wp-json\/wp\/v2\/categories?post=14053"},{"taxonomy":"post_tag","embeddable":true,"href":"https:\/\/artslibris.cat\/ca\/wp-json\/wp\/v2\/tags?post=14053"}],"curies":[{"name":"wp","href":"https:\/\/api.w.org\/{rel}","templated":true}]}}